{"id":974,"date":"2020-12-23T17:00:45","date_gmt":"2020-12-23T16:00:45","guid":{"rendered":"https:\/\/www.casavivagarda.com\/camere-ecosostenibili\/stanza-torretta\/"},"modified":"2022-07-28T16:44:13","modified_gmt":"2022-07-28T14:44:13","slug":"zimmer-la-torretta","status":"publish","type":"portfolio","link":"https:\/\/www.casavivagarda.com\/de\/naturzimmer\/zimmer-la-torretta\/","title":{"rendered":"La Torretta"},"content":{"rendered":"\n<div class=\"wp-block-jetpack-layout-grid column1-desktop-grid__span-5 column1-desktop-grid__row-1 column2-desktop-grid__span-5 column2-desktop-grid__start-7 column2-desktop-grid__row-1 column1-tablet-grid__span-4 column1-tablet-grid__row-1 column2-tablet-grid__span-4 column2-tablet-grid__start-5 column2-tablet-grid__row-1 column1-mobile-grid__span-4 column1-mobile-grid__row-1 column2-mobile-grid__span-4 column2-mobile-grid__row-2 wp-block-jetpack-layout-gutter__nowrap wp-block-jetpack-layout-gutter__medium\">\n<div class=\"wp-block-jetpack-layout-grid-column wp-block-jetpack-layout-grid__padding-none\">\n<figure class=\"wp-block-image size-verticale\"><img loading=\"lazy\" decoding=\"async\" width=\"1400\" height=\"933\" src=\"https:\/\/www.casavivagarda.com\/wp-content\/uploads\/2020\/12\/casa-viva-garda-stanza-torretta-terrazza.jpg\" alt=\"Casa Viva a Garda, Terrazza della Stanza Torretta\" class=\"wp-image-879\" srcset=\"https:\/\/www.casavivagarda.com\/wp-content\/uploads\/2020\/12\/casa-viva-garda-stanza-torretta-terrazza.jpg 1400w, https:\/\/www.casavivagarda.com\/wp-content\/uploads\/2020\/12\/casa-viva-garda-stanza-torretta-terrazza-300x200.jpg 300w, https:\/\/www.casavivagarda.com\/wp-content\/uploads\/2020\/12\/casa-viva-garda-stanza-torretta-terrazza-1024x682.jpg 1024w, https:\/\/www.casavivagarda.com\/wp-content\/uploads\/2020\/12\/casa-viva-garda-stanza-torretta-terrazza-768x512.jpg 768w, https:\/\/www.casavivagarda.com\/wp-content\/uploads\/2020\/12\/casa-viva-garda-stanza-torretta-terrazza-700x466.jpg 700w\" sizes=\"auto, (max-width: 1400px) 100vw, 1400px\" \/><\/figure>\n<\/div>\n\n\n\n<div class=\"wp-block-jetpack-layout-grid-column wp-block-jetpack-layout-grid__padding-none\">\n<h2 class=\"wp-block-heading\">Privaten Holzturm<\/h2>\n\n\n\n<p>Das Zimmer hat einen direkten Zugang zu einer privaten Terrasse auf einem kleinen Holzturm. Von dort aus genie\u00dft man einen herrlichen Ausblick auf den majest\u00e4tischen Monte Baldo.<br>Dort kann man auch das Sedum, das unsere D\u00e4cher begr\u00fcnt, n\u00e4her betrachten. Sedum ist ein Dickblattgew\u00e4chs, das in zahlreichen Farben schillert. Es kann als \u201eLunge\u201c bezeichnet werden, da es, wie auch Stroh, die Luft filtert und f\u00fcr ein k\u00fchles und gesundes Raumklima sorgt.<\/p>\n<\/div>\n<\/div>\n\n\n\n<div class=\"wp-block-jetpack-layout-grid column1-desktop-grid__span-8 column1-desktop-grid__start-3 column1-desktop-grid__row-1 column1-tablet-grid__span-8 column1-tablet-grid__row-1 column1-mobile-grid__span-4 column1-mobile-grid__row-1\">\n<div class=\"wp-block-jetpack-layout-grid-column wp-block-jetpack-layout-grid__padding-none\">\n<p>Im hinteren Bereich des Zimmers, neben dem gro\u00dfen Fenster, das aus alten Fensterrahmen liebevoll restauriert wurde und den Blick auf den sch\u00f6nen Garten im Westen freigibt, befindet sich das \u201cFenster der Wahrheit\u201d: dort zeigen wir dir die Baumaterialien, mit denen wir Casa Viva errichtet haben: die Strohkonstruktion, die horizontal verlaufenden Rohrmatten sowie den speziellen Putz.<\/p>\n<\/div>\n<\/div>\n\n\n\n<p><\/p>\n","protected":false},"excerpt":{"rendered":"<p>Privaten Holzturm Das Zimmer hat einen direkten Zugang zu einer privaten Terrasse auf einem kleinen Holzturm. Von dort aus genie\u00dft man einen herrlichen Ausblick auf den majest\u00e4tischen Monte Baldo.Dort kann man auch das Sedum, das unsere D\u00e4cher begr\u00fcnt, n\u00e4her betrachten. Sedum ist ein Dickblattgew\u00e4chs, das in zahlreichen Farben schillert. Es kann als \u201eLunge\u201c bezeichnet werden,&hellip;<\/p>\n","protected":false},"author":1,"featured_media":6633,"comment_status":"open","ping_status":"closed","template":"","meta":{"_acf_changed":false,"inline_featured_image":false,"footnotes":""},"portfolio_category":[],"portfolio_tag":[],"class_list":["post-974","portfolio","type-portfolio","status-publish","has-post-thumbnail","hentry"],"acf":[],"yoast_head":"<!-- This site is optimized with the Yoast SEO plugin v28.2 - https:\/\/yoast.com\/product\/yoast-seo-wordpress\/ -->\n<title>Zimmer La Torretta \u2022 Nachhaltiger Urlaub am Gardasee \u2022 Casa Viva Garda<\/title>\n<meta name=\"description\" content=\"\u201cLa Torretta\u201d ist ein Zimmer mit 20 m\u00b2, f\u00fcr 4 Personen, mit 2 Betten, privatem Badezimmer und Panoramaterrasse. Nachhaltiger Urlaub am Gardasee.\" \/>\n<meta name=\"robots\" content=\"index, follow, max-snippet:-1, max-image-preview:large, max-video-preview:-1\" \/>\n<link rel=\"canonical\" href=\"https:\/\/www.casavivagarda.com\/de\/naturzimmer\/zimmer-la-torretta\/\" \/>\n<meta property=\"og:locale\" content=\"de_DE\" \/>\n<meta property=\"og:type\" content=\"article\" \/>\n<meta property=\"og:title\" content=\"Zimmer La Torretta \u2022 Nachhaltiger Urlaub am Gardasee \u2022 Casa Viva Garda\" \/>\n<meta property=\"og:description\" content=\"\u201cLa Torretta\u201d ist ein Zimmer mit 20 m\u00b2, f\u00fcr 4 Personen, mit 2 Betten, privatem Badezimmer und Panoramaterrasse. Nachhaltiger Urlaub am Gardasee.\" \/>\n<meta property=\"og:url\" content=\"https:\/\/www.casavivagarda.com\/de\/naturzimmer\/zimmer-la-torretta\/\" \/>\n<meta property=\"og:site_name\" content=\"Casa Viva\" \/>\n<meta property=\"article:modified_time\" content=\"2022-07-28T14:44:13+00:00\" \/>\n<meta property=\"og:image\" content=\"https:\/\/www.casavivagarda.com\/wp-content\/uploads\/2020\/12\/casa-viva-stanza-torretta-patio-esterno.jpg\" \/>\n\t<meta property=\"og:image:width\" content=\"1400\" \/>\n\t<meta property=\"og:image:height\" content=\"933\" \/>\n\t<meta property=\"og:image:type\" content=\"image\/jpeg\" \/>\n<meta name=\"twitter:card\" content=\"summary_large_image\" \/>\n<meta name=\"twitter:label1\" content=\"Gesch\u00e4tzte Lesezeit\" \/>\n\t<meta name=\"twitter:data1\" content=\"1\u00a0Minute\" \/>\n<script type=\"application\/ld+json\" class=\"yoast-schema-graph\">{\"@context\":\"https:\\\/\\\/schema.org\",\"@graph\":[{\"@type\":\"WebPage\",\"@id\":\"https:\\\/\\\/www.casavivagarda.com\\\/de\\\/naturzimmer\\\/zimmer-la-torretta\\\/\",\"url\":\"https:\\\/\\\/www.casavivagarda.com\\\/de\\\/naturzimmer\\\/zimmer-la-torretta\\\/\",\"name\":\"Zimmer La Torretta \u2022 Nachhaltiger Urlaub am Gardasee \u2022 Casa Viva Garda\",\"isPartOf\":{\"@id\":\"https:\\\/\\\/www.casavivagarda.com\\\/de\\\/#website\"},\"primaryImageOfPage\":{\"@id\":\"https:\\\/\\\/www.casavivagarda.com\\\/de\\\/naturzimmer\\\/zimmer-la-torretta\\\/#primaryimage\"},\"image\":{\"@id\":\"https:\\\/\\\/www.casavivagarda.com\\\/de\\\/naturzimmer\\\/zimmer-la-torretta\\\/#primaryimage\"},\"thumbnailUrl\":\"https:\\\/\\\/www.casavivagarda.com\\\/wp-content\\\/uploads\\\/2020\\\/12\\\/torretta-stanza-letto-vacanza-eco-garda.jpg\",\"datePublished\":\"2020-12-23T16:00:45+00:00\",\"dateModified\":\"2022-07-28T14:44:13+00:00\",\"description\":\"\u201cLa Torretta\u201d ist ein Zimmer mit 20 m\u00b2, f\u00fcr 4 Personen, mit 2 Betten, privatem Badezimmer und Panoramaterrasse. Nachhaltiger Urlaub am Gardasee.\",\"breadcrumb\":{\"@id\":\"https:\\\/\\\/www.casavivagarda.com\\\/de\\\/naturzimmer\\\/zimmer-la-torretta\\\/#breadcrumb\"},\"inLanguage\":\"de\",\"potentialAction\":[{\"@type\":\"ReadAction\",\"target\":[\"https:\\\/\\\/www.casavivagarda.com\\\/de\\\/naturzimmer\\\/zimmer-la-torretta\\\/\"]}]},{\"@type\":\"ImageObject\",\"inLanguage\":\"de\",\"@id\":\"https:\\\/\\\/www.casavivagarda.com\\\/de\\\/naturzimmer\\\/zimmer-la-torretta\\\/#primaryimage\",\"url\":\"https:\\\/\\\/www.casavivagarda.com\\\/wp-content\\\/uploads\\\/2020\\\/12\\\/torretta-stanza-letto-vacanza-eco-garda.jpg\",\"contentUrl\":\"https:\\\/\\\/www.casavivagarda.com\\\/wp-content\\\/uploads\\\/2020\\\/12\\\/torretta-stanza-letto-vacanza-eco-garda.jpg\",\"width\":1600,\"height\":1067,\"caption\":\"Torretta Stanza da Letto per la vacanza Eco a Garda\"},{\"@type\":\"BreadcrumbList\",\"@id\":\"https:\\\/\\\/www.casavivagarda.com\\\/de\\\/naturzimmer\\\/zimmer-la-torretta\\\/#breadcrumb\",\"itemListElement\":[{\"@type\":\"ListItem\",\"position\":1,\"name\":\"Home\",\"item\":\"https:\\\/\\\/www.casavivagarda.com\\\/de\\\/\"},{\"@type\":\"ListItem\",\"position\":2,\"name\":\"naturzimmer\",\"item\":\"https:\\\/\\\/www.casavivagarda.com\\\/de\\\/zimmer-okoferien-gardasee\\\/\"},{\"@type\":\"ListItem\",\"position\":3,\"name\":\"La Torretta\"}]},{\"@type\":\"WebSite\",\"@id\":\"https:\\\/\\\/www.casavivagarda.com\\\/de\\\/#website\",\"url\":\"https:\\\/\\\/www.casavivagarda.com\\\/de\\\/\",\"name\":\"Casa Viva\",\"description\":\"eco sleep \u2022 bio pool\",\"potentialAction\":[{\"@type\":\"SearchAction\",\"target\":{\"@type\":\"EntryPoint\",\"urlTemplate\":\"https:\\\/\\\/www.casavivagarda.com\\\/de\\\/?s={search_term_string}\"},\"query-input\":{\"@type\":\"PropertyValueSpecification\",\"valueRequired\":true,\"valueName\":\"search_term_string\"}}],\"inLanguage\":\"de\"}]}<\/script>\n<!-- \/ Yoast SEO plugin. -->","yoast_head_json":{"title":"Zimmer La Torretta \u2022 Nachhaltiger Urlaub am Gardasee \u2022 Casa Viva Garda","description":"\u201cLa Torretta\u201d ist ein Zimmer mit 20 m\u00b2, f\u00fcr 4 Personen, mit 2 Betten, privatem Badezimmer und Panoramaterrasse. Nachhaltiger Urlaub am Gardasee.","robots":{"index":"index","follow":"follow","max-snippet":"max-snippet:-1","max-image-preview":"max-image-preview:large","max-video-preview":"max-video-preview:-1"},"canonical":"https:\/\/www.casavivagarda.com\/de\/naturzimmer\/zimmer-la-torretta\/","og_locale":"de_DE","og_type":"article","og_title":"Zimmer La Torretta \u2022 Nachhaltiger Urlaub am Gardasee \u2022 Casa Viva Garda","og_description":"\u201cLa Torretta\u201d ist ein Zimmer mit 20 m\u00b2, f\u00fcr 4 Personen, mit 2 Betten, privatem Badezimmer und Panoramaterrasse. Nachhaltiger Urlaub am Gardasee.","og_url":"https:\/\/www.casavivagarda.com\/de\/naturzimmer\/zimmer-la-torretta\/","og_site_name":"Casa Viva","article_modified_time":"2022-07-28T14:44:13+00:00","og_image":[{"width":1400,"height":933,"url":"https:\/\/www.casavivagarda.com\/wp-content\/uploads\/2020\/12\/casa-viva-stanza-torretta-patio-esterno.jpg","type":"image\/jpeg"}],"twitter_card":"summary_large_image","twitter_misc":{"Gesch\u00e4tzte Lesezeit":"1\u00a0Minute"},"schema":{"@context":"https:\/\/schema.org","@graph":[{"@type":"WebPage","@id":"https:\/\/www.casavivagarda.com\/de\/naturzimmer\/zimmer-la-torretta\/","url":"https:\/\/www.casavivagarda.com\/de\/naturzimmer\/zimmer-la-torretta\/","name":"Zimmer La Torretta \u2022 Nachhaltiger Urlaub am Gardasee \u2022 Casa Viva Garda","isPartOf":{"@id":"https:\/\/www.casavivagarda.com\/de\/#website"},"primaryImageOfPage":{"@id":"https:\/\/www.casavivagarda.com\/de\/naturzimmer\/zimmer-la-torretta\/#primaryimage"},"image":{"@id":"https:\/\/www.casavivagarda.com\/de\/naturzimmer\/zimmer-la-torretta\/#primaryimage"},"thumbnailUrl":"https:\/\/www.casavivagarda.com\/wp-content\/uploads\/2020\/12\/torretta-stanza-letto-vacanza-eco-garda.jpg","datePublished":"2020-12-23T16:00:45+00:00","dateModified":"2022-07-28T14:44:13+00:00","description":"\u201cLa Torretta\u201d ist ein Zimmer mit 20 m\u00b2, f\u00fcr 4 Personen, mit 2 Betten, privatem Badezimmer und Panoramaterrasse. Nachhaltiger Urlaub am Gardasee.","breadcrumb":{"@id":"https:\/\/www.casavivagarda.com\/de\/naturzimmer\/zimmer-la-torretta\/#breadcrumb"},"inLanguage":"de","potentialAction":[{"@type":"ReadAction","target":["https:\/\/www.casavivagarda.com\/de\/naturzimmer\/zimmer-la-torretta\/"]}]},{"@type":"ImageObject","inLanguage":"de","@id":"https:\/\/www.casavivagarda.com\/de\/naturzimmer\/zimmer-la-torretta\/#primaryimage","url":"https:\/\/www.casavivagarda.com\/wp-content\/uploads\/2020\/12\/torretta-stanza-letto-vacanza-eco-garda.jpg","contentUrl":"https:\/\/www.casavivagarda.com\/wp-content\/uploads\/2020\/12\/torretta-stanza-letto-vacanza-eco-garda.jpg","width":1600,"height":1067,"caption":"Torretta Stanza da Letto per la vacanza Eco a Garda"},{"@type":"BreadcrumbList","@id":"https:\/\/www.casavivagarda.com\/de\/naturzimmer\/zimmer-la-torretta\/#breadcrumb","itemListElement":[{"@type":"ListItem","position":1,"name":"Home","item":"https:\/\/www.casavivagarda.com\/de\/"},{"@type":"ListItem","position":2,"name":"naturzimmer","item":"https:\/\/www.casavivagarda.com\/de\/zimmer-okoferien-gardasee\/"},{"@type":"ListItem","position":3,"name":"La Torretta"}]},{"@type":"WebSite","@id":"https:\/\/www.casavivagarda.com\/de\/#website","url":"https:\/\/www.casavivagarda.com\/de\/","name":"Casa Viva","description":"eco sleep \u2022 bio pool","potentialAction":[{"@type":"SearchAction","target":{"@type":"EntryPoint","urlTemplate":"https:\/\/www.casavivagarda.com\/de\/?s={search_term_string}"},"query-input":{"@type":"PropertyValueSpecification","valueRequired":true,"valueName":"search_term_string"}}],"inLanguage":"de"}]}},"_links":{"self":[{"href":"https:\/\/www.casavivagarda.com\/de\/wp-json\/wp\/v2\/portfolio\/974","targetHints":{"allow":["GET"]}}],"collection":[{"href":"https:\/\/www.casavivagarda.com\/de\/wp-json\/wp\/v2\/portfolio"}],"about":[{"href":"https:\/\/www.casavivagarda.com\/de\/wp-json\/wp\/v2\/types\/portfolio"}],"author":[{"embeddable":true,"href":"https:\/\/www.casavivagarda.com\/de\/wp-json\/wp\/v2\/users\/1"}],"replies":[{"embeddable":true,"href":"https:\/\/www.casavivagarda.com\/de\/wp-json\/wp\/v2\/comments?post=974"}],"version-history":[{"count":0,"href":"https:\/\/www.casavivagarda.com\/de\/wp-json\/wp\/v2\/portfolio\/974\/revisions"}],"wp:featuredmedia":[{"embeddable":true,"href":"https:\/\/www.casavivagarda.com\/de\/wp-json\/wp\/v2\/media\/6633"}],"wp:attachment":[{"href":"https:\/\/www.casavivagarda.com\/de\/wp-json\/wp\/v2\/media?parent=974"}],"wp:term":[{"taxonomy":"portfolio_category","embeddable":true,"href":"https:\/\/www.casavivagarda.com\/de\/wp-json\/wp\/v2\/portfolio_category?post=974"},{"taxonomy":"portfolio_tag","embeddable":true,"href":"https:\/\/www.casavivagarda.com\/de\/wp-json\/wp\/v2\/portfolio_tag?post=974"}],"curies":[{"name":"wp","href":"https:\/\/api.w.org\/{rel}","templated":true}]}}