{"id":967,"date":"2020-12-23T17:10:49","date_gmt":"2020-12-23T16:10:49","guid":{"rendered":"https:\/\/www.casavivagarda.com\/camere-ecosostenibili\/bosco\/"},"modified":"2022-07-28T16:50:39","modified_gmt":"2022-07-28T14:50:39","slug":"zimmer-il-bosco","status":"publish","type":"portfolio","link":"https:\/\/www.casavivagarda.com\/de\/naturzimmer\/zimmer-il-bosco\/","title":{"rendered":"Il Bosco"},"content":{"rendered":"\n<div class=\"wp-block-jetpack-layout-grid column1-desktop-grid__span-5 column1-desktop-grid__row-1 column2-desktop-grid__span-5 column2-desktop-grid__start-7 column2-desktop-grid__row-1 column1-tablet-grid__span-4 column1-tablet-grid__row-1 column2-tablet-grid__span-4 column2-tablet-grid__start-5 column2-tablet-grid__row-1 column1-mobile-grid__span-4 column1-mobile-grid__row-1 column2-mobile-grid__span-4 column2-mobile-grid__row-2 wp-block-jetpack-layout-gutter__nowrap wp-block-jetpack-layout-gutter__medium\">\n<div class=\"wp-block-jetpack-layout-grid-column wp-block-jetpack-layout-grid__padding-none\">\n<figure class=\"wp-block-image size-full\"><img loading=\"lazy\" decoding=\"async\" width=\"801\" height=\"1128\" src=\"https:\/\/www.casavivagarda.com\/wp-content\/uploads\/2022\/07\/eco-zimmer-bosco-casa-viva-garda.jpeg\" alt=\"\" class=\"wp-image-3203\" srcset=\"https:\/\/www.casavivagarda.com\/wp-content\/uploads\/2022\/07\/eco-zimmer-bosco-casa-viva-garda.jpeg 801w, https:\/\/www.casavivagarda.com\/wp-content\/uploads\/2022\/07\/eco-zimmer-bosco-casa-viva-garda-213x300.jpeg 213w, https:\/\/www.casavivagarda.com\/wp-content\/uploads\/2022\/07\/eco-zimmer-bosco-casa-viva-garda-727x1024.jpeg 727w, https:\/\/www.casavivagarda.com\/wp-content\/uploads\/2022\/07\/eco-zimmer-bosco-casa-viva-garda-768x1082.jpeg 768w\" sizes=\"auto, (max-width: 801px) 100vw, 801px\" \/><\/figure>\n<\/div>\n\n\n\n<div class=\"wp-block-jetpack-layout-grid-column wp-block-jetpack-layout-grid__padding-none\">\n<h2 class=\"wp-block-heading\">Bay window<\/h2>\n\n\n\n<p>Das Zimmer ist, besonders am Nachmittag, dank drei gro\u00dfer Fenster im <em>bay window-<\/em>Stil und einer Terrassent\u00fcr, sehr hell.<\/p>\n\n\n\n<p>Dieses Zimmer hat den Eingang auf der Westseite Richtung Wald und eignet sich besonders f\u00fcr all jene, die Privatsph\u00e4re lieben.<\/p>\n<\/div>\n<\/div>\n\n\n\n<div class=\"wp-block-jetpack-layout-grid column1-desktop-grid__span-8 column1-desktop-grid__start-3 column1-desktop-grid__row-1 column1-tablet-grid__span-8 column1-tablet-grid__row-1 column1-mobile-grid__span-4 column1-mobile-grid__row-1\">\n<div class=\"wp-block-jetpack-layout-grid-column wp-block-jetpack-layout-grid__padding-none\">\n<p>Neben dem gro\u00dfen Fenster im Eingangsbereich, das aus alten Fensterrahmen liebevoll restauriert wurde und den Blick auf den sch\u00f6nen Garten freigibt, befindet sich das \u201cFenster der Wahrheit\u201d: dort zeigen wir dir die Baumaterialien, mit denen wir Casa Viva errichtet haben: die Strohkonstruktion, die horizontal verlaufenden Rohrmatten sowie den speziellen Putz.<\/p>\n\n\n\n<p>Die frische Luft und die beruhigenden Farben des Olivenhains verleihen ein unmittelbares Gef\u00fchl von Wohlbefinden und Entspannung.<\/p>\n<\/div>\n<\/div>\n","protected":false},"excerpt":{"rendered":"<p>Bay window Das Zimmer ist, besonders am Nachmittag, dank drei gro\u00dfer Fenster im bay window-Stil und einer Terrassent\u00fcr, sehr hell. Dieses Zimmer hat den Eingang auf der Westseite Richtung Wald und eignet sich besonders f\u00fcr all jene, die Privatsph\u00e4re lieben. Neben dem gro\u00dfen Fenster im Eingangsbereich, das aus alten Fensterrahmen liebevoll restauriert wurde und den&hellip;<\/p>\n","protected":false},"author":1,"featured_media":6656,"comment_status":"open","ping_status":"closed","template":"","meta":{"_acf_changed":false,"inline_featured_image":false,"footnotes":""},"portfolio_category":[],"portfolio_tag":[],"class_list":["post-967","portfolio","type-portfolio","status-publish","has-post-thumbnail","hentry"],"acf":[],"yoast_head":"<!-- This site is optimized with the Yoast SEO plugin v28.2 - https:\/\/yoast.com\/product\/yoast-seo-wordpress\/ -->\n<title>Zimmer Il Bosco \u2022 Nachhaltiger Urlaub am Gardasee \u2022 Casa Viva Garda<\/title>\n<meta name=\"description\" content=\"\u201cIl Bosco\u201d ist ein Zimmer mit 20 m\u00b2, f\u00fcr 4 Personen, mit 2 Betten, privatem Badezimmer und Panoramaterrasse. Nachhaltiger Urlaub am Gardasee.\" \/>\n<meta name=\"robots\" content=\"index, follow, max-snippet:-1, max-image-preview:large, max-video-preview:-1\" \/>\n<link rel=\"canonical\" href=\"https:\/\/www.casavivagarda.com\/de\/naturzimmer\/zimmer-il-bosco\/\" \/>\n<meta property=\"og:locale\" content=\"de_DE\" \/>\n<meta property=\"og:type\" content=\"article\" \/>\n<meta property=\"og:title\" content=\"Zimmer Il Bosco \u2022 Nachhaltiger Urlaub am Gardasee \u2022 Casa Viva Garda\" \/>\n<meta property=\"og:description\" content=\"\u201cIl Bosco\u201d ist ein Zimmer mit 20 m\u00b2, f\u00fcr 4 Personen, mit 2 Betten, privatem Badezimmer und Panoramaterrasse. Nachhaltiger Urlaub am Gardasee.\" \/>\n<meta property=\"og:url\" content=\"https:\/\/www.casavivagarda.com\/de\/naturzimmer\/zimmer-il-bosco\/\" \/>\n<meta property=\"og:site_name\" content=\"Casa Viva\" \/>\n<meta property=\"article:modified_time\" content=\"2022-07-28T14:50:39+00:00\" \/>\n<meta property=\"og:image\" content=\"https:\/\/www.casavivagarda.com\/wp-content\/uploads\/2020\/12\/casa-viva-stanza-bosco-patio-esterno.jpg\" \/>\n\t<meta property=\"og:image:width\" content=\"1400\" \/>\n\t<meta property=\"og:image:height\" content=\"933\" \/>\n\t<meta property=\"og:image:type\" content=\"image\/jpeg\" \/>\n<meta name=\"twitter:card\" content=\"summary_large_image\" \/>\n<meta name=\"twitter:label1\" content=\"Gesch\u00e4tzte Lesezeit\" \/>\n\t<meta name=\"twitter:data1\" content=\"1\u00a0Minute\" \/>\n<script type=\"application\/ld+json\" class=\"yoast-schema-graph\">{\"@context\":\"https:\\\/\\\/schema.org\",\"@graph\":[{\"@type\":\"WebPage\",\"@id\":\"https:\\\/\\\/www.casavivagarda.com\\\/de\\\/naturzimmer\\\/zimmer-il-bosco\\\/\",\"url\":\"https:\\\/\\\/www.casavivagarda.com\\\/de\\\/naturzimmer\\\/zimmer-il-bosco\\\/\",\"name\":\"Zimmer Il Bosco \u2022 Nachhaltiger Urlaub am Gardasee \u2022 Casa Viva Garda\",\"isPartOf\":{\"@id\":\"https:\\\/\\\/www.casavivagarda.com\\\/de\\\/#website\"},\"primaryImageOfPage\":{\"@id\":\"https:\\\/\\\/www.casavivagarda.com\\\/de\\\/naturzimmer\\\/zimmer-il-bosco\\\/#primaryimage\"},\"image\":{\"@id\":\"https:\\\/\\\/www.casavivagarda.com\\\/de\\\/naturzimmer\\\/zimmer-il-bosco\\\/#primaryimage\"},\"thumbnailUrl\":\"https:\\\/\\\/www.casavivagarda.com\\\/wp-content\\\/uploads\\\/2020\\\/12\\\/terrace-room-eco-holiday-garda.jpg\",\"datePublished\":\"2020-12-23T16:10:49+00:00\",\"dateModified\":\"2022-07-28T14:50:39+00:00\",\"description\":\"\u201cIl Bosco\u201d ist ein Zimmer mit 20 m\u00b2, f\u00fcr 4 Personen, mit 2 Betten, privatem Badezimmer und Panoramaterrasse. Nachhaltiger Urlaub am Gardasee.\",\"breadcrumb\":{\"@id\":\"https:\\\/\\\/www.casavivagarda.com\\\/de\\\/naturzimmer\\\/zimmer-il-bosco\\\/#breadcrumb\"},\"inLanguage\":\"de\",\"potentialAction\":[{\"@type\":\"ReadAction\",\"target\":[\"https:\\\/\\\/www.casavivagarda.com\\\/de\\\/naturzimmer\\\/zimmer-il-bosco\\\/\"]}]},{\"@type\":\"ImageObject\",\"inLanguage\":\"de\",\"@id\":\"https:\\\/\\\/www.casavivagarda.com\\\/de\\\/naturzimmer\\\/zimmer-il-bosco\\\/#primaryimage\",\"url\":\"https:\\\/\\\/www.casavivagarda.com\\\/wp-content\\\/uploads\\\/2020\\\/12\\\/terrace-room-eco-holiday-garda.jpg\",\"contentUrl\":\"https:\\\/\\\/www.casavivagarda.com\\\/wp-content\\\/uploads\\\/2020\\\/12\\\/terrace-room-eco-holiday-garda.jpg\",\"width\":1600,\"height\":1067,\"caption\":\"Terrazza della stanza Bosco a Garda\"},{\"@type\":\"BreadcrumbList\",\"@id\":\"https:\\\/\\\/www.casavivagarda.com\\\/de\\\/naturzimmer\\\/zimmer-il-bosco\\\/#breadcrumb\",\"itemListElement\":[{\"@type\":\"ListItem\",\"position\":1,\"name\":\"Home\",\"item\":\"https:\\\/\\\/www.casavivagarda.com\\\/de\\\/\"},{\"@type\":\"ListItem\",\"position\":2,\"name\":\"naturzimmer\",\"item\":\"https:\\\/\\\/www.casavivagarda.com\\\/de\\\/zimmer-okoferien-gardasee\\\/\"},{\"@type\":\"ListItem\",\"position\":3,\"name\":\"Il Bosco\"}]},{\"@type\":\"WebSite\",\"@id\":\"https:\\\/\\\/www.casavivagarda.com\\\/de\\\/#website\",\"url\":\"https:\\\/\\\/www.casavivagarda.com\\\/de\\\/\",\"name\":\"Casa Viva\",\"description\":\"eco sleep \u2022 bio pool\",\"potentialAction\":[{\"@type\":\"SearchAction\",\"target\":{\"@type\":\"EntryPoint\",\"urlTemplate\":\"https:\\\/\\\/www.casavivagarda.com\\\/de\\\/?s={search_term_string}\"},\"query-input\":{\"@type\":\"PropertyValueSpecification\",\"valueRequired\":true,\"valueName\":\"search_term_string\"}}],\"inLanguage\":\"de\"}]}<\/script>\n<!-- \/ Yoast SEO plugin. -->","yoast_head_json":{"title":"Zimmer Il Bosco \u2022 Nachhaltiger Urlaub am Gardasee \u2022 Casa Viva Garda","description":"\u201cIl Bosco\u201d ist ein Zimmer mit 20 m\u00b2, f\u00fcr 4 Personen, mit 2 Betten, privatem Badezimmer und Panoramaterrasse. Nachhaltiger Urlaub am Gardasee.","robots":{"index":"index","follow":"follow","max-snippet":"max-snippet:-1","max-image-preview":"max-image-preview:large","max-video-preview":"max-video-preview:-1"},"canonical":"https:\/\/www.casavivagarda.com\/de\/naturzimmer\/zimmer-il-bosco\/","og_locale":"de_DE","og_type":"article","og_title":"Zimmer Il Bosco \u2022 Nachhaltiger Urlaub am Gardasee \u2022 Casa Viva Garda","og_description":"\u201cIl Bosco\u201d ist ein Zimmer mit 20 m\u00b2, f\u00fcr 4 Personen, mit 2 Betten, privatem Badezimmer und Panoramaterrasse. Nachhaltiger Urlaub am Gardasee.","og_url":"https:\/\/www.casavivagarda.com\/de\/naturzimmer\/zimmer-il-bosco\/","og_site_name":"Casa Viva","article_modified_time":"2022-07-28T14:50:39+00:00","og_image":[{"width":1400,"height":933,"url":"https:\/\/www.casavivagarda.com\/wp-content\/uploads\/2020\/12\/casa-viva-stanza-bosco-patio-esterno.jpg","type":"image\/jpeg"}],"twitter_card":"summary_large_image","twitter_misc":{"Gesch\u00e4tzte Lesezeit":"1\u00a0Minute"},"schema":{"@context":"https:\/\/schema.org","@graph":[{"@type":"WebPage","@id":"https:\/\/www.casavivagarda.com\/de\/naturzimmer\/zimmer-il-bosco\/","url":"https:\/\/www.casavivagarda.com\/de\/naturzimmer\/zimmer-il-bosco\/","name":"Zimmer Il Bosco \u2022 Nachhaltiger Urlaub am Gardasee \u2022 Casa Viva Garda","isPartOf":{"@id":"https:\/\/www.casavivagarda.com\/de\/#website"},"primaryImageOfPage":{"@id":"https:\/\/www.casavivagarda.com\/de\/naturzimmer\/zimmer-il-bosco\/#primaryimage"},"image":{"@id":"https:\/\/www.casavivagarda.com\/de\/naturzimmer\/zimmer-il-bosco\/#primaryimage"},"thumbnailUrl":"https:\/\/www.casavivagarda.com\/wp-content\/uploads\/2020\/12\/terrace-room-eco-holiday-garda.jpg","datePublished":"2020-12-23T16:10:49+00:00","dateModified":"2022-07-28T14:50:39+00:00","description":"\u201cIl Bosco\u201d ist ein Zimmer mit 20 m\u00b2, f\u00fcr 4 Personen, mit 2 Betten, privatem Badezimmer und Panoramaterrasse. Nachhaltiger Urlaub am Gardasee.","breadcrumb":{"@id":"https:\/\/www.casavivagarda.com\/de\/naturzimmer\/zimmer-il-bosco\/#breadcrumb"},"inLanguage":"de","potentialAction":[{"@type":"ReadAction","target":["https:\/\/www.casavivagarda.com\/de\/naturzimmer\/zimmer-il-bosco\/"]}]},{"@type":"ImageObject","inLanguage":"de","@id":"https:\/\/www.casavivagarda.com\/de\/naturzimmer\/zimmer-il-bosco\/#primaryimage","url":"https:\/\/www.casavivagarda.com\/wp-content\/uploads\/2020\/12\/terrace-room-eco-holiday-garda.jpg","contentUrl":"https:\/\/www.casavivagarda.com\/wp-content\/uploads\/2020\/12\/terrace-room-eco-holiday-garda.jpg","width":1600,"height":1067,"caption":"Terrazza della stanza Bosco a Garda"},{"@type":"BreadcrumbList","@id":"https:\/\/www.casavivagarda.com\/de\/naturzimmer\/zimmer-il-bosco\/#breadcrumb","itemListElement":[{"@type":"ListItem","position":1,"name":"Home","item":"https:\/\/www.casavivagarda.com\/de\/"},{"@type":"ListItem","position":2,"name":"naturzimmer","item":"https:\/\/www.casavivagarda.com\/de\/zimmer-okoferien-gardasee\/"},{"@type":"ListItem","position":3,"name":"Il Bosco"}]},{"@type":"WebSite","@id":"https:\/\/www.casavivagarda.com\/de\/#website","url":"https:\/\/www.casavivagarda.com\/de\/","name":"Casa Viva","description":"eco sleep \u2022 bio pool","potentialAction":[{"@type":"SearchAction","target":{"@type":"EntryPoint","urlTemplate":"https:\/\/www.casavivagarda.com\/de\/?s={search_term_string}"},"query-input":{"@type":"PropertyValueSpecification","valueRequired":true,"valueName":"search_term_string"}}],"inLanguage":"de"}]}},"_links":{"self":[{"href":"https:\/\/www.casavivagarda.com\/de\/wp-json\/wp\/v2\/portfolio\/967","targetHints":{"allow":["GET"]}}],"collection":[{"href":"https:\/\/www.casavivagarda.com\/de\/wp-json\/wp\/v2\/portfolio"}],"about":[{"href":"https:\/\/www.casavivagarda.com\/de\/wp-json\/wp\/v2\/types\/portfolio"}],"author":[{"embeddable":true,"href":"https:\/\/www.casavivagarda.com\/de\/wp-json\/wp\/v2\/users\/1"}],"replies":[{"embeddable":true,"href":"https:\/\/www.casavivagarda.com\/de\/wp-json\/wp\/v2\/comments?post=967"}],"version-history":[{"count":0,"href":"https:\/\/www.casavivagarda.com\/de\/wp-json\/wp\/v2\/portfolio\/967\/revisions"}],"wp:featuredmedia":[{"embeddable":true,"href":"https:\/\/www.casavivagarda.com\/de\/wp-json\/wp\/v2\/media\/6656"}],"wp:attachment":[{"href":"https:\/\/www.casavivagarda.com\/de\/wp-json\/wp\/v2\/media?parent=967"}],"wp:term":[{"taxonomy":"portfolio_category","embeddable":true,"href":"https:\/\/www.casavivagarda.com\/de\/wp-json\/wp\/v2\/portfolio_category?post=967"},{"taxonomy":"portfolio_tag","embeddable":true,"href":"https:\/\/www.casavivagarda.com\/de\/wp-json\/wp\/v2\/portfolio_tag?post=967"}],"curies":[{"name":"wp","href":"https:\/\/api.w.org\/{rel}","templated":true}]}}