{"id":965,"date":"2020-12-23T17:12:50","date_gmt":"2020-12-23T16:12:50","guid":{"rendered":"https:\/\/www.casavivagarda.com\/camere-ecosostenibili\/paulonia\/"},"modified":"2022-07-29T13:28:02","modified_gmt":"2022-07-29T11:28:02","slug":"zimmer-il-frassino","status":"publish","type":"portfolio","link":"https:\/\/www.casavivagarda.com\/de\/naturzimmer\/zimmer-il-frassino\/","title":{"rendered":"Il Frassino"},"content":{"rendered":"\n<div class=\"wp-block-jetpack-layout-grid column1-desktop-grid__span-5 column1-desktop-grid__row-1 column2-desktop-grid__span-5 column2-desktop-grid__start-7 column2-desktop-grid__row-1 column1-tablet-grid__span-4 column1-tablet-grid__row-1 column2-tablet-grid__span-4 column2-tablet-grid__start-5 column2-tablet-grid__row-1 column1-mobile-grid__span-4 column1-mobile-grid__row-1 column2-mobile-grid__span-4 column2-mobile-grid__row-2 wp-block-jetpack-layout-gutter__nowrap wp-block-jetpack-layout-gutter__medium\">\n<div class=\"wp-block-jetpack-layout-grid-column wp-block-jetpack-layout-grid__padding-none\">\n<figure class=\"wp-block-image size-full\"><img loading=\"lazy\" decoding=\"async\" width=\"801\" height=\"1129\" src=\"https:\/\/www.casavivagarda.com\/wp-content\/uploads\/2020\/12\/eco-zimmer-frassino-casa-viva-garda.jpeg\" alt=\"Eco Camera il Frassino a Casa Viva, Garda\" class=\"wp-image-3226\" srcset=\"https:\/\/www.casavivagarda.com\/wp-content\/uploads\/2020\/12\/eco-zimmer-frassino-casa-viva-garda.jpeg 801w, https:\/\/www.casavivagarda.com\/wp-content\/uploads\/2020\/12\/eco-zimmer-frassino-casa-viva-garda-213x300.jpeg 213w, https:\/\/www.casavivagarda.com\/wp-content\/uploads\/2020\/12\/eco-zimmer-frassino-casa-viva-garda-727x1024.jpeg 727w, https:\/\/www.casavivagarda.com\/wp-content\/uploads\/2020\/12\/eco-zimmer-frassino-casa-viva-garda-768x1082.jpeg 768w\" sizes=\"auto, (max-width: 801px) 100vw, 801px\" \/><\/figure>\n<\/div>\n\n\n\n<div class=\"wp-block-jetpack-layout-grid-column wp-block-jetpack-layout-grid__padding-none\">\n<h2 class=\"wp-block-heading\">Terrasse<\/h2>\n\n\n\n<p>Eine Terrassent\u00fcr f\u00fchrt zu einer gro\u00dfen, privaten Loggia, auf der man umh\u00fcllt von Ruhe und Natur, wunderbar entspannen und den Blick auf die umwerfende Kulisse des Monte Baldo genie\u00dfen kann.<\/p>\n<\/div>\n<\/div>\n\n\n\n<div class=\"wp-block-jetpack-layout-grid column1-desktop-grid__span-8 column1-desktop-grid__start-3 column1-desktop-grid__row-1 column1-tablet-grid__span-8 column1-tablet-grid__row-1 column1-mobile-grid__span-4 column1-mobile-grid__row-1\">\n<div class=\"wp-block-jetpack-layout-grid-column wp-block-jetpack-layout-grid__padding-none\">\n<p>Von der Terrasse aus sieht man das Sedum, welches unsere D\u00e4cher begr\u00fcnt. Es ist ein Dickblattgew\u00e4chs, das in zahlreichen Farben schillert und wie eine Lunge die Luft filtert und damit das Raumklima k\u00fchl und gesund h\u00e4lt.<\/p>\n\n\n\n<p>Neben der Terrassent\u00fcr, die aus alten Fensterrahmen liebevoll restauriert wurde, befindet sich das \u201cFenster der Wahrheit\u201d: dort zeigen wir dir die Baumaterialien, mit denen wir Casa Viva errichtet haben: die Strohkonstruktion, der spezielle Lehm sowie die horizontal verlaufenden Rohrmatten.<\/p>\n\n\n\n<p>Das Zimmer ist sch\u00f6n hell, besonders am Morgen. Die weichen Naturt\u00f6ne und die frische Luft schenken dir einen besonders erholsamen Schlaf.<\/p>\n<\/div>\n<\/div>\n","protected":false},"excerpt":{"rendered":"<p>Terrasse Eine Terrassent\u00fcr f\u00fchrt zu einer gro\u00dfen, privaten Loggia, auf der man umh\u00fcllt von Ruhe und Natur, wunderbar entspannen und den Blick auf die umwerfende Kulisse des Monte Baldo genie\u00dfen kann. Von der Terrasse aus sieht man das Sedum, welches unsere D\u00e4cher begr\u00fcnt. Es ist ein Dickblattgew\u00e4chs, das in zahlreichen Farben schillert und wie eine&hellip;<\/p>\n","protected":false},"author":1,"featured_media":917,"comment_status":"open","ping_status":"closed","template":"","meta":{"_acf_changed":false,"inline_featured_image":false,"footnotes":""},"portfolio_category":[],"portfolio_tag":[],"class_list":["post-965","portfolio","type-portfolio","status-publish","has-post-thumbnail","hentry"],"acf":[],"yoast_head":"<!-- This site is optimized with the Yoast SEO plugin v28.2 - https:\/\/yoast.com\/product\/yoast-seo-wordpress\/ -->\n<title>Zimmer Il Frassino \u2022 Nachhaltiger Urlaub am Gardasee \u2022 Casa Viva Garda<\/title>\n<meta name=\"description\" content=\"\u201cIl Frassino\u201d ist ein Zimmer mit 20 m\u00b2, f\u00fcr 4 Personen, mit 2 Betten, privatem Badezimmer und Loggia. Nachhaltiger Urlaub am Gardasee.\" \/>\n<meta name=\"robots\" content=\"index, follow, max-snippet:-1, max-image-preview:large, max-video-preview:-1\" \/>\n<link rel=\"canonical\" href=\"https:\/\/www.casavivagarda.com\/de\/naturzimmer\/zimmer-il-frassino\/\" \/>\n<meta property=\"og:locale\" content=\"de_DE\" \/>\n<meta property=\"og:type\" content=\"article\" \/>\n<meta property=\"og:title\" content=\"Zimmer Il Frassino \u2022 Nachhaltiger Urlaub am Gardasee \u2022 Casa Viva Garda\" \/>\n<meta property=\"og:description\" content=\"\u201cIl Frassino\u201d ist ein Zimmer mit 20 m\u00b2, f\u00fcr 4 Personen, mit 2 Betten, privatem Badezimmer und Loggia. Nachhaltiger Urlaub am Gardasee.\" \/>\n<meta property=\"og:url\" content=\"https:\/\/www.casavivagarda.com\/de\/naturzimmer\/zimmer-il-frassino\/\" \/>\n<meta property=\"og:site_name\" content=\"Casa Viva\" \/>\n<meta property=\"article:modified_time\" content=\"2022-07-29T11:28:02+00:00\" \/>\n<meta property=\"og:image\" content=\"https:\/\/www.casavivagarda.com\/wp-content\/uploads\/2020\/12\/casa-viva-stanza-paulonia-terrazza.jpg\" \/>\n\t<meta property=\"og:image:width\" content=\"1400\" \/>\n\t<meta property=\"og:image:height\" content=\"933\" \/>\n\t<meta property=\"og:image:type\" content=\"image\/jpeg\" \/>\n<meta name=\"twitter:card\" content=\"summary_large_image\" \/>\n<meta name=\"twitter:label1\" content=\"Gesch\u00e4tzte Lesezeit\" \/>\n\t<meta name=\"twitter:data1\" content=\"1\u00a0Minute\" \/>\n<script type=\"application\/ld+json\" class=\"yoast-schema-graph\">{\"@context\":\"https:\\\/\\\/schema.org\",\"@graph\":[{\"@type\":\"WebPage\",\"@id\":\"https:\\\/\\\/www.casavivagarda.com\\\/de\\\/naturzimmer\\\/zimmer-il-frassino\\\/\",\"url\":\"https:\\\/\\\/www.casavivagarda.com\\\/de\\\/naturzimmer\\\/zimmer-il-frassino\\\/\",\"name\":\"Zimmer Il Frassino \u2022 Nachhaltiger Urlaub am Gardasee \u2022 Casa Viva Garda\",\"isPartOf\":{\"@id\":\"https:\\\/\\\/www.casavivagarda.com\\\/de\\\/#website\"},\"primaryImageOfPage\":{\"@id\":\"https:\\\/\\\/www.casavivagarda.com\\\/de\\\/naturzimmer\\\/zimmer-il-frassino\\\/#primaryimage\"},\"image\":{\"@id\":\"https:\\\/\\\/www.casavivagarda.com\\\/de\\\/naturzimmer\\\/zimmer-il-frassino\\\/#primaryimage\"},\"thumbnailUrl\":\"https:\\\/\\\/www.casavivagarda.com\\\/wp-content\\\/uploads\\\/2020\\\/12\\\/casa-viva-stanza-paulonia-terrazza.jpg\",\"datePublished\":\"2020-12-23T16:12:50+00:00\",\"dateModified\":\"2022-07-29T11:28:02+00:00\",\"description\":\"\u201cIl Frassino\u201d ist ein Zimmer mit 20 m\u00b2, f\u00fcr 4 Personen, mit 2 Betten, privatem Badezimmer und Loggia. Nachhaltiger Urlaub am Gardasee.\",\"breadcrumb\":{\"@id\":\"https:\\\/\\\/www.casavivagarda.com\\\/de\\\/naturzimmer\\\/zimmer-il-frassino\\\/#breadcrumb\"},\"inLanguage\":\"de\",\"potentialAction\":[{\"@type\":\"ReadAction\",\"target\":[\"https:\\\/\\\/www.casavivagarda.com\\\/de\\\/naturzimmer\\\/zimmer-il-frassino\\\/\"]}]},{\"@type\":\"ImageObject\",\"inLanguage\":\"de\",\"@id\":\"https:\\\/\\\/www.casavivagarda.com\\\/de\\\/naturzimmer\\\/zimmer-il-frassino\\\/#primaryimage\",\"url\":\"https:\\\/\\\/www.casavivagarda.com\\\/wp-content\\\/uploads\\\/2020\\\/12\\\/casa-viva-stanza-paulonia-terrazza.jpg\",\"contentUrl\":\"https:\\\/\\\/www.casavivagarda.com\\\/wp-content\\\/uploads\\\/2020\\\/12\\\/casa-viva-stanza-paulonia-terrazza.jpg\",\"width\":1400,\"height\":933,\"caption\":\"Terrazza della Stanza Il Frassino a Garda\"},{\"@type\":\"BreadcrumbList\",\"@id\":\"https:\\\/\\\/www.casavivagarda.com\\\/de\\\/naturzimmer\\\/zimmer-il-frassino\\\/#breadcrumb\",\"itemListElement\":[{\"@type\":\"ListItem\",\"position\":1,\"name\":\"Home\",\"item\":\"https:\\\/\\\/www.casavivagarda.com\\\/de\\\/\"},{\"@type\":\"ListItem\",\"position\":2,\"name\":\"naturzimmer\",\"item\":\"https:\\\/\\\/www.casavivagarda.com\\\/de\\\/zimmer-okoferien-gardasee\\\/\"},{\"@type\":\"ListItem\",\"position\":3,\"name\":\"Il Frassino\"}]},{\"@type\":\"WebSite\",\"@id\":\"https:\\\/\\\/www.casavivagarda.com\\\/de\\\/#website\",\"url\":\"https:\\\/\\\/www.casavivagarda.com\\\/de\\\/\",\"name\":\"Casa Viva\",\"description\":\"eco sleep \u2022 bio pool\",\"potentialAction\":[{\"@type\":\"SearchAction\",\"target\":{\"@type\":\"EntryPoint\",\"urlTemplate\":\"https:\\\/\\\/www.casavivagarda.com\\\/de\\\/?s={search_term_string}\"},\"query-input\":{\"@type\":\"PropertyValueSpecification\",\"valueRequired\":true,\"valueName\":\"search_term_string\"}}],\"inLanguage\":\"de\"}]}<\/script>\n<!-- \/ Yoast SEO plugin. -->","yoast_head_json":{"title":"Zimmer Il Frassino \u2022 Nachhaltiger Urlaub am Gardasee \u2022 Casa Viva Garda","description":"\u201cIl Frassino\u201d ist ein Zimmer mit 20 m\u00b2, f\u00fcr 4 Personen, mit 2 Betten, privatem Badezimmer und Loggia. Nachhaltiger Urlaub am Gardasee.","robots":{"index":"index","follow":"follow","max-snippet":"max-snippet:-1","max-image-preview":"max-image-preview:large","max-video-preview":"max-video-preview:-1"},"canonical":"https:\/\/www.casavivagarda.com\/de\/naturzimmer\/zimmer-il-frassino\/","og_locale":"de_DE","og_type":"article","og_title":"Zimmer Il Frassino \u2022 Nachhaltiger Urlaub am Gardasee \u2022 Casa Viva Garda","og_description":"\u201cIl Frassino\u201d ist ein Zimmer mit 20 m\u00b2, f\u00fcr 4 Personen, mit 2 Betten, privatem Badezimmer und Loggia. Nachhaltiger Urlaub am Gardasee.","og_url":"https:\/\/www.casavivagarda.com\/de\/naturzimmer\/zimmer-il-frassino\/","og_site_name":"Casa Viva","article_modified_time":"2022-07-29T11:28:02+00:00","og_image":[{"width":1400,"height":933,"url":"https:\/\/www.casavivagarda.com\/wp-content\/uploads\/2020\/12\/casa-viva-stanza-paulonia-terrazza.jpg","type":"image\/jpeg"}],"twitter_card":"summary_large_image","twitter_misc":{"Gesch\u00e4tzte Lesezeit":"1\u00a0Minute"},"schema":{"@context":"https:\/\/schema.org","@graph":[{"@type":"WebPage","@id":"https:\/\/www.casavivagarda.com\/de\/naturzimmer\/zimmer-il-frassino\/","url":"https:\/\/www.casavivagarda.com\/de\/naturzimmer\/zimmer-il-frassino\/","name":"Zimmer Il Frassino \u2022 Nachhaltiger Urlaub am Gardasee \u2022 Casa Viva Garda","isPartOf":{"@id":"https:\/\/www.casavivagarda.com\/de\/#website"},"primaryImageOfPage":{"@id":"https:\/\/www.casavivagarda.com\/de\/naturzimmer\/zimmer-il-frassino\/#primaryimage"},"image":{"@id":"https:\/\/www.casavivagarda.com\/de\/naturzimmer\/zimmer-il-frassino\/#primaryimage"},"thumbnailUrl":"https:\/\/www.casavivagarda.com\/wp-content\/uploads\/2020\/12\/casa-viva-stanza-paulonia-terrazza.jpg","datePublished":"2020-12-23T16:12:50+00:00","dateModified":"2022-07-29T11:28:02+00:00","description":"\u201cIl Frassino\u201d ist ein Zimmer mit 20 m\u00b2, f\u00fcr 4 Personen, mit 2 Betten, privatem Badezimmer und Loggia. Nachhaltiger Urlaub am Gardasee.","breadcrumb":{"@id":"https:\/\/www.casavivagarda.com\/de\/naturzimmer\/zimmer-il-frassino\/#breadcrumb"},"inLanguage":"de","potentialAction":[{"@type":"ReadAction","target":["https:\/\/www.casavivagarda.com\/de\/naturzimmer\/zimmer-il-frassino\/"]}]},{"@type":"ImageObject","inLanguage":"de","@id":"https:\/\/www.casavivagarda.com\/de\/naturzimmer\/zimmer-il-frassino\/#primaryimage","url":"https:\/\/www.casavivagarda.com\/wp-content\/uploads\/2020\/12\/casa-viva-stanza-paulonia-terrazza.jpg","contentUrl":"https:\/\/www.casavivagarda.com\/wp-content\/uploads\/2020\/12\/casa-viva-stanza-paulonia-terrazza.jpg","width":1400,"height":933,"caption":"Terrazza della Stanza Il Frassino a Garda"},{"@type":"BreadcrumbList","@id":"https:\/\/www.casavivagarda.com\/de\/naturzimmer\/zimmer-il-frassino\/#breadcrumb","itemListElement":[{"@type":"ListItem","position":1,"name":"Home","item":"https:\/\/www.casavivagarda.com\/de\/"},{"@type":"ListItem","position":2,"name":"naturzimmer","item":"https:\/\/www.casavivagarda.com\/de\/zimmer-okoferien-gardasee\/"},{"@type":"ListItem","position":3,"name":"Il Frassino"}]},{"@type":"WebSite","@id":"https:\/\/www.casavivagarda.com\/de\/#website","url":"https:\/\/www.casavivagarda.com\/de\/","name":"Casa Viva","description":"eco sleep \u2022 bio pool","potentialAction":[{"@type":"SearchAction","target":{"@type":"EntryPoint","urlTemplate":"https:\/\/www.casavivagarda.com\/de\/?s={search_term_string}"},"query-input":{"@type":"PropertyValueSpecification","valueRequired":true,"valueName":"search_term_string"}}],"inLanguage":"de"}]}},"_links":{"self":[{"href":"https:\/\/www.casavivagarda.com\/de\/wp-json\/wp\/v2\/portfolio\/965","targetHints":{"allow":["GET"]}}],"collection":[{"href":"https:\/\/www.casavivagarda.com\/de\/wp-json\/wp\/v2\/portfolio"}],"about":[{"href":"https:\/\/www.casavivagarda.com\/de\/wp-json\/wp\/v2\/types\/portfolio"}],"author":[{"embeddable":true,"href":"https:\/\/www.casavivagarda.com\/de\/wp-json\/wp\/v2\/users\/1"}],"replies":[{"embeddable":true,"href":"https:\/\/www.casavivagarda.com\/de\/wp-json\/wp\/v2\/comments?post=965"}],"version-history":[{"count":2,"href":"https:\/\/www.casavivagarda.com\/de\/wp-json\/wp\/v2\/portfolio\/965\/revisions"}],"predecessor-version":[{"id":3602,"href":"https:\/\/www.casavivagarda.com\/de\/wp-json\/wp\/v2\/portfolio\/965\/revisions\/3602"}],"wp:featuredmedia":[{"embeddable":true,"href":"https:\/\/www.casavivagarda.com\/de\/wp-json\/wp\/v2\/media\/917"}],"wp:attachment":[{"href":"https:\/\/www.casavivagarda.com\/de\/wp-json\/wp\/v2\/media?parent=965"}],"wp:term":[{"taxonomy":"portfolio_category","embeddable":true,"href":"https:\/\/www.casavivagarda.com\/de\/wp-json\/wp\/v2\/portfolio_category?post=965"},{"taxonomy":"portfolio_tag","embeddable":true,"href":"https:\/\/www.casavivagarda.com\/de\/wp-json\/wp\/v2\/portfolio_tag?post=965"}],"curies":[{"name":"wp","href":"https:\/\/api.w.org\/{rel}","templated":true}]}}