{"id":962,"date":"2020-12-23T17:14:53","date_gmt":"2020-12-23T16:14:53","guid":{"rendered":"https:\/\/www.casavivagarda.com\/camere-ecosostenibili\/luliveto\/"},"modified":"2022-07-29T13:33:26","modified_gmt":"2022-07-29T11:33:26","slug":"zimmer-uliveto","status":"publish","type":"portfolio","link":"https:\/\/www.casavivagarda.com\/de\/naturzimmer\/zimmer-uliveto\/","title":{"rendered":"L&#8217;Uliveto"},"content":{"rendered":"\n<div class=\"wp-block-jetpack-layout-grid column1-desktop-grid__span-5 column1-desktop-grid__row-1 column2-desktop-grid__span-5 column2-desktop-grid__start-7 column2-desktop-grid__row-1 column1-tablet-grid__span-4 column1-tablet-grid__row-1 column2-tablet-grid__span-4 column2-tablet-grid__start-5 column2-tablet-grid__row-1 column1-mobile-grid__span-4 column1-mobile-grid__row-1 column2-mobile-grid__span-4 column2-mobile-grid__row-2 wp-block-jetpack-layout-gutter__nowrap wp-block-jetpack-layout-gutter__medium\">\n<div class=\"wp-block-jetpack-layout-grid-column wp-block-jetpack-layout-grid__padding-none\">\n<figure class=\"wp-block-image size-verticale\"><img loading=\"lazy\" decoding=\"async\" width=\"800\" height=\"1128\" src=\"https:\/\/www.casavivagarda.com\/wp-content\/uploads\/2020\/12\/eco-zimmer-uliveto-casa-viva-gardasee-800x1128.jpeg\" alt=\"Eco Camera Uliveto a Casa Viva, Garda\" class=\"wp-image-3221\" srcset=\"https:\/\/www.casavivagarda.com\/wp-content\/uploads\/2020\/12\/eco-zimmer-uliveto-casa-viva-gardasee.jpeg 800w, https:\/\/www.casavivagarda.com\/wp-content\/uploads\/2020\/12\/eco-zimmer-uliveto-casa-viva-gardasee-213x300.jpeg 213w, https:\/\/www.casavivagarda.com\/wp-content\/uploads\/2020\/12\/eco-zimmer-uliveto-casa-viva-gardasee-726x1024.jpeg 726w, https:\/\/www.casavivagarda.com\/wp-content\/uploads\/2020\/12\/eco-zimmer-uliveto-casa-viva-gardasee-768x1083.jpeg 768w\" sizes=\"auto, (max-width: 800px) 100vw, 800px\" \/><\/figure>\n<\/div>\n\n\n\n<div class=\"wp-block-jetpack-layout-grid-column wp-block-jetpack-layout-grid__padding-none\">\n<h2 class=\"wp-block-heading\">Terrasse<\/h2>\n\n\n\n<p>Eine Terrassent\u00fcr im Osten f\u00fchrt zu einer gro\u00dfen, privaten Loggia, auf der man inmitten der einzigartigen Natur die angenehme Ruhe genie\u00dfen und wunderbar entspannen kann.<\/p>\n<\/div>\n<\/div>\n\n\n\n<div class=\"wp-block-jetpack-layout-grid column1-desktop-grid__span-8 column1-desktop-grid__start-3 column1-desktop-grid__row-1 column1-tablet-grid__span-8 column1-tablet-grid__row-1 column1-mobile-grid__span-4 column1-mobile-grid__row-1\">\n<div class=\"wp-block-jetpack-layout-grid-column wp-block-jetpack-layout-grid__padding-none\">\n<p>Von der Terrasse aus kann man das Sedum n\u00e4her betrachten, das unsere D\u00e4cher begr\u00fcnt. Es ist ein Dickblattgew\u00e4chs, das in zahlreichen Farben schillert und wie eine Lunge die Luft filtert und damit das Raumklima k\u00fchl und gesund h\u00e4lt.<\/p>\n\n\n\n<p>In diesem Zimmer befindet sich das \u201cFenster der Wahrheit\u201d neben der Terrassent\u00fcr, die mit alten Fensterrahmen liebevoll restauriert wurde. Dort zeigen wir dir die Baumaterialien, mit denen wir Casa Viva errichtet haben: die Strohkonstruktion, der spezielle Lehm sowie die horizontal verlaufenden Rohrmatten.<\/p>\n\n\n\n<p>Das Zimmer ist sch\u00f6n hell, besonders am Morgen. Die frische Luft, die nat\u00fcrlichen D\u00fcfte und die weichen, einladenden Farbt\u00f6ne verleihen ein sofortiges Wohlbefinden.&nbsp;<\/p>\n<\/div>\n<\/div>\n","protected":false},"excerpt":{"rendered":"<p>Terrasse Eine Terrassent\u00fcr im Osten f\u00fchrt zu einer gro\u00dfen, privaten Loggia, auf der man inmitten der einzigartigen Natur die angenehme Ruhe genie\u00dfen und wunderbar entspannen kann. Von der Terrasse aus kann man das Sedum n\u00e4her betrachten, das unsere D\u00e4cher begr\u00fcnt. Es ist ein Dickblattgew\u00e4chs, das in zahlreichen Farben schillert und wie eine Lunge die Luft&hellip;<\/p>\n","protected":false},"author":1,"featured_media":925,"comment_status":"open","ping_status":"closed","template":"","meta":{"_acf_changed":false,"inline_featured_image":false,"footnotes":""},"portfolio_category":[],"portfolio_tag":[],"class_list":["post-962","portfolio","type-portfolio","status-publish","has-post-thumbnail","hentry"],"acf":[],"yoast_head":"<!-- This site is optimized with the Yoast SEO plugin v28.2 - https:\/\/yoast.com\/product\/yoast-seo-wordpress\/ -->\n<title>Zimmer L\u2019Uliveto \u2022 Nachhaltiger Urlaub am Gardasee \u2022 Casa Viva Garda<\/title>\n<meta name=\"description\" content=\"\u201cL\u2019Uliveto\u201d ist ein Zimmer mit 18 m\u00b2, f\u00fcr 3 Personen, mit 1 Doppelbett, privatem Badezimmer und privater Loggia. Nachhaltiger Urlaub am Gardasee\" \/>\n<meta name=\"robots\" content=\"index, follow, max-snippet:-1, max-image-preview:large, max-video-preview:-1\" \/>\n<link rel=\"canonical\" href=\"https:\/\/www.casavivagarda.com\/de\/naturzimmer\/zimmer-uliveto\/\" \/>\n<meta property=\"og:locale\" content=\"de_DE\" \/>\n<meta property=\"og:type\" content=\"article\" \/>\n<meta property=\"og:title\" content=\"Zimmer L\u2019Uliveto \u2022 Nachhaltiger Urlaub am Gardasee \u2022 Casa Viva Garda\" \/>\n<meta property=\"og:description\" content=\"\u201cL\u2019Uliveto\u201d ist ein Zimmer mit 18 m\u00b2, f\u00fcr 3 Personen, mit 1 Doppelbett, privatem Badezimmer und privater Loggia. Nachhaltiger Urlaub am Gardasee\" \/>\n<meta property=\"og:url\" content=\"https:\/\/www.casavivagarda.com\/de\/naturzimmer\/zimmer-uliveto\/\" \/>\n<meta property=\"og:site_name\" content=\"Casa Viva\" \/>\n<meta property=\"article:modified_time\" content=\"2022-07-29T11:33:26+00:00\" \/>\n<meta property=\"og:image\" content=\"https:\/\/www.casavivagarda.com\/wp-content\/uploads\/2020\/12\/casa-viva-stanza-uliveto-vista-maneggio.jpg\" \/>\n\t<meta property=\"og:image:width\" content=\"1400\" \/>\n\t<meta property=\"og:image:height\" content=\"933\" \/>\n\t<meta property=\"og:image:type\" content=\"image\/jpeg\" \/>\n<meta name=\"twitter:card\" content=\"summary_large_image\" \/>\n<meta name=\"twitter:label1\" content=\"Gesch\u00e4tzte Lesezeit\" \/>\n\t<meta name=\"twitter:data1\" content=\"1\u00a0Minute\" \/>\n<script type=\"application\/ld+json\" class=\"yoast-schema-graph\">{\"@context\":\"https:\\\/\\\/schema.org\",\"@graph\":[{\"@type\":\"WebPage\",\"@id\":\"https:\\\/\\\/www.casavivagarda.com\\\/de\\\/naturzimmer\\\/zimmer-uliveto\\\/\",\"url\":\"https:\\\/\\\/www.casavivagarda.com\\\/de\\\/naturzimmer\\\/zimmer-uliveto\\\/\",\"name\":\"Zimmer L\u2019Uliveto \u2022 Nachhaltiger Urlaub am Gardasee \u2022 Casa Viva Garda\",\"isPartOf\":{\"@id\":\"https:\\\/\\\/www.casavivagarda.com\\\/de\\\/#website\"},\"primaryImageOfPage\":{\"@id\":\"https:\\\/\\\/www.casavivagarda.com\\\/de\\\/naturzimmer\\\/zimmer-uliveto\\\/#primaryimage\"},\"image\":{\"@id\":\"https:\\\/\\\/www.casavivagarda.com\\\/de\\\/naturzimmer\\\/zimmer-uliveto\\\/#primaryimage\"},\"thumbnailUrl\":\"https:\\\/\\\/www.casavivagarda.com\\\/wp-content\\\/uploads\\\/2020\\\/12\\\/casa-viva-stanza-uliveto-vista-maneggio.jpg\",\"datePublished\":\"2020-12-23T16:14:53+00:00\",\"dateModified\":\"2022-07-29T11:33:26+00:00\",\"description\":\"\u201cL\u2019Uliveto\u201d ist ein Zimmer mit 18 m\u00b2, f\u00fcr 3 Personen, mit 1 Doppelbett, privatem Badezimmer und privater Loggia. Nachhaltiger Urlaub am Gardasee\",\"breadcrumb\":{\"@id\":\"https:\\\/\\\/www.casavivagarda.com\\\/de\\\/naturzimmer\\\/zimmer-uliveto\\\/#breadcrumb\"},\"inLanguage\":\"de\",\"potentialAction\":[{\"@type\":\"ReadAction\",\"target\":[\"https:\\\/\\\/www.casavivagarda.com\\\/de\\\/naturzimmer\\\/zimmer-uliveto\\\/\"]}]},{\"@type\":\"ImageObject\",\"inLanguage\":\"de\",\"@id\":\"https:\\\/\\\/www.casavivagarda.com\\\/de\\\/naturzimmer\\\/zimmer-uliveto\\\/#primaryimage\",\"url\":\"https:\\\/\\\/www.casavivagarda.com\\\/wp-content\\\/uploads\\\/2020\\\/12\\\/casa-viva-stanza-uliveto-vista-maneggio.jpg\",\"contentUrl\":\"https:\\\/\\\/www.casavivagarda.com\\\/wp-content\\\/uploads\\\/2020\\\/12\\\/casa-viva-stanza-uliveto-vista-maneggio.jpg\",\"width\":1400,\"height\":933},{\"@type\":\"BreadcrumbList\",\"@id\":\"https:\\\/\\\/www.casavivagarda.com\\\/de\\\/naturzimmer\\\/zimmer-uliveto\\\/#breadcrumb\",\"itemListElement\":[{\"@type\":\"ListItem\",\"position\":1,\"name\":\"Home\",\"item\":\"https:\\\/\\\/www.casavivagarda.com\\\/de\\\/\"},{\"@type\":\"ListItem\",\"position\":2,\"name\":\"naturzimmer\",\"item\":\"https:\\\/\\\/www.casavivagarda.com\\\/de\\\/zimmer-okoferien-gardasee\\\/\"},{\"@type\":\"ListItem\",\"position\":3,\"name\":\"L&#8217;Uliveto\"}]},{\"@type\":\"WebSite\",\"@id\":\"https:\\\/\\\/www.casavivagarda.com\\\/de\\\/#website\",\"url\":\"https:\\\/\\\/www.casavivagarda.com\\\/de\\\/\",\"name\":\"Casa Viva\",\"description\":\"eco sleep \u2022 bio pool\",\"potentialAction\":[{\"@type\":\"SearchAction\",\"target\":{\"@type\":\"EntryPoint\",\"urlTemplate\":\"https:\\\/\\\/www.casavivagarda.com\\\/de\\\/?s={search_term_string}\"},\"query-input\":{\"@type\":\"PropertyValueSpecification\",\"valueRequired\":true,\"valueName\":\"search_term_string\"}}],\"inLanguage\":\"de\"}]}<\/script>\n<!-- \/ Yoast SEO plugin. -->","yoast_head_json":{"title":"Zimmer L\u2019Uliveto \u2022 Nachhaltiger Urlaub am Gardasee \u2022 Casa Viva Garda","description":"\u201cL\u2019Uliveto\u201d ist ein Zimmer mit 18 m\u00b2, f\u00fcr 3 Personen, mit 1 Doppelbett, privatem Badezimmer und privater Loggia. Nachhaltiger Urlaub am Gardasee","robots":{"index":"index","follow":"follow","max-snippet":"max-snippet:-1","max-image-preview":"max-image-preview:large","max-video-preview":"max-video-preview:-1"},"canonical":"https:\/\/www.casavivagarda.com\/de\/naturzimmer\/zimmer-uliveto\/","og_locale":"de_DE","og_type":"article","og_title":"Zimmer L\u2019Uliveto \u2022 Nachhaltiger Urlaub am Gardasee \u2022 Casa Viva Garda","og_description":"\u201cL\u2019Uliveto\u201d ist ein Zimmer mit 18 m\u00b2, f\u00fcr 3 Personen, mit 1 Doppelbett, privatem Badezimmer und privater Loggia. Nachhaltiger Urlaub am Gardasee","og_url":"https:\/\/www.casavivagarda.com\/de\/naturzimmer\/zimmer-uliveto\/","og_site_name":"Casa Viva","article_modified_time":"2022-07-29T11:33:26+00:00","og_image":[{"width":1400,"height":933,"url":"https:\/\/www.casavivagarda.com\/wp-content\/uploads\/2020\/12\/casa-viva-stanza-uliveto-vista-maneggio.jpg","type":"image\/jpeg"}],"twitter_card":"summary_large_image","twitter_misc":{"Gesch\u00e4tzte Lesezeit":"1\u00a0Minute"},"schema":{"@context":"https:\/\/schema.org","@graph":[{"@type":"WebPage","@id":"https:\/\/www.casavivagarda.com\/de\/naturzimmer\/zimmer-uliveto\/","url":"https:\/\/www.casavivagarda.com\/de\/naturzimmer\/zimmer-uliveto\/","name":"Zimmer L\u2019Uliveto \u2022 Nachhaltiger Urlaub am Gardasee \u2022 Casa Viva Garda","isPartOf":{"@id":"https:\/\/www.casavivagarda.com\/de\/#website"},"primaryImageOfPage":{"@id":"https:\/\/www.casavivagarda.com\/de\/naturzimmer\/zimmer-uliveto\/#primaryimage"},"image":{"@id":"https:\/\/www.casavivagarda.com\/de\/naturzimmer\/zimmer-uliveto\/#primaryimage"},"thumbnailUrl":"https:\/\/www.casavivagarda.com\/wp-content\/uploads\/2020\/12\/casa-viva-stanza-uliveto-vista-maneggio.jpg","datePublished":"2020-12-23T16:14:53+00:00","dateModified":"2022-07-29T11:33:26+00:00","description":"\u201cL\u2019Uliveto\u201d ist ein Zimmer mit 18 m\u00b2, f\u00fcr 3 Personen, mit 1 Doppelbett, privatem Badezimmer und privater Loggia. Nachhaltiger Urlaub am Gardasee","breadcrumb":{"@id":"https:\/\/www.casavivagarda.com\/de\/naturzimmer\/zimmer-uliveto\/#breadcrumb"},"inLanguage":"de","potentialAction":[{"@type":"ReadAction","target":["https:\/\/www.casavivagarda.com\/de\/naturzimmer\/zimmer-uliveto\/"]}]},{"@type":"ImageObject","inLanguage":"de","@id":"https:\/\/www.casavivagarda.com\/de\/naturzimmer\/zimmer-uliveto\/#primaryimage","url":"https:\/\/www.casavivagarda.com\/wp-content\/uploads\/2020\/12\/casa-viva-stanza-uliveto-vista-maneggio.jpg","contentUrl":"https:\/\/www.casavivagarda.com\/wp-content\/uploads\/2020\/12\/casa-viva-stanza-uliveto-vista-maneggio.jpg","width":1400,"height":933},{"@type":"BreadcrumbList","@id":"https:\/\/www.casavivagarda.com\/de\/naturzimmer\/zimmer-uliveto\/#breadcrumb","itemListElement":[{"@type":"ListItem","position":1,"name":"Home","item":"https:\/\/www.casavivagarda.com\/de\/"},{"@type":"ListItem","position":2,"name":"naturzimmer","item":"https:\/\/www.casavivagarda.com\/de\/zimmer-okoferien-gardasee\/"},{"@type":"ListItem","position":3,"name":"L&#8217;Uliveto"}]},{"@type":"WebSite","@id":"https:\/\/www.casavivagarda.com\/de\/#website","url":"https:\/\/www.casavivagarda.com\/de\/","name":"Casa Viva","description":"eco sleep \u2022 bio pool","potentialAction":[{"@type":"SearchAction","target":{"@type":"EntryPoint","urlTemplate":"https:\/\/www.casavivagarda.com\/de\/?s={search_term_string}"},"query-input":{"@type":"PropertyValueSpecification","valueRequired":true,"valueName":"search_term_string"}}],"inLanguage":"de"}]}},"_links":{"self":[{"href":"https:\/\/www.casavivagarda.com\/de\/wp-json\/wp\/v2\/portfolio\/962","targetHints":{"allow":["GET"]}}],"collection":[{"href":"https:\/\/www.casavivagarda.com\/de\/wp-json\/wp\/v2\/portfolio"}],"about":[{"href":"https:\/\/www.casavivagarda.com\/de\/wp-json\/wp\/v2\/types\/portfolio"}],"author":[{"embeddable":true,"href":"https:\/\/www.casavivagarda.com\/de\/wp-json\/wp\/v2\/users\/1"}],"replies":[{"embeddable":true,"href":"https:\/\/www.casavivagarda.com\/de\/wp-json\/wp\/v2\/comments?post=962"}],"version-history":[{"count":4,"href":"https:\/\/www.casavivagarda.com\/de\/wp-json\/wp\/v2\/portfolio\/962\/revisions"}],"predecessor-version":[{"id":3624,"href":"https:\/\/www.casavivagarda.com\/de\/wp-json\/wp\/v2\/portfolio\/962\/revisions\/3624"}],"wp:featuredmedia":[{"embeddable":true,"href":"https:\/\/www.casavivagarda.com\/de\/wp-json\/wp\/v2\/media\/925"}],"wp:attachment":[{"href":"https:\/\/www.casavivagarda.com\/de\/wp-json\/wp\/v2\/media?parent=962"}],"wp:term":[{"taxonomy":"portfolio_category","embeddable":true,"href":"https:\/\/www.casavivagarda.com\/de\/wp-json\/wp\/v2\/portfolio_category?post=962"},{"taxonomy":"portfolio_tag","embeddable":true,"href":"https:\/\/www.casavivagarda.com\/de\/wp-json\/wp\/v2\/portfolio_tag?post=962"}],"curies":[{"name":"wp","href":"https:\/\/api.w.org\/{rel}","templated":true}]}}