{"id":960,"date":"2020-12-23T17:20:09","date_gmt":"2020-12-23T16:20:09","guid":{"rendered":"https:\/\/www.casavivagarda.com\/camere-ecosostenibili\/la-piazza\/"},"modified":"2022-07-29T13:27:49","modified_gmt":"2022-07-29T11:27:49","slug":"zimmer-la-piazza","status":"publish","type":"portfolio","link":"https:\/\/www.casavivagarda.com\/de\/naturzimmer\/zimmer-la-piazza\/","title":{"rendered":"La Piazza"},"content":{"rendered":"\n<div class=\"wp-block-jetpack-layout-grid column1-desktop-grid__span-5 column1-desktop-grid__row-1 column2-desktop-grid__span-5 column2-desktop-grid__start-7 column2-desktop-grid__row-1 column1-tablet-grid__span-4 column1-tablet-grid__row-1 column2-tablet-grid__span-4 column2-tablet-grid__start-5 column2-tablet-grid__row-1 column1-mobile-grid__span-4 column1-mobile-grid__row-1 column2-mobile-grid__span-4 column2-mobile-grid__row-2 wp-block-jetpack-layout-gutter__nowrap wp-block-jetpack-layout-gutter__medium\">\n<div class=\"wp-block-jetpack-layout-grid-column wp-block-jetpack-layout-grid__padding-none\">\n<figure class=\"wp-block-image size-verticale\"><img loading=\"lazy\" decoding=\"async\" width=\"800\" height=\"1128\" src=\"https:\/\/www.casavivagarda.com\/wp-content\/uploads\/2020\/12\/eco-room-piazza-casa-viva-garda-1-800x1128.jpeg\" alt=\"Naturzimmer La Piazza im Casa Viva, Garda\" class=\"wp-image-3264\" srcset=\"https:\/\/www.casavivagarda.com\/wp-content\/uploads\/2020\/12\/eco-room-piazza-casa-viva-garda-1.jpeg 800w, https:\/\/www.casavivagarda.com\/wp-content\/uploads\/2020\/12\/eco-room-piazza-casa-viva-garda-1-213x300.jpeg 213w, https:\/\/www.casavivagarda.com\/wp-content\/uploads\/2020\/12\/eco-room-piazza-casa-viva-garda-1-726x1024.jpeg 726w, https:\/\/www.casavivagarda.com\/wp-content\/uploads\/2020\/12\/eco-room-piazza-casa-viva-garda-1-768x1083.jpeg 768w\" sizes=\"auto, (max-width: 800px) 100vw, 800px\" \/><\/figure>\n<\/div>\n\n\n\n<div class=\"wp-block-jetpack-layout-grid-column wp-block-jetpack-layout-grid__padding-none\">\n<h2 class=\"wp-block-heading\">Neben den Olivenb\u00e4umen<\/h2>\n\n\n\n<p>Von der eigenen Terrasse aus, auf der man umgeben von Ruhe und Natur entspannen kann, blickt man zudem auf den angrenzenden Olivenhain.<\/p>\n\n\n\n<p><\/p>\n<\/div>\n<\/div>\n\n\n\n<div class=\"wp-block-jetpack-layout-grid column1-desktop-grid__span-8 column1-desktop-grid__start-3 column1-desktop-grid__row-1 column1-tablet-grid__span-8 column1-tablet-grid__row-1 column1-mobile-grid__span-4 column1-mobile-grid__row-1\">\n<div class=\"wp-block-jetpack-layout-grid-column wp-block-jetpack-layout-grid__padding-none\">\n<p>Das \u201cFenster der Wahrheit\u201d liegt neben der Eingangst\u00fcr. Hier zeigen wir dir die Baumaterialien, mit denen wir Casa Viva errichtet haben: die Strohkonstruktion, der spezielle Lehm sowie die horizontal verlaufenden Rohrmatten.&nbsp;<\/p>\n\n\n\n<p>Das Zimmer ist sch\u00f6n hell, besonders am Morgen. Die frische Luft, die nat\u00fcrlichen D\u00fcfte und die weichen, einladenden Farbt\u00f6ne verleihen ein sofortiges Wohlbefinden.&nbsp;<\/p>\n\n\n\n<p><\/p>\n<\/div>\n<\/div>\n","protected":false},"excerpt":{"rendered":"<p>Neben den Olivenb\u00e4umen Von der eigenen Terrasse aus, auf der man umgeben von Ruhe und Natur entspannen kann, blickt man zudem auf den angrenzenden Olivenhain. Das \u201cFenster der Wahrheit\u201d liegt neben der Eingangst\u00fcr. Hier zeigen wir dir die Baumaterialien, mit denen wir Casa Viva errichtet haben: die Strohkonstruktion, der spezielle Lehm sowie die horizontal verlaufenden&hellip;<\/p>\n","protected":false},"author":1,"featured_media":1320,"comment_status":"open","ping_status":"closed","template":"","meta":{"_acf_changed":false,"inline_featured_image":false,"footnotes":""},"portfolio_category":[],"portfolio_tag":[],"class_list":["post-960","portfolio","type-portfolio","status-publish","has-post-thumbnail","hentry"],"acf":[],"yoast_head":"<!-- This site is optimized with the Yoast SEO plugin v28.2 - https:\/\/yoast.com\/product\/yoast-seo-wordpress\/ -->\n<title>Zimmer La Piazza \u2022 Nachhaltiger Urlaub am Gardasee \u2022 Casa Viva Garda<\/title>\n<meta name=\"description\" content=\"\u201cLa Piazza\u201d ist ein Zimmer mit 18 m\u00b2, f\u00fcr 4 Personen, mit 2 Betten, privatem Badezimmer und Terrasse. Nachhaltiger Urlaub am Gardasee.\" \/>\n<meta name=\"robots\" content=\"index, follow, max-snippet:-1, max-image-preview:large, max-video-preview:-1\" \/>\n<link rel=\"canonical\" href=\"https:\/\/www.casavivagarda.com\/de\/naturzimmer\/zimmer-la-piazza\/\" \/>\n<meta property=\"og:locale\" content=\"de_DE\" \/>\n<meta property=\"og:type\" content=\"article\" \/>\n<meta property=\"og:title\" content=\"Zimmer La Piazza \u2022 Nachhaltiger Urlaub am Gardasee \u2022 Casa Viva Garda\" \/>\n<meta property=\"og:description\" content=\"\u201cLa Piazza\u201d ist ein Zimmer mit 18 m\u00b2, f\u00fcr 4 Personen, mit 2 Betten, privatem Badezimmer und Terrasse. Nachhaltiger Urlaub am Gardasee.\" \/>\n<meta property=\"og:url\" content=\"https:\/\/www.casavivagarda.com\/de\/naturzimmer\/zimmer-la-piazza\/\" \/>\n<meta property=\"og:site_name\" content=\"Casa Viva\" \/>\n<meta property=\"article:modified_time\" content=\"2022-07-29T11:27:49+00:00\" \/>\n<meta property=\"og:image\" content=\"https:\/\/www.casavivagarda.com\/wp-content\/uploads\/2020\/12\/eco-room-piazza-casa-viva-garda.jpeg\" \/>\n\t<meta property=\"og:image:width\" content=\"1400\" \/>\n\t<meta property=\"og:image:height\" content=\"933\" \/>\n\t<meta property=\"og:image:type\" content=\"image\/jpeg\" \/>\n<meta name=\"twitter:card\" content=\"summary_large_image\" \/>\n<meta name=\"twitter:label1\" content=\"Gesch\u00e4tzte Lesezeit\" \/>\n\t<meta name=\"twitter:data1\" content=\"1\u00a0Minute\" \/>\n<script type=\"application\/ld+json\" class=\"yoast-schema-graph\">{\"@context\":\"https:\\\/\\\/schema.org\",\"@graph\":[{\"@type\":\"WebPage\",\"@id\":\"https:\\\/\\\/www.casavivagarda.com\\\/de\\\/naturzimmer\\\/zimmer-la-piazza\\\/\",\"url\":\"https:\\\/\\\/www.casavivagarda.com\\\/de\\\/naturzimmer\\\/zimmer-la-piazza\\\/\",\"name\":\"Zimmer La Piazza \u2022 Nachhaltiger Urlaub am Gardasee \u2022 Casa Viva Garda\",\"isPartOf\":{\"@id\":\"https:\\\/\\\/www.casavivagarda.com\\\/de\\\/#website\"},\"primaryImageOfPage\":{\"@id\":\"https:\\\/\\\/www.casavivagarda.com\\\/de\\\/naturzimmer\\\/zimmer-la-piazza\\\/#primaryimage\"},\"image\":{\"@id\":\"https:\\\/\\\/www.casavivagarda.com\\\/de\\\/naturzimmer\\\/zimmer-la-piazza\\\/#primaryimage\"},\"thumbnailUrl\":\"https:\\\/\\\/www.casavivagarda.com\\\/wp-content\\\/uploads\\\/2020\\\/12\\\/eco-room-piazza-casa-viva-garda.jpeg\",\"datePublished\":\"2020-12-23T16:20:09+00:00\",\"dateModified\":\"2022-07-29T11:27:49+00:00\",\"description\":\"\u201cLa Piazza\u201d ist ein Zimmer mit 18 m\u00b2, f\u00fcr 4 Personen, mit 2 Betten, privatem Badezimmer und Terrasse. Nachhaltiger Urlaub am Gardasee.\",\"breadcrumb\":{\"@id\":\"https:\\\/\\\/www.casavivagarda.com\\\/de\\\/naturzimmer\\\/zimmer-la-piazza\\\/#breadcrumb\"},\"inLanguage\":\"de\",\"potentialAction\":[{\"@type\":\"ReadAction\",\"target\":[\"https:\\\/\\\/www.casavivagarda.com\\\/de\\\/naturzimmer\\\/zimmer-la-piazza\\\/\"]}]},{\"@type\":\"ImageObject\",\"inLanguage\":\"de\",\"@id\":\"https:\\\/\\\/www.casavivagarda.com\\\/de\\\/naturzimmer\\\/zimmer-la-piazza\\\/#primaryimage\",\"url\":\"https:\\\/\\\/www.casavivagarda.com\\\/wp-content\\\/uploads\\\/2020\\\/12\\\/eco-room-piazza-casa-viva-garda.jpeg\",\"contentUrl\":\"https:\\\/\\\/www.casavivagarda.com\\\/wp-content\\\/uploads\\\/2020\\\/12\\\/eco-room-piazza-casa-viva-garda.jpeg\",\"width\":1400,\"height\":933,\"caption\":\"Eco Room La Piazza in Casa Viva Garda\"},{\"@type\":\"BreadcrumbList\",\"@id\":\"https:\\\/\\\/www.casavivagarda.com\\\/de\\\/naturzimmer\\\/zimmer-la-piazza\\\/#breadcrumb\",\"itemListElement\":[{\"@type\":\"ListItem\",\"position\":1,\"name\":\"Home\",\"item\":\"https:\\\/\\\/www.casavivagarda.com\\\/de\\\/\"},{\"@type\":\"ListItem\",\"position\":2,\"name\":\"naturzimmer\",\"item\":\"https:\\\/\\\/www.casavivagarda.com\\\/de\\\/zimmer-okoferien-gardasee\\\/\"},{\"@type\":\"ListItem\",\"position\":3,\"name\":\"La Piazza\"}]},{\"@type\":\"WebSite\",\"@id\":\"https:\\\/\\\/www.casavivagarda.com\\\/de\\\/#website\",\"url\":\"https:\\\/\\\/www.casavivagarda.com\\\/de\\\/\",\"name\":\"Casa Viva\",\"description\":\"eco sleep \u2022 bio pool\",\"potentialAction\":[{\"@type\":\"SearchAction\",\"target\":{\"@type\":\"EntryPoint\",\"urlTemplate\":\"https:\\\/\\\/www.casavivagarda.com\\\/de\\\/?s={search_term_string}\"},\"query-input\":{\"@type\":\"PropertyValueSpecification\",\"valueRequired\":true,\"valueName\":\"search_term_string\"}}],\"inLanguage\":\"de\"}]}<\/script>\n<!-- \/ Yoast SEO plugin. -->","yoast_head_json":{"title":"Zimmer La Piazza \u2022 Nachhaltiger Urlaub am Gardasee \u2022 Casa Viva Garda","description":"\u201cLa Piazza\u201d ist ein Zimmer mit 18 m\u00b2, f\u00fcr 4 Personen, mit 2 Betten, privatem Badezimmer und Terrasse. Nachhaltiger Urlaub am Gardasee.","robots":{"index":"index","follow":"follow","max-snippet":"max-snippet:-1","max-image-preview":"max-image-preview:large","max-video-preview":"max-video-preview:-1"},"canonical":"https:\/\/www.casavivagarda.com\/de\/naturzimmer\/zimmer-la-piazza\/","og_locale":"de_DE","og_type":"article","og_title":"Zimmer La Piazza \u2022 Nachhaltiger Urlaub am Gardasee \u2022 Casa Viva Garda","og_description":"\u201cLa Piazza\u201d ist ein Zimmer mit 18 m\u00b2, f\u00fcr 4 Personen, mit 2 Betten, privatem Badezimmer und Terrasse. Nachhaltiger Urlaub am Gardasee.","og_url":"https:\/\/www.casavivagarda.com\/de\/naturzimmer\/zimmer-la-piazza\/","og_site_name":"Casa Viva","article_modified_time":"2022-07-29T11:27:49+00:00","og_image":[{"width":1400,"height":933,"url":"https:\/\/www.casavivagarda.com\/wp-content\/uploads\/2020\/12\/eco-room-piazza-casa-viva-garda.jpeg","type":"image\/jpeg"}],"twitter_card":"summary_large_image","twitter_misc":{"Gesch\u00e4tzte Lesezeit":"1\u00a0Minute"},"schema":{"@context":"https:\/\/schema.org","@graph":[{"@type":"WebPage","@id":"https:\/\/www.casavivagarda.com\/de\/naturzimmer\/zimmer-la-piazza\/","url":"https:\/\/www.casavivagarda.com\/de\/naturzimmer\/zimmer-la-piazza\/","name":"Zimmer La Piazza \u2022 Nachhaltiger Urlaub am Gardasee \u2022 Casa Viva Garda","isPartOf":{"@id":"https:\/\/www.casavivagarda.com\/de\/#website"},"primaryImageOfPage":{"@id":"https:\/\/www.casavivagarda.com\/de\/naturzimmer\/zimmer-la-piazza\/#primaryimage"},"image":{"@id":"https:\/\/www.casavivagarda.com\/de\/naturzimmer\/zimmer-la-piazza\/#primaryimage"},"thumbnailUrl":"https:\/\/www.casavivagarda.com\/wp-content\/uploads\/2020\/12\/eco-room-piazza-casa-viva-garda.jpeg","datePublished":"2020-12-23T16:20:09+00:00","dateModified":"2022-07-29T11:27:49+00:00","description":"\u201cLa Piazza\u201d ist ein Zimmer mit 18 m\u00b2, f\u00fcr 4 Personen, mit 2 Betten, privatem Badezimmer und Terrasse. Nachhaltiger Urlaub am Gardasee.","breadcrumb":{"@id":"https:\/\/www.casavivagarda.com\/de\/naturzimmer\/zimmer-la-piazza\/#breadcrumb"},"inLanguage":"de","potentialAction":[{"@type":"ReadAction","target":["https:\/\/www.casavivagarda.com\/de\/naturzimmer\/zimmer-la-piazza\/"]}]},{"@type":"ImageObject","inLanguage":"de","@id":"https:\/\/www.casavivagarda.com\/de\/naturzimmer\/zimmer-la-piazza\/#primaryimage","url":"https:\/\/www.casavivagarda.com\/wp-content\/uploads\/2020\/12\/eco-room-piazza-casa-viva-garda.jpeg","contentUrl":"https:\/\/www.casavivagarda.com\/wp-content\/uploads\/2020\/12\/eco-room-piazza-casa-viva-garda.jpeg","width":1400,"height":933,"caption":"Eco Room La Piazza in Casa Viva Garda"},{"@type":"BreadcrumbList","@id":"https:\/\/www.casavivagarda.com\/de\/naturzimmer\/zimmer-la-piazza\/#breadcrumb","itemListElement":[{"@type":"ListItem","position":1,"name":"Home","item":"https:\/\/www.casavivagarda.com\/de\/"},{"@type":"ListItem","position":2,"name":"naturzimmer","item":"https:\/\/www.casavivagarda.com\/de\/zimmer-okoferien-gardasee\/"},{"@type":"ListItem","position":3,"name":"La Piazza"}]},{"@type":"WebSite","@id":"https:\/\/www.casavivagarda.com\/de\/#website","url":"https:\/\/www.casavivagarda.com\/de\/","name":"Casa Viva","description":"eco sleep \u2022 bio pool","potentialAction":[{"@type":"SearchAction","target":{"@type":"EntryPoint","urlTemplate":"https:\/\/www.casavivagarda.com\/de\/?s={search_term_string}"},"query-input":{"@type":"PropertyValueSpecification","valueRequired":true,"valueName":"search_term_string"}}],"inLanguage":"de"}]}},"_links":{"self":[{"href":"https:\/\/www.casavivagarda.com\/de\/wp-json\/wp\/v2\/portfolio\/960","targetHints":{"allow":["GET"]}}],"collection":[{"href":"https:\/\/www.casavivagarda.com\/de\/wp-json\/wp\/v2\/portfolio"}],"about":[{"href":"https:\/\/www.casavivagarda.com\/de\/wp-json\/wp\/v2\/types\/portfolio"}],"author":[{"embeddable":true,"href":"https:\/\/www.casavivagarda.com\/de\/wp-json\/wp\/v2\/users\/1"}],"replies":[{"embeddable":true,"href":"https:\/\/www.casavivagarda.com\/de\/wp-json\/wp\/v2\/comments?post=960"}],"version-history":[{"count":2,"href":"https:\/\/www.casavivagarda.com\/de\/wp-json\/wp\/v2\/portfolio\/960\/revisions"}],"predecessor-version":[{"id":3600,"href":"https:\/\/www.casavivagarda.com\/de\/wp-json\/wp\/v2\/portfolio\/960\/revisions\/3600"}],"wp:featuredmedia":[{"embeddable":true,"href":"https:\/\/www.casavivagarda.com\/de\/wp-json\/wp\/v2\/media\/1320"}],"wp:attachment":[{"href":"https:\/\/www.casavivagarda.com\/de\/wp-json\/wp\/v2\/media?parent=960"}],"wp:term":[{"taxonomy":"portfolio_category","embeddable":true,"href":"https:\/\/www.casavivagarda.com\/de\/wp-json\/wp\/v2\/portfolio_category?post=960"},{"taxonomy":"portfolio_tag","embeddable":true,"href":"https:\/\/www.casavivagarda.com\/de\/wp-json\/wp\/v2\/portfolio_tag?post=960"}],"curies":[{"name":"wp","href":"https:\/\/api.w.org\/{rel}","templated":true}]}}