{"id":3396,"date":"2022-06-08T18:03:10","date_gmt":"2022-06-08T16:03:10","guid":{"rendered":"https:\/\/www.casavivagarda.com\/anima-eco\/"},"modified":"2022-07-30T17:11:23","modified_gmt":"2022-07-30T15:11:23","slug":"strohballenhauser-gardasee","status":"publish","type":"page","link":"https:\/\/www.casavivagarda.com\/de\/strohballenhauser-gardasee\/","title":{"rendered":"\u00f6ko-seele"},"content":{"rendered":"\n<div class=\"wp-block-jetpack-layout-grid column1-desktop-grid__span-5 column1-desktop-grid__row-1 column2-desktop-grid__span-5 column2-desktop-grid__start-7 column2-desktop-grid__row-1 column1-tablet-grid__span-4 column1-tablet-grid__row-1 column2-tablet-grid__span-4 column2-tablet-grid__start-5 column2-tablet-grid__row-1 column1-mobile-grid__span-4 column1-mobile-grid__row-1 column2-mobile-grid__span-4 column2-mobile-grid__row-2 wp-block-jetpack-layout-gutter__nowrap wp-block-jetpack-layout-gutter__medium\">\n<div class=\"wp-block-jetpack-layout-grid-column wp-block-jetpack-layout-grid__padding-none\">\n<figure class=\"wp-block-image size-large\"><img loading=\"lazy\" decoding=\"async\" width=\"726\" height=\"1024\" src=\"https:\/\/www.casavivagarda.com\/wp-content\/uploads\/2022\/06\/finestra-verita-paglia-casa-viva-garda-726x1024.jpg\" alt=\"Das Fenster der Wahrheit: Es zeigt dir, mit welchen Materialien wir die Strohballenh\u00e4user im Casa Viva errichtet haben.\" class=\"wp-image-2766\" srcset=\"https:\/\/www.casavivagarda.com\/wp-content\/uploads\/2022\/06\/finestra-verita-paglia-casa-viva-garda-726x1024.jpg 726w, https:\/\/www.casavivagarda.com\/wp-content\/uploads\/2022\/06\/finestra-verita-paglia-casa-viva-garda-213x300.jpg 213w, https:\/\/www.casavivagarda.com\/wp-content\/uploads\/2022\/06\/finestra-verita-paglia-casa-viva-garda-768x1083.jpg 768w, https:\/\/www.casavivagarda.com\/wp-content\/uploads\/2022\/06\/finestra-verita-paglia-casa-viva-garda.jpg 800w\" sizes=\"auto, (max-width: 726px) 100vw, 726px\" \/><\/figure>\n<\/div>\n\n\n\n<div class=\"wp-block-jetpack-layout-grid-column wp-block-jetpack-layout-grid__padding-none\">\n<h2 class=\"wp-block-heading\">Bauen mit geringer Umweltbelastung<\/h2>\n\n\n\n<p>Die Strohballenbauweise ist gro\u00dfartig. Stroh ist ein landwirtschaftliches Nebenprodukt, das beim Anbau von Getreide anf\u00e4llt.<\/p>\n\n\n\n<blockquote class=\"wp-block-quote is-layout-flow wp-block-quote-is-layout-flow\"><p>Es ist ein \u00f6kologischer, nachwachsender Baustoff, der in der Industrie wenig Bedeutung hat. Stroh wird nicht in einem Betrieb erzeugt, sondern w\u00e4chst auf einem Feld und der Verk\u00e4ufer ist kein Produzent, sondern ein Landwirt.<\/p><\/blockquote>\n<\/div>\n<\/div>\n\n\n\n<div class=\"wp-block-jetpack-layout-grid column1-desktop-grid__span-8 column1-desktop-grid__start-3 column1-desktop-grid__row-1 column1-tablet-grid__span-8 column1-tablet-grid__row-1 column1-mobile-grid__span-4 column1-mobile-grid__row-1\">\n<div class=\"wp-block-jetpack-layout-grid-column wp-block-jetpack-layout-grid__padding-none\">\n<p>Stroh-Lehmw\u00e4nde zeichnen sich durch eine hohe Luftdurchl\u00e4ssigkeit aus und garantieren ein gesundes und angenehmes Raumklima ohne Feuchtigkeit und Schimmel.  Diese nat\u00fcrliche Luftfeuchtigkeitsregulierung in Innenr\u00e4umen sowie die gro\u00dfe W\u00e4rme- und Schalld\u00e4mmung verleihen ein sofortiges Gef\u00fchl von Wohlbefinden und Komfort.<\/p>\n\n\n\n<h2 class=\"wp-block-heading\">Casa Viva atmet: So geht&#8217;s<\/h2>\n\n\n\n<p>Um die volle Wirkkraft der Natur nutzen zu k\u00f6nnen, haben wir die H\u00e4user den Wind- und Sonnenverh\u00e4ltnissen entsprechend ausgerichtet. Mit Hilfe einer W\u00fcnschelrute haben wir uns auf Wassersuche gemacht und daraufhin einen 60 m tiefen Brunnen gegraben und eine Wasserleitung zu den H\u00e4usern gelegt.<\/p>\n\n\n\n<p>Das Fundament der Strohballenh\u00e4user besteht aus Gabionen (mit Steinen gef\u00fcllte Drahtk\u00f6rbe), auf denen, zur Abgrenzung, Balken aus L\u00e4rchenholz mit Stahlschrauben befestigt wurden.&nbsp;<\/p>\n\n\n\n<p>Auf die Holzbalken wurden vertikale Balken aus Massivholz gesetzt, die das eigentliche statische Ger\u00fcst des Strohballenhauses ausmachen. Abschlie\u00dfend wurden die, in einer Schreinerei vormontierten W\u00e4nde, mit einem Krahn aufgestellt, fast so als w\u00e4ren sie Lego-Bausteine.<\/p>\n\n\n\n<blockquote class=\"wp-block-quote is-layout-flow wp-block-quote-is-layout-flow\"><p>Die W\u00e4nde sind, von au\u00dfen nach innen mit folgenden Materialien aufgebaut: L\u00e4rchen- und Tannenholz aus dem Trentino, Flies, welches das Stroh vor Wasser sch\u00fctzt, Stroh, eine horizontal angelegte Rohrmatte und Lehm.&nbsp;<\/p><\/blockquote>\n<\/div>\n<\/div>\n\n\n\n<div class=\"container puzzle-slider\">\t<div class=\"row no-gutters\">\t\t<div class=\"col-sm-6\">\t\t\t<div class=\"slider\">\t\t\t\t\t<div class=\"slider-pagina\">\t\t\t\t\t\t<div class=\"header-image\">\t\t\t\t\t\t    <div class=\"slider-sx\">\t\t\t\t\t\t            <div><img loading=\"lazy\" decoding=\"async\" width=\"1200\" height=\"1200\" src=\"https:\/\/www.casavivagarda.com\/wp-content\/uploads\/2022\/06\/sedum-giardino-tetto-casa-viva.jpeg\" class=\"attachment-full size-full\" alt=\"Tetto in Giardino Sedum a Casa Viva a Garda\" srcset=\"https:\/\/www.casavivagarda.com\/wp-content\/uploads\/2022\/06\/sedum-giardino-tetto-casa-viva.jpeg 1200w, https:\/\/www.casavivagarda.com\/wp-content\/uploads\/2022\/06\/sedum-giardino-tetto-casa-viva-300x300.jpeg 300w, https:\/\/www.casavivagarda.com\/wp-content\/uploads\/2022\/06\/sedum-giardino-tetto-casa-viva-1024x1024.jpeg 1024w, https:\/\/www.casavivagarda.com\/wp-content\/uploads\/2022\/06\/sedum-giardino-tetto-casa-viva-150x150.jpeg 150w, https:\/\/www.casavivagarda.com\/wp-content\/uploads\/2022\/06\/sedum-giardino-tetto-casa-viva-768x768.jpeg 768w, https:\/\/www.casavivagarda.com\/wp-content\/uploads\/2022\/06\/sedum-giardino-tetto-casa-viva-400x400.jpeg 400w, https:\/\/www.casavivagarda.com\/wp-content\/uploads\/2022\/06\/sedum-giardino-tetto-casa-viva-800x800.jpeg 800w\" sizes=\"auto, (max-width: 1200px) 100vw, 1200px\" \/>\t\t\t\t\t\t            <\/div>\t\t\t\t\t\t            <div><img loading=\"lazy\" decoding=\"async\" width=\"1189\" height=\"1189\" src=\"https:\/\/www.casavivagarda.com\/wp-content\/uploads\/2022\/06\/tetto-giardino-sedum-casa-viva-garda.jpeg\" class=\"attachment-full size-full\" alt=\"\" srcset=\"https:\/\/www.casavivagarda.com\/wp-content\/uploads\/2022\/06\/tetto-giardino-sedum-casa-viva-garda.jpeg 1189w, https:\/\/www.casavivagarda.com\/wp-content\/uploads\/2022\/06\/tetto-giardino-sedum-casa-viva-garda-300x300.jpeg 300w, https:\/\/www.casavivagarda.com\/wp-content\/uploads\/2022\/06\/tetto-giardino-sedum-casa-viva-garda-1024x1024.jpeg 1024w, https:\/\/www.casavivagarda.com\/wp-content\/uploads\/2022\/06\/tetto-giardino-sedum-casa-viva-garda-150x150.jpeg 150w, https:\/\/www.casavivagarda.com\/wp-content\/uploads\/2022\/06\/tetto-giardino-sedum-casa-viva-garda-768x768.jpeg 768w, https:\/\/www.casavivagarda.com\/wp-content\/uploads\/2022\/06\/tetto-giardino-sedum-casa-viva-garda-400x400.jpeg 400w, https:\/\/www.casavivagarda.com\/wp-content\/uploads\/2022\/06\/tetto-giardino-sedum-casa-viva-garda-800x800.jpeg 800w\" sizes=\"auto, (max-width: 1189px) 100vw, 1189px\" \/>\t\t\t\t\t\t            <\/div>\t\t\t\t\t\t    <\/div>\t\t\t\t\t\t<\/div>\t\t\t\t\t<\/div>\t\t\t<\/div>\t\t<\/div>\t\t<div class=\"col-sm-6\">\t\t\t\t<div class=\"slider-pagina\">\t\t\t\t\t<div class=\"header-image\">\t\t\t\t\t    <div class=\"slider-dx-top\">\t\t\t\t\t            <div><img loading=\"lazy\" decoding=\"async\" width=\"1286\" height=\"643\" src=\"https:\/\/www.casavivagarda.com\/wp-content\/uploads\/2022\/06\/legno-larice-casa-viva-garda.jpeg\" class=\"attachment-full size-full\" alt=\"Camere costruite in Legno Larice a Casa Viva a Garda\" srcset=\"https:\/\/www.casavivagarda.com\/wp-content\/uploads\/2022\/06\/legno-larice-casa-viva-garda.jpeg 1286w, https:\/\/www.casavivagarda.com\/wp-content\/uploads\/2022\/06\/legno-larice-casa-viva-garda-300x150.jpeg 300w, https:\/\/www.casavivagarda.com\/wp-content\/uploads\/2022\/06\/legno-larice-casa-viva-garda-1024x512.jpeg 1024w, https:\/\/www.casavivagarda.com\/wp-content\/uploads\/2022\/06\/legno-larice-casa-viva-garda-768x384.jpeg 768w\" sizes=\"auto, (max-width: 1286px) 100vw, 1286px\" \/>\t\t\t\t\t            <\/div>\t\t\t\t\t            <div><img loading=\"lazy\" decoding=\"async\" width=\"1400\" height=\"700\" src=\"https:\/\/www.casavivagarda.com\/wp-content\/uploads\/2022\/06\/eco-camere-casa-viva-garda.jpeg\" class=\"attachment-full size-full\" alt=\"Eco Camere a Casa Viva, Garda\" srcset=\"https:\/\/www.casavivagarda.com\/wp-content\/uploads\/2022\/06\/eco-camere-casa-viva-garda.jpeg 1400w, https:\/\/www.casavivagarda.com\/wp-content\/uploads\/2022\/06\/eco-camere-casa-viva-garda-300x150.jpeg 300w, https:\/\/www.casavivagarda.com\/wp-content\/uploads\/2022\/06\/eco-camere-casa-viva-garda-1024x512.jpeg 1024w, https:\/\/www.casavivagarda.com\/wp-content\/uploads\/2022\/06\/eco-camere-casa-viva-garda-768x384.jpeg 768w\" sizes=\"auto, (max-width: 1400px) 100vw, 1400px\" \/>\t\t\t\t\t            <\/div>\t\t\t\t\t    <\/div>\t\t\t\t\t<\/div>\t\t\t\t<\/div>\t\t\t\t<div class=\"slider-pagina\">\t\t\t\t\t<div class=\"header-image\">\t\t\t\t\t    <div class=\"slider-dx-bottom\">\t\t\t\t\t            <div><img loading=\"lazy\" decoding=\"async\" width=\"1400\" height=\"699\" src=\"https:\/\/www.casavivagarda.com\/wp-content\/uploads\/2022\/06\/camere-casa-viva-garda.jpeg\" class=\"attachment-full size-full\" alt=\"\" srcset=\"https:\/\/www.casavivagarda.com\/wp-content\/uploads\/2022\/06\/camere-casa-viva-garda.jpeg 1400w, https:\/\/www.casavivagarda.com\/wp-content\/uploads\/2022\/06\/camere-casa-viva-garda-300x150.jpeg 300w, https:\/\/www.casavivagarda.com\/wp-content\/uploads\/2022\/06\/camere-casa-viva-garda-1024x511.jpeg 1024w, https:\/\/www.casavivagarda.com\/wp-content\/uploads\/2022\/06\/camere-casa-viva-garda-768x383.jpeg 768w\" sizes=\"auto, (max-width: 1400px) 100vw, 1400px\" \/>\t\t\t\t\t            <\/div>\t\t\t\t\t            <div><img loading=\"lazy\" decoding=\"async\" width=\"1400\" height=\"700\" src=\"https:\/\/www.casavivagarda.com\/wp-content\/uploads\/2022\/06\/intonaco-argilla-eco-camere-casa-viva-garda.jpeg\" class=\"attachment-full size-full\" alt=\"Intonaco in Argilla sulle Eco Camere di Casa Viva a Garda\" srcset=\"https:\/\/www.casavivagarda.com\/wp-content\/uploads\/2022\/06\/intonaco-argilla-eco-camere-casa-viva-garda.jpeg 1400w, https:\/\/www.casavivagarda.com\/wp-content\/uploads\/2022\/06\/intonaco-argilla-eco-camere-casa-viva-garda-300x150.jpeg 300w, https:\/\/www.casavivagarda.com\/wp-content\/uploads\/2022\/06\/intonaco-argilla-eco-camere-casa-viva-garda-1024x512.jpeg 1024w, https:\/\/www.casavivagarda.com\/wp-content\/uploads\/2022\/06\/intonaco-argilla-eco-camere-casa-viva-garda-768x384.jpeg 768w\" sizes=\"auto, (max-width: 1400px) 100vw, 1400px\" \/>\t\t\t\t\t            <\/div>\t\t\t\t\t    <\/div>\t\t\t\t\t<\/div>\t\t\t\t<\/div>\t\t<\/div>\t<\/div><\/div>\n\n\n\n<div class=\"wp-block-jetpack-layout-grid column1-desktop-grid__span-8 column1-desktop-grid__start-3 column1-desktop-grid__row-1 column1-tablet-grid__span-8 column1-tablet-grid__row-1 column1-mobile-grid__span-4 column1-mobile-grid__row-1\">\n<div class=\"wp-block-jetpack-layout-grid-column wp-block-jetpack-layout-grid__padding-none\">\n<p>Die D\u00e4cher sind mit Sedum begr\u00fcnt. Dies ist eine Dickblattpflanze, die die Luft wie eine Lunge filtert. Unter dem gr\u00fcnen Dach liegen jeweils drei Holzbalken, das Stroh sowie eine Luftschicht, welche zusammen die Decke bilden. Als D\u00e4mmmaterial wurden Stroh, Reisspelze und Kork verwendet. T\u00fcren und Fenster wurden liebevoll restauriert und sind allesamt Einzelst\u00fccke.<\/p>\n\n\n\n<p>Unter den Terracotta-Fu\u00dfb\u00f6den flie\u00dft frisches Wasser aus dem Brunnen. Im Sommer hat es eine k\u00fchlende Funktion, im Winter hingegen wird es mithilfe einer Solaranlage f\u00fcr die Fu\u00dfbodenheizung erhitzt.<\/p>\n\n\n\n<blockquote class=\"wp-block-quote is-layout-flow wp-block-quote-is-layout-flow\"><p>Casa Viva atmet, es atmet wirklich und wir sp\u00fcren, dass wir hier eine besondere Mission haben.<\/p><\/blockquote>\n\n\n\n<p>Mit unserem Traum m\u00f6chten wir zeigen, dass es m\u00f6glich ist, im Einklang mit der Natur zu leben und dass jeder von uns seinen Teil dazu beitragen kann, um die Dinge langsamer anzugehen, das \u00dcberfl\u00fcssige loszulassen und die Welt ein bisschen besser zu machen.&nbsp;<\/p>\n<\/div>\n<\/div>\n","protected":false},"excerpt":{"rendered":"<p>Bauen mit geringer Umweltbelastung Die Strohballenbauweise ist gro\u00dfartig. Stroh ist ein landwirtschaftliches Nebenprodukt, das beim Anbau von Getreide anf\u00e4llt. Es ist ein \u00f6kologischer, nachwachsender Baustoff, der in der Industrie wenig Bedeutung hat. Stroh wird nicht in einem Betrieb erzeugt, sondern w\u00e4chst auf einem Feld und der Verk\u00e4ufer ist kein Produzent, sondern ein Landwirt. Stroh-Lehmw\u00e4nde zeichnen&hellip;<\/p>\n","protected":false},"author":1,"featured_media":2725,"parent":0,"menu_order":1,"comment_status":"closed","ping_status":"closed","template":"","meta":{"_acf_changed":false,"inline_featured_image":false,"footnotes":""},"class_list":["post-3396","page","type-page","status-publish","has-post-thumbnail","hentry"],"acf":[],"yoast_head":"<!-- This site is optimized with the Yoast SEO plugin v28.2 - https:\/\/yoast.com\/product\/yoast-seo-wordpress\/ -->\n<title>Strohballenh\u00e4user im Casa Viva am Gardasee<\/title>\n<meta name=\"description\" content=\"Hier erz\u00e4hlen wir dir, wie wir die nachhaltigen, klimaneutralen Strohballenh\u00e4user im Casa Viva am Gardasee errichtet haben. Viel Spa\u00df beim Lesen.\" \/>\n<meta name=\"robots\" content=\"index, follow, max-snippet:-1, max-image-preview:large, max-video-preview:-1\" \/>\n<link rel=\"canonical\" href=\"https:\/\/www.casavivagarda.com\/de\/strohballenhauser-gardasee\/\" \/>\n<meta property=\"og:locale\" content=\"de_DE\" \/>\n<meta property=\"og:type\" content=\"article\" \/>\n<meta property=\"og:title\" content=\"Strohballenh\u00e4user im Casa Viva am Gardasee\" \/>\n<meta property=\"og:description\" content=\"Hier erz\u00e4hlen wir dir, wie wir die nachhaltigen, klimaneutralen Strohballenh\u00e4user im Casa Viva am Gardasee errichtet haben. Viel Spa\u00df beim Lesen.\" \/>\n<meta property=\"og:url\" content=\"https:\/\/www.casavivagarda.com\/de\/strohballenhauser-gardasee\/\" \/>\n<meta property=\"og:site_name\" content=\"Casa Viva\" \/>\n<meta property=\"article:modified_time\" content=\"2022-07-30T15:11:23+00:00\" \/>\n<meta property=\"og:image\" content=\"https:\/\/www.casavivagarda.com\/wp-content\/uploads\/2022\/06\/casa-viva-anima-bio-eco-sostenibile-1.jpg\" \/>\n\t<meta property=\"og:image:width\" content=\"1113\" \/>\n\t<meta property=\"og:image:height\" content=\"1001\" \/>\n\t<meta property=\"og:image:type\" content=\"image\/jpeg\" \/>\n<meta name=\"twitter:card\" content=\"summary_large_image\" \/>\n<meta name=\"twitter:label1\" content=\"Gesch\u00e4tzte Lesezeit\" \/>\n\t<meta name=\"twitter:data1\" content=\"3\u00a0Minuten\" \/>\n<script type=\"application\/ld+json\" class=\"yoast-schema-graph\">{\"@context\":\"https:\\\/\\\/schema.org\",\"@graph\":[{\"@type\":\"WebPage\",\"@id\":\"https:\\\/\\\/www.casavivagarda.com\\\/de\\\/strohballenhauser-gardasee\\\/\",\"url\":\"https:\\\/\\\/www.casavivagarda.com\\\/de\\\/strohballenhauser-gardasee\\\/\",\"name\":\"Strohballenh\u00e4user im Casa Viva am Gardasee\",\"isPartOf\":{\"@id\":\"https:\\\/\\\/www.casavivagarda.com\\\/de\\\/#website\"},\"primaryImageOfPage\":{\"@id\":\"https:\\\/\\\/www.casavivagarda.com\\\/de\\\/strohballenhauser-gardasee\\\/#primaryimage\"},\"image\":{\"@id\":\"https:\\\/\\\/www.casavivagarda.com\\\/de\\\/strohballenhauser-gardasee\\\/#primaryimage\"},\"thumbnailUrl\":\"https:\\\/\\\/www.casavivagarda.com\\\/wp-content\\\/uploads\\\/2022\\\/06\\\/casa-viva-anima-bio-eco-sostenibile-1.jpg\",\"datePublished\":\"2022-06-08T16:03:10+00:00\",\"dateModified\":\"2022-07-30T15:11:23+00:00\",\"description\":\"Hier erz\u00e4hlen wir dir, wie wir die nachhaltigen, klimaneutralen Strohballenh\u00e4user im Casa Viva am Gardasee errichtet haben. Viel Spa\u00df beim Lesen.\",\"breadcrumb\":{\"@id\":\"https:\\\/\\\/www.casavivagarda.com\\\/de\\\/strohballenhauser-gardasee\\\/#breadcrumb\"},\"inLanguage\":\"de\",\"potentialAction\":[{\"@type\":\"ReadAction\",\"target\":[\"https:\\\/\\\/www.casavivagarda.com\\\/de\\\/strohballenhauser-gardasee\\\/\"]}]},{\"@type\":\"ImageObject\",\"inLanguage\":\"de\",\"@id\":\"https:\\\/\\\/www.casavivagarda.com\\\/de\\\/strohballenhauser-gardasee\\\/#primaryimage\",\"url\":\"https:\\\/\\\/www.casavivagarda.com\\\/wp-content\\\/uploads\\\/2022\\\/06\\\/casa-viva-anima-bio-eco-sostenibile-1.jpg\",\"contentUrl\":\"https:\\\/\\\/www.casavivagarda.com\\\/wp-content\\\/uploads\\\/2022\\\/06\\\/casa-viva-anima-bio-eco-sostenibile-1.jpg\",\"width\":1113,\"height\":1001,\"caption\":\"Casa Viva a Garda Anima Bio Eco Sostenibile\"},{\"@type\":\"BreadcrumbList\",\"@id\":\"https:\\\/\\\/www.casavivagarda.com\\\/de\\\/strohballenhauser-gardasee\\\/#breadcrumb\",\"itemListElement\":[{\"@type\":\"ListItem\",\"position\":1,\"name\":\"Home\",\"item\":\"https:\\\/\\\/www.casavivagarda.com\\\/de\\\/\"},{\"@type\":\"ListItem\",\"position\":2,\"name\":\"\u00f6ko-seele\"}]},{\"@type\":\"WebSite\",\"@id\":\"https:\\\/\\\/www.casavivagarda.com\\\/de\\\/#website\",\"url\":\"https:\\\/\\\/www.casavivagarda.com\\\/de\\\/\",\"name\":\"Casa Viva\",\"description\":\"eco sleep \u2022 bio pool\",\"potentialAction\":[{\"@type\":\"SearchAction\",\"target\":{\"@type\":\"EntryPoint\",\"urlTemplate\":\"https:\\\/\\\/www.casavivagarda.com\\\/de\\\/?s={search_term_string}\"},\"query-input\":{\"@type\":\"PropertyValueSpecification\",\"valueRequired\":true,\"valueName\":\"search_term_string\"}}],\"inLanguage\":\"de\"}]}<\/script>\n<!-- \/ Yoast SEO plugin. -->","yoast_head_json":{"title":"Strohballenh\u00e4user im Casa Viva am Gardasee","description":"Hier erz\u00e4hlen wir dir, wie wir die nachhaltigen, klimaneutralen Strohballenh\u00e4user im Casa Viva am Gardasee errichtet haben. Viel Spa\u00df beim Lesen.","robots":{"index":"index","follow":"follow","max-snippet":"max-snippet:-1","max-image-preview":"max-image-preview:large","max-video-preview":"max-video-preview:-1"},"canonical":"https:\/\/www.casavivagarda.com\/de\/strohballenhauser-gardasee\/","og_locale":"de_DE","og_type":"article","og_title":"Strohballenh\u00e4user im Casa Viva am Gardasee","og_description":"Hier erz\u00e4hlen wir dir, wie wir die nachhaltigen, klimaneutralen Strohballenh\u00e4user im Casa Viva am Gardasee errichtet haben. Viel Spa\u00df beim Lesen.","og_url":"https:\/\/www.casavivagarda.com\/de\/strohballenhauser-gardasee\/","og_site_name":"Casa Viva","article_modified_time":"2022-07-30T15:11:23+00:00","og_image":[{"width":1113,"height":1001,"url":"https:\/\/www.casavivagarda.com\/wp-content\/uploads\/2022\/06\/casa-viva-anima-bio-eco-sostenibile-1.jpg","type":"image\/jpeg"}],"twitter_card":"summary_large_image","twitter_misc":{"Gesch\u00e4tzte Lesezeit":"3\u00a0Minuten"},"schema":{"@context":"https:\/\/schema.org","@graph":[{"@type":"WebPage","@id":"https:\/\/www.casavivagarda.com\/de\/strohballenhauser-gardasee\/","url":"https:\/\/www.casavivagarda.com\/de\/strohballenhauser-gardasee\/","name":"Strohballenh\u00e4user im Casa Viva am Gardasee","isPartOf":{"@id":"https:\/\/www.casavivagarda.com\/de\/#website"},"primaryImageOfPage":{"@id":"https:\/\/www.casavivagarda.com\/de\/strohballenhauser-gardasee\/#primaryimage"},"image":{"@id":"https:\/\/www.casavivagarda.com\/de\/strohballenhauser-gardasee\/#primaryimage"},"thumbnailUrl":"https:\/\/www.casavivagarda.com\/wp-content\/uploads\/2022\/06\/casa-viva-anima-bio-eco-sostenibile-1.jpg","datePublished":"2022-06-08T16:03:10+00:00","dateModified":"2022-07-30T15:11:23+00:00","description":"Hier erz\u00e4hlen wir dir, wie wir die nachhaltigen, klimaneutralen Strohballenh\u00e4user im Casa Viva am Gardasee errichtet haben. Viel Spa\u00df beim Lesen.","breadcrumb":{"@id":"https:\/\/www.casavivagarda.com\/de\/strohballenhauser-gardasee\/#breadcrumb"},"inLanguage":"de","potentialAction":[{"@type":"ReadAction","target":["https:\/\/www.casavivagarda.com\/de\/strohballenhauser-gardasee\/"]}]},{"@type":"ImageObject","inLanguage":"de","@id":"https:\/\/www.casavivagarda.com\/de\/strohballenhauser-gardasee\/#primaryimage","url":"https:\/\/www.casavivagarda.com\/wp-content\/uploads\/2022\/06\/casa-viva-anima-bio-eco-sostenibile-1.jpg","contentUrl":"https:\/\/www.casavivagarda.com\/wp-content\/uploads\/2022\/06\/casa-viva-anima-bio-eco-sostenibile-1.jpg","width":1113,"height":1001,"caption":"Casa Viva a Garda Anima Bio Eco Sostenibile"},{"@type":"BreadcrumbList","@id":"https:\/\/www.casavivagarda.com\/de\/strohballenhauser-gardasee\/#breadcrumb","itemListElement":[{"@type":"ListItem","position":1,"name":"Home","item":"https:\/\/www.casavivagarda.com\/de\/"},{"@type":"ListItem","position":2,"name":"\u00f6ko-seele"}]},{"@type":"WebSite","@id":"https:\/\/www.casavivagarda.com\/de\/#website","url":"https:\/\/www.casavivagarda.com\/de\/","name":"Casa Viva","description":"eco sleep \u2022 bio pool","potentialAction":[{"@type":"SearchAction","target":{"@type":"EntryPoint","urlTemplate":"https:\/\/www.casavivagarda.com\/de\/?s={search_term_string}"},"query-input":{"@type":"PropertyValueSpecification","valueRequired":true,"valueName":"search_term_string"}}],"inLanguage":"de"}]}},"_links":{"self":[{"href":"https:\/\/www.casavivagarda.com\/de\/wp-json\/wp\/v2\/pages\/3396","targetHints":{"allow":["GET"]}}],"collection":[{"href":"https:\/\/www.casavivagarda.com\/de\/wp-json\/wp\/v2\/pages"}],"about":[{"href":"https:\/\/www.casavivagarda.com\/de\/wp-json\/wp\/v2\/types\/page"}],"author":[{"embeddable":true,"href":"https:\/\/www.casavivagarda.com\/de\/wp-json\/wp\/v2\/users\/1"}],"replies":[{"embeddable":true,"href":"https:\/\/www.casavivagarda.com\/de\/wp-json\/wp\/v2\/comments?post=3396"}],"version-history":[{"count":1,"href":"https:\/\/www.casavivagarda.com\/de\/wp-json\/wp\/v2\/pages\/3396\/revisions"}],"predecessor-version":[{"id":3645,"href":"https:\/\/www.casavivagarda.com\/de\/wp-json\/wp\/v2\/pages\/3396\/revisions\/3645"}],"wp:featuredmedia":[{"embeddable":true,"href":"https:\/\/www.casavivagarda.com\/de\/wp-json\/wp\/v2\/media\/2725"}],"wp:attachment":[{"href":"https:\/\/www.casavivagarda.com\/de\/wp-json\/wp\/v2\/media?parent=3396"}],"curies":[{"name":"wp","href":"https:\/\/api.w.org\/{rel}","templated":true}]}}