{"id":3391,"date":"2022-06-08T18:03:10","date_gmt":"2022-06-08T16:03:10","guid":{"rendered":"https:\/\/www.casavivagarda.com\/camere-ecovacanze-garda\/"},"modified":"2026-06-16T09:11:29","modified_gmt":"2026-06-16T07:11:29","slug":"zimmer-okoferien-gardasee","status":"publish","type":"page","link":"https:\/\/www.casavivagarda.com\/de\/zimmer-okoferien-gardasee\/","title":{"rendered":"naturzimmer"},"content":{"rendered":"\n<div class=\"wp-block-jetpack-layout-grid column1-desktop-grid__span-8 column1-desktop-grid__start-3 column1-desktop-grid__row-1 column1-tablet-grid__span-8 column1-tablet-grid__row-1 column1-mobile-grid__span-4 column1-mobile-grid__row-1\">\n<div class=\"wp-block-jetpack-layout-grid-column wp-block-jetpack-layout-grid__padding-none\">\n<figure class=\"wp-block-image size-full is-style-rounded paragraph-round-image\"><img loading=\"lazy\" decoding=\"async\" width=\"800\" height=\"800\" src=\"https:\/\/www.casavivagarda.com\/wp-content\/uploads\/2022\/12\/colazione-breakfast-camere-casa-viva.jpg\" alt=\"Colazione con Prodotti Locali a Casa Viva Garda\" class=\"wp-image-4197\" srcset=\"https:\/\/www.casavivagarda.com\/wp-content\/uploads\/2022\/12\/colazione-breakfast-camere-casa-viva.jpg 800w, https:\/\/www.casavivagarda.com\/wp-content\/uploads\/2022\/12\/colazione-breakfast-camere-casa-viva-300x300.jpg 300w, https:\/\/www.casavivagarda.com\/wp-content\/uploads\/2022\/12\/colazione-breakfast-camere-casa-viva-150x150.jpg 150w, https:\/\/www.casavivagarda.com\/wp-content\/uploads\/2022\/12\/colazione-breakfast-camere-casa-viva-768x768.jpg 768w, https:\/\/www.casavivagarda.com\/wp-content\/uploads\/2022\/12\/colazione-breakfast-camere-casa-viva-400x400.jpg 400w\" sizes=\"auto, (max-width: 800px) 100vw, 800px\" \/><\/figure>\n\n\n\n<h2 class=\"wp-block-heading has-text-align-center\">Das Fr\u00fchst\u00fcck<\/h2>\n\n\n\n<p>Es erwartet dich ein leckeres Fr\u00fchst\u00fccksbuffet mit saisonalen Bio-Produkten, die direkt aus unserem Garten oder von kleinen regionalen Erzeugern stammen.&nbsp;<\/p>\n\n\n\n<p>Du kannst dein Fr\u00fchst\u00fcck im gem\u00fctlichen Fr\u00fchst\u00fccksraum oder auf der Terrasse unter der mit Esche begr\u00fcnten Pergola genie\u00dfen.<\/p>\n<\/div>\n<\/div>\n\n\n\n<figure class=\"wp-block-gallery has-nested-images columns-default wp-block-gallery-1 is-layout-flex wp-block-gallery-is-layout-flex\">\n<figure class=\"wp-block-image size-quadrata-big\"><a href=\"https:\/\/www.casavivagarda.com\/wp-content\/uploads\/2023\/07\/vegan-breakfast-garda-local-product-800x800.jpg\"><img loading=\"lazy\" decoding=\"async\" width=\"800\" height=\"800\" data-id=\"6334\" src=\"https:\/\/www.casavivagarda.com\/wp-content\/uploads\/2023\/07\/vegan-breakfast-garda-local-product-800x800.jpg\" alt=\"Vegan Breakfast\" class=\"wp-image-6334\" srcset=\"https:\/\/www.casavivagarda.com\/wp-content\/uploads\/2023\/07\/vegan-breakfast-garda-local-product-800x800.jpg 800w, https:\/\/www.casavivagarda.com\/wp-content\/uploads\/2023\/07\/vegan-breakfast-garda-local-product-150x150.jpg 150w, https:\/\/www.casavivagarda.com\/wp-content\/uploads\/2023\/07\/vegan-breakfast-garda-local-product-400x400.jpg 400w\" sizes=\"auto, (max-width: 800px) 100vw, 800px\" \/><\/a><\/figure>\n\n\n\n<figure class=\"wp-block-image size-quadrata-big\"><a href=\"https:\/\/www.casavivagarda.com\/wp-content\/uploads\/2023\/07\/organic-breakfast-casa-viva-garda-800x800.jpg\"><img loading=\"lazy\" decoding=\"async\" width=\"800\" height=\"800\" data-id=\"6331\" src=\"https:\/\/www.casavivagarda.com\/wp-content\/uploads\/2023\/07\/organic-breakfast-casa-viva-garda-800x800.jpg\" alt=\"Organic Breakfast a Casa Viva Garda\" class=\"wp-image-6331\" srcset=\"https:\/\/www.casavivagarda.com\/wp-content\/uploads\/2023\/07\/organic-breakfast-casa-viva-garda-800x800.jpg 800w, https:\/\/www.casavivagarda.com\/wp-content\/uploads\/2023\/07\/organic-breakfast-casa-viva-garda-150x150.jpg 150w, https:\/\/www.casavivagarda.com\/wp-content\/uploads\/2023\/07\/organic-breakfast-casa-viva-garda-400x400.jpg 400w\" sizes=\"auto, (max-width: 800px) 100vw, 800px\" \/><\/a><\/figure>\n\n\n\n<figure class=\"wp-block-image size-quadrata-big\"><a href=\"https:\/\/www.casavivagarda.com\/wp-content\/uploads\/2023\/07\/colazione-bio-prodotti-locali-garda-800x800.jpg\"><img loading=\"lazy\" decoding=\"async\" width=\"800\" height=\"800\" data-id=\"6328\" src=\"https:\/\/www.casavivagarda.com\/wp-content\/uploads\/2023\/07\/colazione-bio-prodotti-locali-garda-800x800.jpg\" alt=\"Colazione Bio con Prodotti Locali a Casa Viva Garda\" class=\"wp-image-6328\" srcset=\"https:\/\/www.casavivagarda.com\/wp-content\/uploads\/2023\/07\/colazione-bio-prodotti-locali-garda-800x800.jpg 800w, https:\/\/www.casavivagarda.com\/wp-content\/uploads\/2023\/07\/colazione-bio-prodotti-locali-garda-150x150.jpg 150w, https:\/\/www.casavivagarda.com\/wp-content\/uploads\/2023\/07\/colazione-bio-prodotti-locali-garda-400x400.jpg 400w\" sizes=\"auto, (max-width: 800px) 100vw, 800px\" \/><\/a><\/figure>\n\n\n\n<figure class=\"wp-block-image size-quadrata-big\"><a href=\"https:\/\/www.casavivagarda.com\/wp-content\/uploads\/2023\/07\/breakfast-home-made-casa-viva-garda-800x800.jpg\"><img loading=\"lazy\" decoding=\"async\" width=\"800\" height=\"800\" data-id=\"6338\" src=\"https:\/\/www.casavivagarda.com\/wp-content\/uploads\/2023\/07\/breakfast-home-made-casa-viva-garda-800x800.jpg\" alt=\"Bio-Fr\u00fchst\u00fcck mit lokalen Produkten im Casa Viva Garda\" class=\"wp-image-6338\" srcset=\"https:\/\/www.casavivagarda.com\/wp-content\/uploads\/2023\/07\/breakfast-home-made-casa-viva-garda-800x800.jpg 800w, https:\/\/www.casavivagarda.com\/wp-content\/uploads\/2023\/07\/breakfast-home-made-casa-viva-garda-150x150.jpg 150w, https:\/\/www.casavivagarda.com\/wp-content\/uploads\/2023\/07\/breakfast-home-made-casa-viva-garda-400x400.jpg 400w\" sizes=\"auto, (max-width: 800px) 100vw, 800px\" \/><\/a><\/figure>\n\n\n\n<figure class=\"wp-block-image size-large\"><a href=\"https:\/\/www.casavivagarda.com\/wp-content\/uploads\/2022\/07\/colazione-casa-viva-garda-1024x1024.jpeg\"><img loading=\"lazy\" decoding=\"async\" width=\"1024\" height=\"1024\" data-id=\"2888\" src=\"https:\/\/www.casavivagarda.com\/wp-content\/uploads\/2022\/07\/colazione-casa-viva-garda-1024x1024.jpeg\" alt=\"Veranda zum Fr\u00fchst\u00fcck im Casa Viva\" class=\"wp-image-2888\" srcset=\"https:\/\/www.casavivagarda.com\/wp-content\/uploads\/2022\/07\/colazione-casa-viva-garda-1024x1024.jpeg 1024w, https:\/\/www.casavivagarda.com\/wp-content\/uploads\/2022\/07\/colazione-casa-viva-garda-300x300.jpeg 300w, https:\/\/www.casavivagarda.com\/wp-content\/uploads\/2022\/07\/colazione-casa-viva-garda-150x150.jpeg 150w, https:\/\/www.casavivagarda.com\/wp-content\/uploads\/2022\/07\/colazione-casa-viva-garda-768x768.jpeg 768w, https:\/\/www.casavivagarda.com\/wp-content\/uploads\/2022\/07\/colazione-casa-viva-garda-400x400.jpeg 400w, https:\/\/www.casavivagarda.com\/wp-content\/uploads\/2022\/07\/colazione-casa-viva-garda-800x800.jpeg 800w, https:\/\/www.casavivagarda.com\/wp-content\/uploads\/2022\/07\/colazione-casa-viva-garda.jpeg 1200w\" sizes=\"auto, (max-width: 1024px) 100vw, 1024px\" \/><\/a><\/figure>\n\n\n\n<figure class=\"wp-block-image size-quadrata-big\"><a href=\"https:\/\/www.casavivagarda.com\/wp-content\/uploads\/2023\/07\/colazione-bio-casa-viva-garda-800x800.jpg\"><img loading=\"lazy\" decoding=\"async\" width=\"800\" height=\"800\" data-id=\"6344\" src=\"https:\/\/www.casavivagarda.com\/wp-content\/uploads\/2023\/07\/colazione-bio-casa-viva-garda-800x800.jpg\" alt=\"Fr\u00fchst\u00fcck mit Bio-Produkten im Casa Viva Garda\" class=\"wp-image-6344\" srcset=\"https:\/\/www.casavivagarda.com\/wp-content\/uploads\/2023\/07\/colazione-bio-casa-viva-garda-800x800.jpg 800w, https:\/\/www.casavivagarda.com\/wp-content\/uploads\/2023\/07\/colazione-bio-casa-viva-garda-150x150.jpg 150w, https:\/\/www.casavivagarda.com\/wp-content\/uploads\/2023\/07\/colazione-bio-casa-viva-garda-400x400.jpg 400w\" sizes=\"auto, (max-width: 800px) 100vw, 800px\" \/><\/a><\/figure>\n\n\n\n<figure class=\"wp-block-image size-quadrata-big\"><a href=\"https:\/\/www.casavivagarda.com\/wp-content\/uploads\/2023\/07\/breakfast-vegan-cashew-spread-casa-viva-garda-800x800.jpg\"><img loading=\"lazy\" decoding=\"async\" width=\"800\" height=\"800\" data-id=\"6341\" src=\"https:\/\/www.casavivagarda.com\/wp-content\/uploads\/2023\/07\/breakfast-vegan-cashew-spread-casa-viva-garda-800x800.jpg\" alt=\"Veganer Cashew-Aufstrich im Casa Viva\" class=\"wp-image-6341\" srcset=\"https:\/\/www.casavivagarda.com\/wp-content\/uploads\/2023\/07\/breakfast-vegan-cashew-spread-casa-viva-garda-800x800.jpg 800w, https:\/\/www.casavivagarda.com\/wp-content\/uploads\/2023\/07\/breakfast-vegan-cashew-spread-casa-viva-garda-150x150.jpg 150w, https:\/\/www.casavivagarda.com\/wp-content\/uploads\/2023\/07\/breakfast-vegan-cashew-spread-casa-viva-garda-400x400.jpg 400w\" sizes=\"auto, (max-width: 800px) 100vw, 800px\" \/><\/a><\/figure>\n\n\n\n<figure class=\"wp-block-image size-quadrata-big\"><a href=\"https:\/\/www.casavivagarda.com\/wp-content\/uploads\/2022\/12\/colazione-prodotti-locali-bio-casa-viva-800x800.jpg\"><img loading=\"lazy\" decoding=\"async\" width=\"800\" height=\"800\" data-id=\"4201\" src=\"https:\/\/www.casavivagarda.com\/wp-content\/uploads\/2022\/12\/colazione-prodotti-locali-bio-casa-viva-800x800.jpg\" alt=\"Fr\u00fchst\u00fcck mit lokalen Bio-Produkten \u2022 Casa Viva Garda\" class=\"wp-image-4201\" srcset=\"https:\/\/www.casavivagarda.com\/wp-content\/uploads\/2022\/12\/colazione-prodotti-locali-bio-casa-viva-800x800.jpg 800w, https:\/\/www.casavivagarda.com\/wp-content\/uploads\/2022\/12\/colazione-prodotti-locali-bio-casa-viva-150x150.jpg 150w, https:\/\/www.casavivagarda.com\/wp-content\/uploads\/2022\/12\/colazione-prodotti-locali-bio-casa-viva-400x400.jpg 400w\" sizes=\"auto, (max-width: 800px) 100vw, 800px\" \/><\/a><\/figure>\n\n\n\n<figure class=\"wp-block-image size-quadrata-big\"><a href=\"https:\/\/www.casavivagarda.com\/wp-content\/uploads\/2022\/12\/colazione-breakfast-camere-casa-viva-800x800.jpg\"><img loading=\"lazy\" decoding=\"async\" width=\"800\" height=\"800\" data-id=\"4196\" src=\"https:\/\/www.casavivagarda.com\/wp-content\/uploads\/2022\/12\/colazione-breakfast-camere-casa-viva-800x800.jpg\" alt=\"Bio-Fr\u00fchst\u00fcck im Casa Viva Garda\" class=\"wp-image-4196\" srcset=\"https:\/\/www.casavivagarda.com\/wp-content\/uploads\/2022\/12\/colazione-breakfast-camere-casa-viva.jpg 800w, https:\/\/www.casavivagarda.com\/wp-content\/uploads\/2022\/12\/colazione-breakfast-camere-casa-viva-300x300.jpg 300w, https:\/\/www.casavivagarda.com\/wp-content\/uploads\/2022\/12\/colazione-breakfast-camere-casa-viva-150x150.jpg 150w, https:\/\/www.casavivagarda.com\/wp-content\/uploads\/2022\/12\/colazione-breakfast-camere-casa-viva-768x768.jpg 768w, https:\/\/www.casavivagarda.com\/wp-content\/uploads\/2022\/12\/colazione-breakfast-camere-casa-viva-400x400.jpg 400w\" sizes=\"auto, (max-width: 800px) 100vw, 800px\" \/><\/a><\/figure>\n<\/figure>\n\n\n\n<div class=\"wp-block-jetpack-layout-grid column1-desktop-grid__span-8 column1-desktop-grid__start-3 column1-desktop-grid__row-1 column1-tablet-grid__span-8 column1-tablet-grid__row-1 column1-mobile-grid__span-4 column1-mobile-grid__row-1\">\n<div class=\"wp-block-jetpack-layout-grid-column wp-block-jetpack-layout-grid__padding-none\">\n<figure class=\"wp-block-image size-full is-style-rounded paragraph-round-image\" id=\"cucina\"><img loading=\"lazy\" decoding=\"async\" width=\"800\" height=\"800\" src=\"https:\/\/www.casavivagarda.com\/wp-content\/uploads\/2022\/12\/cucina-outdoor-casa-viva-garda.jpg\" alt=\"Cucina outdoor disponibile per le camere di Casa Viva\" class=\"wp-image-4212\" title=\"\" srcset=\"https:\/\/www.casavivagarda.com\/wp-content\/uploads\/2022\/12\/cucina-outdoor-casa-viva-garda.jpg 800w, https:\/\/www.casavivagarda.com\/wp-content\/uploads\/2022\/12\/cucina-outdoor-casa-viva-garda-300x300.jpg 300w, https:\/\/www.casavivagarda.com\/wp-content\/uploads\/2022\/12\/cucina-outdoor-casa-viva-garda-150x150.jpg 150w, https:\/\/www.casavivagarda.com\/wp-content\/uploads\/2022\/12\/cucina-outdoor-casa-viva-garda-768x768.jpg 768w, https:\/\/www.casavivagarda.com\/wp-content\/uploads\/2022\/12\/cucina-outdoor-casa-viva-garda-400x400.jpg 400w\" sizes=\"auto, (max-width: 800px) 100vw, 800px\" \/><\/figure>\n\n\n\n<h2 class=\"wp-block-heading has-text-align-center\">Outdoor-K\u00fcche<\/h2>\n\n\n\n<p>Unsere Outdoor-K\u00fcche befindet sich im Garten neben dem Naturpool, zwischen Wald und Reitstall.<\/p>\n\n\n\n<p>Hier kann man herrlich im Freien, unter einem restaurierten Segel eines historischen Segelschiffs vom Gardasee, sein Mittag- oder Abendessen zubereiten, grillen oder einen Aperitif genie\u00dfen.<\/p>\n\n\n\n<p>Die K\u00fcche ist komplett ausgestattet mit:<\/p>\n\n\n\n<ul class=\"wp-block-list\">\n<li>2 gro\u00dfen K\u00fchlschr\u00e4nken<\/li>\n\n\n\n<li>Elektroherd<\/li>\n\n\n\n<li>Kocht\u00f6pfen, Gl\u00e4sern und Geschirr<\/li>\n\n\n\n<li>Grill<\/li>\n<\/ul>\n\n\n\n<p>Die Nutzung der Outdoor-K\u00fcche ist im Preis inbegriffen.<\/p>\n<\/div>\n<\/div>\n\n\n\n<figure class=\"wp-block-gallery has-nested-images columns-default wp-block-gallery-2 is-layout-flex wp-block-gallery-is-layout-flex\">\n<figure class=\"wp-block-image size-quadrata-big\"><a href=\"https:\/\/www.casavivagarda.com\/wp-content\/uploads\/2022\/12\/cucina-vicino-biopiscina-casa-viva-garda-800x800.jpg\"><img loading=\"lazy\" decoding=\"async\" width=\"800\" height=\"800\" data-id=\"4224\" src=\"https:\/\/www.casavivagarda.com\/wp-content\/uploads\/2022\/12\/cucina-vicino-biopiscina-casa-viva-garda-800x800.jpg\" alt=\"Au\u00dfenk\u00fcche mit K\u00fchlschrank, Kochfeld und Grill\" class=\"wp-image-4224\" srcset=\"https:\/\/www.casavivagarda.com\/wp-content\/uploads\/2022\/12\/cucina-vicino-biopiscina-casa-viva-garda-800x800.jpg 800w, https:\/\/www.casavivagarda.com\/wp-content\/uploads\/2022\/12\/cucina-vicino-biopiscina-casa-viva-garda-150x150.jpg 150w, https:\/\/www.casavivagarda.com\/wp-content\/uploads\/2022\/12\/cucina-vicino-biopiscina-casa-viva-garda-400x400.jpg 400w\" sizes=\"auto, (max-width: 800px) 100vw, 800px\" \/><\/a><\/figure>\n\n\n\n<figure class=\"wp-block-image size-quadrata-big\"><a href=\"https:\/\/www.casavivagarda.com\/wp-content\/uploads\/2022\/12\/camere-con-cucina-casa-viva-garda-800x800.jpg\"><img loading=\"lazy\" decoding=\"async\" width=\"800\" height=\"800\" data-id=\"4221\" src=\"https:\/\/www.casavivagarda.com\/wp-content\/uploads\/2022\/12\/camere-con-cucina-casa-viva-garda-800x800.jpg\" alt=\"Die Zimmer im Casa Viva haben eine voll ausgestattete Au\u00dfenk\u00fcche\" class=\"wp-image-4221\" srcset=\"https:\/\/www.casavivagarda.com\/wp-content\/uploads\/2022\/12\/camere-con-cucina-casa-viva-garda-800x800.jpg 800w, https:\/\/www.casavivagarda.com\/wp-content\/uploads\/2022\/12\/camere-con-cucina-casa-viva-garda-150x150.jpg 150w, https:\/\/www.casavivagarda.com\/wp-content\/uploads\/2022\/12\/camere-con-cucina-casa-viva-garda-400x400.jpg 400w\" sizes=\"auto, (max-width: 800px) 100vw, 800px\" \/><\/a><\/figure>\n\n\n\n<figure class=\"wp-block-image size-quadrata-big\"><a href=\"https:\/\/www.casavivagarda.com\/wp-content\/uploads\/2022\/12\/cucina-outdoor-giardino-casa-viva-800x800.jpg\"><img loading=\"lazy\" decoding=\"async\" width=\"800\" height=\"800\" data-id=\"4270\" src=\"https:\/\/www.casavivagarda.com\/wp-content\/uploads\/2022\/12\/cucina-outdoor-giardino-casa-viva-800x800.jpg\" alt=\"Au\u00dfenk\u00fcche in der N\u00e4he des Casa Viva Biopools\" class=\"wp-image-4270\" srcset=\"https:\/\/www.casavivagarda.com\/wp-content\/uploads\/2022\/12\/cucina-outdoor-giardino-casa-viva-800x800.jpg 800w, https:\/\/www.casavivagarda.com\/wp-content\/uploads\/2022\/12\/cucina-outdoor-giardino-casa-viva-150x150.jpg 150w, https:\/\/www.casavivagarda.com\/wp-content\/uploads\/2022\/12\/cucina-outdoor-giardino-casa-viva-400x400.jpg 400w\" sizes=\"auto, (max-width: 800px) 100vw, 800px\" \/><\/a><\/figure>\n<\/figure>\n\n\n\n<div class=\"wp-block-jetpack-layout-grid column1-desktop-grid__span-8 column1-desktop-grid__start-3 column1-desktop-grid__row-1 column1-tablet-grid__span-8 column1-tablet-grid__row-1 column1-mobile-grid__span-4 column1-mobile-grid__row-1\">\n<div class=\"wp-block-jetpack-layout-grid-column wp-block-jetpack-layout-grid__padding-none\">\n<figure class=\"wp-block-image size-full is-style-rounded paragraph-round-image\" id=\"wallbox\"><img loading=\"lazy\" decoding=\"async\" width=\"1700\" height=\"1133\" src=\"https:\/\/www.casavivagarda.com\/wp-content\/uploads\/2026\/06\/e-auto-ladestation-wallbox-fronius-casa-viva-garda.jpg\" alt=\"E auto ladestation Wallbox Fronius\" class=\"wp-image-7157\" style=\"aspect-ratio:1;object-fit:cover\" srcset=\"https:\/\/www.casavivagarda.com\/wp-content\/uploads\/2026\/06\/e-auto-ladestation-wallbox-fronius-casa-viva-garda.jpg 1700w, https:\/\/www.casavivagarda.com\/wp-content\/uploads\/2026\/06\/e-auto-ladestation-wallbox-fronius-casa-viva-garda-300x200.jpg 300w, https:\/\/www.casavivagarda.com\/wp-content\/uploads\/2026\/06\/e-auto-ladestation-wallbox-fronius-casa-viva-garda-1024x682.jpg 1024w, https:\/\/www.casavivagarda.com\/wp-content\/uploads\/2026\/06\/e-auto-ladestation-wallbox-fronius-casa-viva-garda-768x512.jpg 768w, https:\/\/www.casavivagarda.com\/wp-content\/uploads\/2026\/06\/e-auto-ladestation-wallbox-fronius-casa-viva-garda-700x466.jpg 700w\" sizes=\"auto, (max-width: 1700px) 100vw, 1700px\" \/><\/figure>\n\n\n\n<h2 class=\"wp-block-heading has-text-align-center\">Ladestation f\u00fcr Elektroautos und sicherer E-Bike-Abstellraum<\/h2>\n\n\n\n<p>In Casa Viva kannst du die Umgebung auf leichtere und nachhaltigere Weise erleben \u2013 auch durch die Art, wie du dich fortbewegst. F\u00fcr G\u00e4ste, die mit dem Elektroauto anreisen, steht eine <strong>reservierte Ladestation f\u00fcr Elektroautos <\/strong>zur Verf\u00fcgung: eine<strong> Fronius-Wallbox mit integriertem Ladekabel<\/strong>, die auch mit der Solarenergie unserer Photovoltaikanlage betrieben wird.<\/p>\n\n\n\n<p>F\u00fcr alle, die mit dem Fahrrad oder E-Bike reisen, haben wir einen <strong>geschlossenen und sicheren E-Bike-Abstellraum <\/strong>eingerichtet, der <strong>nur f\u00fcr G\u00e4ste zug\u00e4nglich<\/strong> ist. Er ist mit Alarmanlage, Fahrradhalterungen und Steckdosen zum Aufladen von E-Bikes ausgestattet. Der Raum bietet Platz f\u00fcr <strong>mindestens 10 Fahrr\u00e4der<\/strong> und erm\u00f6glicht das gleichzeitige Aufladen von <strong>bis zu 6 E-Bikes<\/strong>: ideal, um jeden Tag den Gardasee, den Monte Baldo und die Outdoor-Routen in der Umgebung zu entdecken.<\/p>\n\n\n\n<p>Ein Service f\u00fcr alle, die einen freieren, aktiveren und bewussteren Urlaub suchen \u2013 mit der Gewissheit, nach der R\u00fcckkehr einen gepflegten Ort zu finden, an dem du dein Fahrrad sicher abstellen, dein E-Bike aufladen und mit neuer Energie wieder aufbrechen kannst.<\/p>\n<\/div>\n<\/div>\n\n\n\n<figure class=\"wp-block-gallery has-nested-images columns-default wp-block-gallery-3 is-layout-flex wp-block-gallery-is-layout-flex\">\n<figure class=\"wp-block-image size-quadrata-big\"><a href=\"https:\/\/www.casavivagarda.com\/wp-content\/uploads\/2026\/06\/ev-charging-casa-viva-garda-800x800.jpg\"><img loading=\"lazy\" decoding=\"async\" width=\"800\" height=\"800\" data-id=\"7160\" src=\"https:\/\/www.casavivagarda.com\/wp-content\/uploads\/2026\/06\/ev-charging-casa-viva-garda-800x800.jpg\" alt=\"EV Charging Casa Viva Garda\" class=\"wp-image-7160\" srcset=\"https:\/\/www.casavivagarda.com\/wp-content\/uploads\/2026\/06\/ev-charging-casa-viva-garda-800x800.jpg 800w, https:\/\/www.casavivagarda.com\/wp-content\/uploads\/2026\/06\/ev-charging-casa-viva-garda-150x150.jpg 150w, https:\/\/www.casavivagarda.com\/wp-content\/uploads\/2026\/06\/ev-charging-casa-viva-garda-400x400.jpg 400w\" sizes=\"auto, (max-width: 800px) 100vw, 800px\" \/><\/a><\/figure>\n\n\n\n<figure class=\"wp-block-image size-quadrata-big\"><a href=\"https:\/\/www.casavivagarda.com\/wp-content\/uploads\/2026\/06\/solar-ev-charging-casa-viva-garda-800x800.jpg\"><img loading=\"lazy\" decoding=\"async\" width=\"800\" height=\"800\" data-id=\"7169\" src=\"https:\/\/www.casavivagarda.com\/wp-content\/uploads\/2026\/06\/solar-ev-charging-casa-viva-garda-800x800.jpg\" alt=\"Solar EV Charging in Casa Viva Garda\" class=\"wp-image-7169\" srcset=\"https:\/\/www.casavivagarda.com\/wp-content\/uploads\/2026\/06\/solar-ev-charging-casa-viva-garda-800x800.jpg 800w, https:\/\/www.casavivagarda.com\/wp-content\/uploads\/2026\/06\/solar-ev-charging-casa-viva-garda-150x150.jpg 150w, https:\/\/www.casavivagarda.com\/wp-content\/uploads\/2026\/06\/solar-ev-charging-casa-viva-garda-400x400.jpg 400w\" sizes=\"auto, (max-width: 800px) 100vw, 800px\" \/><\/a><\/figure>\n\n\n\n<figure class=\"wp-block-image size-quadrata-big\"><a href=\"https:\/\/www.casavivagarda.com\/wp-content\/uploads\/2026\/06\/secure-bike-storage-room-casa-viva-garda-800x800.jpg\"><img loading=\"lazy\" decoding=\"async\" width=\"800\" height=\"800\" data-id=\"7166\" src=\"https:\/\/www.casavivagarda.com\/wp-content\/uploads\/2026\/06\/secure-bike-storage-room-casa-viva-garda-800x800.jpg\" alt=\"Secure bike storage room in Casa Viva Garda\" class=\"wp-image-7166\" srcset=\"https:\/\/www.casavivagarda.com\/wp-content\/uploads\/2026\/06\/secure-bike-storage-room-casa-viva-garda-800x800.jpg 800w, https:\/\/www.casavivagarda.com\/wp-content\/uploads\/2026\/06\/secure-bike-storage-room-casa-viva-garda-150x150.jpg 150w, https:\/\/www.casavivagarda.com\/wp-content\/uploads\/2026\/06\/secure-bike-storage-room-casa-viva-garda-400x400.jpg 400w\" sizes=\"auto, (max-width: 800px) 100vw, 800px\" \/><\/a><\/figure>\n<\/figure>\n\n\n\n<div class=\"wp-block-jetpack-layout-grid column1-desktop-grid__span-8 column1-desktop-grid__start-3 column1-desktop-grid__row-1 column1-tablet-grid__span-8 column1-tablet-grid__row-1 column1-mobile-grid__span-4 column1-mobile-grid__row-1\">\n<div class=\"wp-block-jetpack-layout-grid-column wp-block-jetpack-layout-grid__padding-none\">\n<figure class=\"wp-block-image size-full is-style-rounded paragraph-round-image\"><img loading=\"lazy\" decoding=\"async\" width=\"762\" height=\"762\" src=\"https:\/\/www.casavivagarda.com\/wp-content\/uploads\/2022\/07\/biopiscina-ninfee-fiori-loto-casa-viva.jpg\" alt=\"Bio-Pool mit Seerosen und Lotusbl\u00fcten im Casa Viva Garda\" class=\"wp-image-2874\" srcset=\"https:\/\/www.casavivagarda.com\/wp-content\/uploads\/2022\/07\/biopiscina-ninfee-fiori-loto-casa-viva.jpg 762w, https:\/\/www.casavivagarda.com\/wp-content\/uploads\/2022\/07\/biopiscina-ninfee-fiori-loto-casa-viva-300x300.jpg 300w, https:\/\/www.casavivagarda.com\/wp-content\/uploads\/2022\/07\/biopiscina-ninfee-fiori-loto-casa-viva-150x150.jpg 150w, https:\/\/www.casavivagarda.com\/wp-content\/uploads\/2022\/07\/biopiscina-ninfee-fiori-loto-casa-viva-400x400.jpg 400w\" sizes=\"auto, (max-width: 762px) 100vw, 762px\" \/><\/figure>\n\n\n\n<h2 class=\"wp-block-heading has-text-align-center\">Der Naturpool<\/h2>\n\n\n\n<p>Nur wenige Schritte von deinem Zimmer entfernt, kannst du in das reine Wasser des Naturpools <a href=\"https:\/\/www.casavivagarda.com\/de\/bio-naturpool-gardasee\/\">Leela<\/a> eintauchen. Ein Naturpool ist ein komplexes \u00d6kosystem, bei dem Wasserpflanzen, Seerosen und Lotusblumen im Gleichgewicht zueinanderstehen.&nbsp;<\/p>\n\n\n\n<p>Das Badewasser reinigt sich dank der Wasserpflanzen und dem nat\u00fcrlichen Sauerstoffgehalt selbst und schenkt K\u00f6rper und Geist umgehend neue Energie.<\/p>\n<\/div>\n<\/div>\n\n\n\n<figure class=\"wp-block-gallery has-nested-images columns-3 is-cropped wp-block-gallery-4 is-layout-flex wp-block-gallery-is-layout-flex\">\n<figure class=\"wp-block-image size-quadrata-big\"><a href=\"https:\/\/www.casavivagarda.com\/wp-content\/uploads\/2021\/07\/bio-pool-garda-casa-viva-eco-holidays.jpeg\"><img loading=\"lazy\" decoding=\"async\" width=\"1600\" height=\"1066\" data-id=\"1349\" src=\"https:\/\/www.casavivagarda.com\/wp-content\/uploads\/2021\/07\/bio-pool-garda-casa-viva-eco-holidays.jpeg\" alt=\"Naturpool \u00d6ko-Urlaub in Garda \u2022 Casa Viva\" class=\"wp-image-1349\" srcset=\"https:\/\/www.casavivagarda.com\/wp-content\/uploads\/2021\/07\/bio-pool-garda-casa-viva-eco-holidays.jpeg 1600w, https:\/\/www.casavivagarda.com\/wp-content\/uploads\/2021\/07\/bio-pool-garda-casa-viva-eco-holidays-300x200.jpeg 300w, https:\/\/www.casavivagarda.com\/wp-content\/uploads\/2021\/07\/bio-pool-garda-casa-viva-eco-holidays-1024x682.jpeg 1024w, https:\/\/www.casavivagarda.com\/wp-content\/uploads\/2021\/07\/bio-pool-garda-casa-viva-eco-holidays-768x512.jpeg 768w, https:\/\/www.casavivagarda.com\/wp-content\/uploads\/2021\/07\/bio-pool-garda-casa-viva-eco-holidays-700x466.jpeg 700w\" sizes=\"auto, (max-width: 1600px) 100vw, 1600px\" \/><\/a><\/figure>\n\n\n\n<figure class=\"wp-block-image size-quadrata-big\"><a href=\"https:\/\/www.casavivagarda.com\/wp-content\/uploads\/2022\/01\/bio-pool-casa-viva-garda-800x800.jpeg\"><img loading=\"lazy\" decoding=\"async\" width=\"800\" height=\"800\" data-id=\"1845\" src=\"https:\/\/www.casavivagarda.com\/wp-content\/uploads\/2022\/01\/bio-pool-casa-viva-garda-800x800.jpeg\" alt=\"Nur wenige Schritte von deinem Zimmer entfernt, kannst du in das reine Wasser des Naturpools \u201eLeela\u201c eintauchen.\" class=\"wp-image-1845\" srcset=\"https:\/\/www.casavivagarda.com\/wp-content\/uploads\/2022\/01\/bio-pool-casa-viva-garda-800x800.jpeg 800w, https:\/\/www.casavivagarda.com\/wp-content\/uploads\/2022\/01\/bio-pool-casa-viva-garda-150x150.jpeg 150w, https:\/\/www.casavivagarda.com\/wp-content\/uploads\/2022\/01\/bio-pool-casa-viva-garda-400x400.jpeg 400w\" sizes=\"auto, (max-width: 800px) 100vw, 800px\" \/><\/a><\/figure>\n\n\n\n<figure class=\"wp-block-image size-quadrata-big\"><a href=\"https:\/\/www.casavivagarda.com\/wp-content\/uploads\/2022\/07\/bio-piscina-casa-viva-garda-lago-800x800.jpeg\"><img loading=\"lazy\" decoding=\"async\" width=\"800\" height=\"800\" data-id=\"2896\" src=\"https:\/\/www.casavivagarda.com\/wp-content\/uploads\/2022\/07\/bio-piscina-casa-viva-garda-lago-800x800.jpeg\" alt=\"Bio-Pool im Casa Viva am Gardasee\" class=\"wp-image-2896\" srcset=\"https:\/\/www.casavivagarda.com\/wp-content\/uploads\/2022\/07\/bio-piscina-casa-viva-garda-lago-800x800.jpeg 800w, https:\/\/www.casavivagarda.com\/wp-content\/uploads\/2022\/07\/bio-piscina-casa-viva-garda-lago-150x150.jpeg 150w, https:\/\/www.casavivagarda.com\/wp-content\/uploads\/2022\/07\/bio-piscina-casa-viva-garda-lago-400x400.jpeg 400w\" sizes=\"auto, (max-width: 800px) 100vw, 800px\" \/><\/a><\/figure>\n<\/figure>\n\n\n\n<div class=\"wp-block-jetpack-layout-grid column1-desktop-grid__span-8 column1-desktop-grid__start-3 column1-desktop-grid__row-1 column1-tablet-grid__span-8 column1-tablet-grid__row-1 column1-mobile-grid__span-4 column1-mobile-grid__row-1\">\n<div class=\"wp-block-jetpack-layout-grid-column wp-block-jetpack-layout-grid__padding-none\">\n<figure class=\"wp-block-image size-full is-style-rounded paragraph-round-image\"><img loading=\"lazy\" decoding=\"async\" width=\"515\" height=\"515\" src=\"https:\/\/www.casavivagarda.com\/wp-content\/uploads\/2022\/07\/cavallo-maneggio-corti-gardesane.jpg\" alt=\"Auf unserem Gel\u00e4nde, ganz in der N\u00e4he deiner Unterkunft, befindet sich unsere Reitschule mit zahlreichen Pferden und Ponys.\" class=\"wp-image-2870\" srcset=\"https:\/\/www.casavivagarda.com\/wp-content\/uploads\/2022\/07\/cavallo-maneggio-corti-gardesane.jpg 515w, https:\/\/www.casavivagarda.com\/wp-content\/uploads\/2022\/07\/cavallo-maneggio-corti-gardesane-300x300.jpg 300w, https:\/\/www.casavivagarda.com\/wp-content\/uploads\/2022\/07\/cavallo-maneggio-corti-gardesane-150x150.jpg 150w, https:\/\/www.casavivagarda.com\/wp-content\/uploads\/2022\/07\/cavallo-maneggio-corti-gardesane-400x400.jpg 400w\" sizes=\"auto, (max-width: 515px) 100vw, 515px\" \/><\/figure>\n\n\n\n<h2 class=\"wp-block-heading has-text-align-center\">Die Reitschule<\/h2>\n\n\n\n<p>Auf unserem Gel\u00e4nde, ganz in der N\u00e4he deiner Unterkunft, befindet sich unsere <a href=\"https:\/\/www.casavivagarda.com\/de\/reitschule-corti-gardesane\/\">Reitschule<\/a> mit zahlreichen Pferden und Ponys. Neben Reitunterricht im Englischen Reitstil, sowohl f\u00fcr Anf\u00e4nger als auch f\u00fcr Fortgeschrittene, organisieren wir auch Sommercamps.<\/p>\n<\/div>\n<\/div>\n\n\n\n<figure class=\"wp-block-gallery has-nested-images columns-default is-cropped wp-block-gallery-5 is-layout-flex wp-block-gallery-is-layout-flex\">\n<figure class=\"wp-block-image size-quadrata-big\"><a href=\"https:\/\/www.casavivagarda.com\/wp-content\/uploads\/2022\/07\/maneggio-equitazione-lezioni-cavalli-garda-800x800.jpeg\"><img loading=\"lazy\" decoding=\"async\" width=\"800\" height=\"800\" data-id=\"2902\" src=\"https:\/\/www.casavivagarda.com\/wp-content\/uploads\/2022\/07\/maneggio-equitazione-lezioni-cavalli-garda-800x800.jpeg\" alt=\"Reitschule mit Unterricht f\u00fcr Anf\u00e4nger und K\u00f6nner am Gardasee\" class=\"wp-image-2902\" srcset=\"https:\/\/www.casavivagarda.com\/wp-content\/uploads\/2022\/07\/maneggio-equitazione-lezioni-cavalli-garda-800x800.jpeg 800w, https:\/\/www.casavivagarda.com\/wp-content\/uploads\/2022\/07\/maneggio-equitazione-lezioni-cavalli-garda-150x150.jpeg 150w, https:\/\/www.casavivagarda.com\/wp-content\/uploads\/2022\/07\/maneggio-equitazione-lezioni-cavalli-garda-400x400.jpeg 400w\" sizes=\"auto, (max-width: 800px) 100vw, 800px\" \/><\/a><\/figure>\n\n\n\n<figure class=\"wp-block-image size-quadrata-big\"><a href=\"https:\/\/www.casavivagarda.com\/wp-content\/uploads\/2022\/06\/cavalli-maneggio-casa-viva-garda-800x800.jpeg\"><img loading=\"lazy\" decoding=\"async\" width=\"800\" height=\"800\" data-id=\"2827\" src=\"https:\/\/www.casavivagarda.com\/wp-content\/uploads\/2022\/06\/cavalli-maneggio-casa-viva-garda-800x800.jpeg\" alt=\"Auf unserem Gel\u00e4nde, ganz in der N\u00e4he deiner Unterkunft, befindet sich unsere Reitschule mit zahlreichen Pferden und Ponys. \" class=\"wp-image-2827\" srcset=\"https:\/\/www.casavivagarda.com\/wp-content\/uploads\/2022\/06\/cavalli-maneggio-casa-viva-garda-800x800.jpeg 800w, https:\/\/www.casavivagarda.com\/wp-content\/uploads\/2022\/06\/cavalli-maneggio-casa-viva-garda-150x150.jpeg 150w, https:\/\/www.casavivagarda.com\/wp-content\/uploads\/2022\/06\/cavalli-maneggio-casa-viva-garda-400x400.jpeg 400w\" sizes=\"auto, (max-width: 800px) 100vw, 800px\" \/><\/a><\/figure>\n\n\n\n<figure class=\"wp-block-image size-large\"><a href=\"https:\/\/www.casavivagarda.com\/wp-content\/uploads\/2021\/11\/centro-ippico-corsi-monta-inglese-garda-1024x682.jpg\"><img loading=\"lazy\" decoding=\"async\" width=\"1024\" height=\"682\" data-id=\"1771\" src=\"https:\/\/www.casavivagarda.com\/wp-content\/uploads\/2021\/11\/centro-ippico-corsi-monta-inglese-garda-1024x682.jpg\" alt=\"Reitunterricht im Englischen Reitstil\" class=\"wp-image-1771\" srcset=\"https:\/\/www.casavivagarda.com\/wp-content\/uploads\/2021\/11\/centro-ippico-corsi-monta-inglese-garda-1024x682.jpg 1024w, https:\/\/www.casavivagarda.com\/wp-content\/uploads\/2021\/11\/centro-ippico-corsi-monta-inglese-garda-300x200.jpg 300w, https:\/\/www.casavivagarda.com\/wp-content\/uploads\/2021\/11\/centro-ippico-corsi-monta-inglese-garda-768x512.jpg 768w, https:\/\/www.casavivagarda.com\/wp-content\/uploads\/2021\/11\/centro-ippico-corsi-monta-inglese-garda-700x466.jpg 700w, https:\/\/www.casavivagarda.com\/wp-content\/uploads\/2021\/11\/centro-ippico-corsi-monta-inglese-garda.jpg 1600w\" sizes=\"auto, (max-width: 1024px) 100vw, 1024px\" \/><\/a><\/figure>\n<\/figure>\n","protected":false},"excerpt":{"rendered":"<p>Das Fr\u00fchst\u00fcck Es erwartet dich ein leckeres Fr\u00fchst\u00fccksbuffet mit saisonalen Bio-Produkten, die direkt aus unserem Garten oder von kleinen regionalen Erzeugern stammen.&nbsp; Du kannst dein Fr\u00fchst\u00fcck im gem\u00fctlichen Fr\u00fchst\u00fccksraum oder auf der Terrasse unter der mit Esche begr\u00fcnten Pergola genie\u00dfen. Outdoor-K\u00fcche Unsere Outdoor-K\u00fcche befindet sich im Garten neben dem Naturpool, zwischen Wald und Reitstall. Hier&hellip;<\/p>\n","protected":false},"author":1,"featured_media":2834,"parent":0,"menu_order":3,"comment_status":"closed","ping_status":"closed","template":"page-camere.php","meta":{"_acf_changed":false,"inline_featured_image":false,"footnotes":""},"class_list":["post-3391","page","type-page","status-publish","has-post-thumbnail","hentry"],"acf":[],"yoast_head":"<!-- This site is optimized with the Yoast SEO plugin v28.2 - https:\/\/yoast.com\/product\/yoast-seo-wordpress\/ -->\n<title>Zimmer aus Stroh, Lehm und Holz im Casa Viva am Gardasee | nachhaltiger Urlaub<\/title>\n<meta name=\"description\" content=\"Im Casa Viva findest du 8 Zimmer aus Tannen- und L\u00e4rchenholz, Stroh und Lehm. Es sind helle Zimmer mit weichen und freundlichen Farben und dem Duft von Natur.\" \/>\n<meta name=\"robots\" content=\"index, follow, max-snippet:-1, max-image-preview:large, max-video-preview:-1\" \/>\n<link rel=\"canonical\" href=\"https:\/\/www.casavivagarda.com\/de\/zimmer-okoferien-gardasee\/\" \/>\n<meta property=\"og:locale\" content=\"de_DE\" \/>\n<meta property=\"og:type\" content=\"article\" \/>\n<meta property=\"og:title\" content=\"Zimmer aus Stroh, Lehm und Holz im Casa Viva am Gardasee | nachhaltiger Urlaub\" \/>\n<meta property=\"og:description\" content=\"Im Casa Viva findest du 8 Zimmer aus Tannen- und L\u00e4rchenholz, Stroh und Lehm. Es sind helle Zimmer mit weichen und freundlichen Farben und dem Duft von Natur.\" \/>\n<meta property=\"og:url\" content=\"https:\/\/www.casavivagarda.com\/de\/zimmer-okoferien-gardasee\/\" \/>\n<meta property=\"og:site_name\" content=\"Casa Viva\" \/>\n<meta property=\"article:modified_time\" content=\"2026-06-16T07:11:29+00:00\" \/>\n<meta property=\"og:image\" content=\"https:\/\/www.casavivagarda.com\/wp-content\/uploads\/2022\/06\/camere-eco-casa-viva-garda.jpeg\" \/>\n\t<meta property=\"og:image:width\" content=\"1105\" \/>\n\t<meta property=\"og:image:height\" content=\"995\" \/>\n\t<meta property=\"og:image:type\" content=\"image\/jpeg\" \/>\n<meta name=\"twitter:card\" content=\"summary_large_image\" \/>\n<meta name=\"twitter:label1\" content=\"Gesch\u00e4tzte Lesezeit\" \/>\n\t<meta name=\"twitter:data1\" content=\"8\u00a0Minuten\" \/>\n<script type=\"application\/ld+json\" class=\"yoast-schema-graph\">{\"@context\":\"https:\\\/\\\/schema.org\",\"@graph\":[{\"@type\":\"WebPage\",\"@id\":\"https:\\\/\\\/www.casavivagarda.com\\\/de\\\/zimmer-okoferien-gardasee\\\/\",\"url\":\"https:\\\/\\\/www.casavivagarda.com\\\/de\\\/zimmer-okoferien-gardasee\\\/\",\"name\":\"Zimmer aus Stroh, Lehm und Holz im Casa Viva am Gardasee | nachhaltiger Urlaub\",\"isPartOf\":{\"@id\":\"https:\\\/\\\/www.casavivagarda.com\\\/de\\\/#website\"},\"primaryImageOfPage\":{\"@id\":\"https:\\\/\\\/www.casavivagarda.com\\\/de\\\/zimmer-okoferien-gardasee\\\/#primaryimage\"},\"image\":{\"@id\":\"https:\\\/\\\/www.casavivagarda.com\\\/de\\\/zimmer-okoferien-gardasee\\\/#primaryimage\"},\"thumbnailUrl\":\"https:\\\/\\\/www.casavivagarda.com\\\/wp-content\\\/uploads\\\/2022\\\/06\\\/camere-eco-casa-viva-garda.jpeg\",\"datePublished\":\"2022-06-08T16:03:10+00:00\",\"dateModified\":\"2026-06-16T07:11:29+00:00\",\"description\":\"Im Casa Viva findest du 8 Zimmer aus Tannen- und L\u00e4rchenholz, Stroh und Lehm. Es sind helle Zimmer mit weichen und freundlichen Farben und dem Duft von Natur.\",\"breadcrumb\":{\"@id\":\"https:\\\/\\\/www.casavivagarda.com\\\/de\\\/zimmer-okoferien-gardasee\\\/#breadcrumb\"},\"inLanguage\":\"de\",\"potentialAction\":[{\"@type\":\"ReadAction\",\"target\":[\"https:\\\/\\\/www.casavivagarda.com\\\/de\\\/zimmer-okoferien-gardasee\\\/\"]}]},{\"@type\":\"ImageObject\",\"inLanguage\":\"de\",\"@id\":\"https:\\\/\\\/www.casavivagarda.com\\\/de\\\/zimmer-okoferien-gardasee\\\/#primaryimage\",\"url\":\"https:\\\/\\\/www.casavivagarda.com\\\/wp-content\\\/uploads\\\/2022\\\/06\\\/camere-eco-casa-viva-garda.jpeg\",\"contentUrl\":\"https:\\\/\\\/www.casavivagarda.com\\\/wp-content\\\/uploads\\\/2022\\\/06\\\/camere-eco-casa-viva-garda.jpeg\",\"width\":1105,\"height\":995,\"caption\":\"Camere Eco Casa Viva Garda\"},{\"@type\":\"BreadcrumbList\",\"@id\":\"https:\\\/\\\/www.casavivagarda.com\\\/de\\\/zimmer-okoferien-gardasee\\\/#breadcrumb\",\"itemListElement\":[{\"@type\":\"ListItem\",\"position\":1,\"name\":\"Home\",\"item\":\"https:\\\/\\\/www.casavivagarda.com\\\/de\\\/\"},{\"@type\":\"ListItem\",\"position\":2,\"name\":\"naturzimmer\"}]},{\"@type\":\"WebSite\",\"@id\":\"https:\\\/\\\/www.casavivagarda.com\\\/de\\\/#website\",\"url\":\"https:\\\/\\\/www.casavivagarda.com\\\/de\\\/\",\"name\":\"Casa Viva\",\"description\":\"eco sleep \u2022 bio pool\",\"potentialAction\":[{\"@type\":\"SearchAction\",\"target\":{\"@type\":\"EntryPoint\",\"urlTemplate\":\"https:\\\/\\\/www.casavivagarda.com\\\/de\\\/?s={search_term_string}\"},\"query-input\":{\"@type\":\"PropertyValueSpecification\",\"valueRequired\":true,\"valueName\":\"search_term_string\"}}],\"inLanguage\":\"de\"}]}<\/script>\n<!-- \/ Yoast SEO plugin. -->","yoast_head_json":{"title":"Zimmer aus Stroh, Lehm und Holz im Casa Viva am Gardasee | nachhaltiger Urlaub","description":"Im Casa Viva findest du 8 Zimmer aus Tannen- und L\u00e4rchenholz, Stroh und Lehm. Es sind helle Zimmer mit weichen und freundlichen Farben und dem Duft von Natur.","robots":{"index":"index","follow":"follow","max-snippet":"max-snippet:-1","max-image-preview":"max-image-preview:large","max-video-preview":"max-video-preview:-1"},"canonical":"https:\/\/www.casavivagarda.com\/de\/zimmer-okoferien-gardasee\/","og_locale":"de_DE","og_type":"article","og_title":"Zimmer aus Stroh, Lehm und Holz im Casa Viva am Gardasee | nachhaltiger Urlaub","og_description":"Im Casa Viva findest du 8 Zimmer aus Tannen- und L\u00e4rchenholz, Stroh und Lehm. Es sind helle Zimmer mit weichen und freundlichen Farben und dem Duft von Natur.","og_url":"https:\/\/www.casavivagarda.com\/de\/zimmer-okoferien-gardasee\/","og_site_name":"Casa Viva","article_modified_time":"2026-06-16T07:11:29+00:00","og_image":[{"width":1105,"height":995,"url":"https:\/\/www.casavivagarda.com\/wp-content\/uploads\/2022\/06\/camere-eco-casa-viva-garda.jpeg","type":"image\/jpeg"}],"twitter_card":"summary_large_image","twitter_misc":{"Gesch\u00e4tzte Lesezeit":"8\u00a0Minuten"},"schema":{"@context":"https:\/\/schema.org","@graph":[{"@type":"WebPage","@id":"https:\/\/www.casavivagarda.com\/de\/zimmer-okoferien-gardasee\/","url":"https:\/\/www.casavivagarda.com\/de\/zimmer-okoferien-gardasee\/","name":"Zimmer aus Stroh, Lehm und Holz im Casa Viva am Gardasee | nachhaltiger Urlaub","isPartOf":{"@id":"https:\/\/www.casavivagarda.com\/de\/#website"},"primaryImageOfPage":{"@id":"https:\/\/www.casavivagarda.com\/de\/zimmer-okoferien-gardasee\/#primaryimage"},"image":{"@id":"https:\/\/www.casavivagarda.com\/de\/zimmer-okoferien-gardasee\/#primaryimage"},"thumbnailUrl":"https:\/\/www.casavivagarda.com\/wp-content\/uploads\/2022\/06\/camere-eco-casa-viva-garda.jpeg","datePublished":"2022-06-08T16:03:10+00:00","dateModified":"2026-06-16T07:11:29+00:00","description":"Im Casa Viva findest du 8 Zimmer aus Tannen- und L\u00e4rchenholz, Stroh und Lehm. Es sind helle Zimmer mit weichen und freundlichen Farben und dem Duft von Natur.","breadcrumb":{"@id":"https:\/\/www.casavivagarda.com\/de\/zimmer-okoferien-gardasee\/#breadcrumb"},"inLanguage":"de","potentialAction":[{"@type":"ReadAction","target":["https:\/\/www.casavivagarda.com\/de\/zimmer-okoferien-gardasee\/"]}]},{"@type":"ImageObject","inLanguage":"de","@id":"https:\/\/www.casavivagarda.com\/de\/zimmer-okoferien-gardasee\/#primaryimage","url":"https:\/\/www.casavivagarda.com\/wp-content\/uploads\/2022\/06\/camere-eco-casa-viva-garda.jpeg","contentUrl":"https:\/\/www.casavivagarda.com\/wp-content\/uploads\/2022\/06\/camere-eco-casa-viva-garda.jpeg","width":1105,"height":995,"caption":"Camere Eco Casa Viva Garda"},{"@type":"BreadcrumbList","@id":"https:\/\/www.casavivagarda.com\/de\/zimmer-okoferien-gardasee\/#breadcrumb","itemListElement":[{"@type":"ListItem","position":1,"name":"Home","item":"https:\/\/www.casavivagarda.com\/de\/"},{"@type":"ListItem","position":2,"name":"naturzimmer"}]},{"@type":"WebSite","@id":"https:\/\/www.casavivagarda.com\/de\/#website","url":"https:\/\/www.casavivagarda.com\/de\/","name":"Casa Viva","description":"eco sleep \u2022 bio pool","potentialAction":[{"@type":"SearchAction","target":{"@type":"EntryPoint","urlTemplate":"https:\/\/www.casavivagarda.com\/de\/?s={search_term_string}"},"query-input":{"@type":"PropertyValueSpecification","valueRequired":true,"valueName":"search_term_string"}}],"inLanguage":"de"}]}},"_links":{"self":[{"href":"https:\/\/www.casavivagarda.com\/de\/wp-json\/wp\/v2\/pages\/3391","targetHints":{"allow":["GET"]}}],"collection":[{"href":"https:\/\/www.casavivagarda.com\/de\/wp-json\/wp\/v2\/pages"}],"about":[{"href":"https:\/\/www.casavivagarda.com\/de\/wp-json\/wp\/v2\/types\/page"}],"author":[{"embeddable":true,"href":"https:\/\/www.casavivagarda.com\/de\/wp-json\/wp\/v2\/users\/1"}],"replies":[{"embeddable":true,"href":"https:\/\/www.casavivagarda.com\/de\/wp-json\/wp\/v2\/comments?post=3391"}],"version-history":[{"count":2,"href":"https:\/\/www.casavivagarda.com\/de\/wp-json\/wp\/v2\/pages\/3391\/revisions"}],"predecessor-version":[{"id":7178,"href":"https:\/\/www.casavivagarda.com\/de\/wp-json\/wp\/v2\/pages\/3391\/revisions\/7178"}],"wp:featuredmedia":[{"embeddable":true,"href":"https:\/\/www.casavivagarda.com\/de\/wp-json\/wp\/v2\/media\/2834"}],"wp:attachment":[{"href":"https:\/\/www.casavivagarda.com\/de\/wp-json\/wp\/v2\/media?parent=3391"}],"curies":[{"name":"wp","href":"https:\/\/api.w.org\/{rel}","templated":true}]}}