{"id":3386,"date":"2022-06-08T18:03:10","date_gmt":"2022-06-08T16:03:10","guid":{"rendered":"https:\/\/www.casavivagarda.com\/maneggio-corti-gardesane\/"},"modified":"2022-07-21T23:07:30","modified_gmt":"2022-07-21T21:07:30","slug":"reitschule-corti-gardesane","status":"publish","type":"page","link":"https:\/\/www.casavivagarda.com\/de\/reitschule-corti-gardesane\/","title":{"rendered":"naturreitschule"},"content":{"rendered":"\n<div class=\"wp-block-jetpack-layout-grid column1-desktop-grid__span-5 column1-desktop-grid__row-1 column2-desktop-grid__span-5 column2-desktop-grid__start-7 column2-desktop-grid__row-1 column1-tablet-grid__span-4 column1-tablet-grid__row-1 column2-tablet-grid__span-4 column2-tablet-grid__start-5 column2-tablet-grid__row-1 column1-mobile-grid__span-4 column1-mobile-grid__row-1 column2-mobile-grid__span-4 column2-mobile-grid__row-2 wp-block-jetpack-layout-gutter__nowrap wp-block-jetpack-layout-gutter__medium\">\n<div class=\"wp-block-jetpack-layout-grid-column wp-block-jetpack-layout-grid__padding-none\">\n<figure class=\"wp-block-image size-full\"><img loading=\"lazy\" decoding=\"async\" width=\"750\" height=\"1000\" src=\"https:\/\/www.casavivagarda.com\/wp-content\/uploads\/2022\/07\/naturreitschule-gardasee.jpeg\" alt=\"\u00d6kologisch Naturreitschule in Garda\" class=\"wp-image-3017\" srcset=\"https:\/\/www.casavivagarda.com\/wp-content\/uploads\/2022\/07\/naturreitschule-gardasee.jpeg 750w, https:\/\/www.casavivagarda.com\/wp-content\/uploads\/2022\/07\/naturreitschule-gardasee-225x300.jpeg 225w\" sizes=\"auto, (max-width: 750px) 100vw, 750px\" \/><\/figure>\n<\/div>\n\n\n\n<div class=\"wp-block-jetpack-layout-grid-column wp-block-jetpack-layout-grid__padding-none\">\n<h2 class=\"wp-block-heading\">Stark, neugierig und sehr intelligent<\/h2>\n\n\n\n<p>Pferde sind starke, neugierige und sehr intelligente Tiere, die offen ihre Emotionen zeigen.&nbsp;<\/p>\n\n\n\n<p>Sie sind friedlicher Natur und entwickeln zudem eine sehr starke Bindung zu ihren Artgenossen in ihrer Herde.<\/p>\n<\/div>\n<\/div>\n\n\n\n<div class=\"wp-block-jetpack-layout-grid column1-desktop-grid__span-3 column1-desktop-grid__row-1 column2-desktop-grid__span-6 column2-desktop-grid__start-5 column2-desktop-grid__row-1 column1-tablet-grid__span-4 column1-tablet-grid__row-1 column2-tablet-grid__span-4 column2-tablet-grid__start-5 column2-tablet-grid__row-1 column1-mobile-grid__span-4 column1-mobile-grid__row-1 column2-mobile-grid__span-4 column2-mobile-grid__row-2\">\n<div class=\"wp-block-jetpack-layout-grid-column wp-block-jetpack-layout-grid__padding-none\">\n<figure class=\"wp-block-image size-full is-style-rounded paragraph-side-image\"><img loading=\"lazy\" decoding=\"async\" width=\"515\" height=\"515\" src=\"https:\/\/www.casavivagarda.com\/wp-content\/uploads\/2022\/07\/cavallo-maneggio-corti-gardesane.jpg\" alt=\"Cavallo del Maneggio Corti Gardesane a Garda\" class=\"wp-image-2870\" srcset=\"https:\/\/www.casavivagarda.com\/wp-content\/uploads\/2022\/07\/cavallo-maneggio-corti-gardesane.jpg 515w, https:\/\/www.casavivagarda.com\/wp-content\/uploads\/2022\/07\/cavallo-maneggio-corti-gardesane-300x300.jpg 300w, https:\/\/www.casavivagarda.com\/wp-content\/uploads\/2022\/07\/cavallo-maneggio-corti-gardesane-150x150.jpg 150w, https:\/\/www.casavivagarda.com\/wp-content\/uploads\/2022\/07\/cavallo-maneggio-corti-gardesane-400x400.jpg 400w\" sizes=\"auto, (max-width: 515px) 100vw, 515px\" \/><\/figure>\n<\/div>\n\n\n\n<div class=\"wp-block-jetpack-layout-grid-column wp-block-jetpack-layout-grid__padding-none\">\n<p>Pferde sind sanftm\u00fctig und geduldig mit uns Menschen, wenn wir uns ihnen gegen\u00fcber&nbsp; entschlossen zeigen und sie zugleich mit viel F\u00fcrsorge und Aufmerksamkeit behandeln.&nbsp;<\/p>\n\n\n\n<p>Diese wundervollen Vierbeiner k\u00f6nnen zu treuen Freunden werden, wenn man ihnen gen\u00fcgend Zeit und Raum gibt, uns Menschen n\u00e4her kennenzulernen.<\/p>\n<\/div>\n<\/div>\n\n\n\n<div class=\"wp-block-jetpack-layout-grid column1-desktop-grid__span-8 column1-desktop-grid__start-3 column1-desktop-grid__row-1 column1-tablet-grid__span-8 column1-tablet-grid__row-1 column1-mobile-grid__span-4 column1-mobile-grid__row-1\">\n<div class=\"wp-block-jetpack-layout-grid-column wp-block-jetpack-layout-grid__padding-none\">\n<figure class=\"wp-block-image size-full\"><img loading=\"lazy\" decoding=\"async\" width=\"884\" height=\"884\" src=\"https:\/\/www.casavivagarda.com\/wp-content\/uploads\/2022\/06\/maneggio-cavalli-casa-viva-garda.jpeg\" alt=\"Naturreitschule Corti Gardesane \u2022 Gardasee\" class=\"wp-image-2800\" srcset=\"https:\/\/www.casavivagarda.com\/wp-content\/uploads\/2022\/06\/maneggio-cavalli-casa-viva-garda.jpeg 884w, https:\/\/www.casavivagarda.com\/wp-content\/uploads\/2022\/06\/maneggio-cavalli-casa-viva-garda-300x300.jpeg 300w, https:\/\/www.casavivagarda.com\/wp-content\/uploads\/2022\/06\/maneggio-cavalli-casa-viva-garda-150x150.jpeg 150w, https:\/\/www.casavivagarda.com\/wp-content\/uploads\/2022\/06\/maneggio-cavalli-casa-viva-garda-768x768.jpeg 768w, https:\/\/www.casavivagarda.com\/wp-content\/uploads\/2022\/06\/maneggio-cavalli-casa-viva-garda-400x400.jpeg 400w, https:\/\/www.casavivagarda.com\/wp-content\/uploads\/2022\/06\/maneggio-cavalli-casa-viva-garda-800x800.jpeg 800w\" sizes=\"auto, (max-width: 884px) 100vw, 884px\" \/><\/figure>\n<\/div>\n<\/div>\n\n\n\n<div class=\"c-prenota-lezione\" data-aos=\"fade-up\"><h2>Reitstunde buchen<\/h2><div class=\"wp-container-1 wp-block-buttons\"><div class=\"wp-block-button\"><a href=\"tel:+393886564136\" class=\"wp-block-button__link\">Asya<br>+39 388 656 4136<\/a><\/div><div class=\"wp-block-button\"><a href=\"tel:+393483158207\" class=\"wp-block-button__link\">Marco<br>+39 348 315 8207<\/a><\/div><\/div>\n<div class=\"wpcf7 no-js\" id=\"wpcf7-f3024-o1\" lang=\"it-IT\" dir=\"ltr\" data-wpcf7-id=\"3024\">\n<div class=\"screen-reader-response\"><p role=\"status\" aria-live=\"polite\" aria-atomic=\"true\"><\/p> <ul><\/ul><\/div>\n<form action=\"\/de\/wp-json\/wp\/v2\/pages\/3386#wpcf7-f3024-o1\" method=\"post\" class=\"wpcf7-form init wpcf7-acceptance-as-validation\" aria-label=\"Modulo di contatto\" novalidate=\"novalidate\" data-status=\"init\">\n<fieldset class=\"hidden-fields-container\"><input type=\"hidden\" name=\"_wpcf7\" value=\"3024\" \/><input type=\"hidden\" name=\"_wpcf7_version\" value=\"6.1.6\" \/><input type=\"hidden\" name=\"_wpcf7_locale\" value=\"it_IT\" \/><input type=\"hidden\" name=\"_wpcf7_unit_tag\" value=\"wpcf7-f3024-o1\" \/><input type=\"hidden\" name=\"_wpcf7_container_post\" value=\"0\" \/><input type=\"hidden\" name=\"_wpcf7_posted_data_hash\" value=\"\" \/><input type=\"hidden\" name=\"_wpcf7dtx_version\" value=\"5.0.7\" \/>\n<\/fieldset>\n<div class=\"wpcf7-response-output\" aria-hidden=\"true\"><\/div>\n<div class=\"row\">\n\t<div class=\"col-sm-6\">\n\t\t<p class=\"nome\"><span class=\"placeholder-alt\">Name (*)<\/span><br \/>\n<span class=\"wpcf7-form-control-wrap\" data-name=\"nome\"><input size=\"40\" maxlength=\"400\" class=\"wpcf7-form-control wpcf7-text wpcf7-validates-as-required\" aria-required=\"true\" aria-invalid=\"false\" value=\"\" type=\"text\" name=\"nome\" \/><\/span>\n\t\t<\/p>\n\t<\/div>\n\t<div class=\"col-sm-6\">\n\t\t<p class=\"cognome\"><span class=\"placeholder-alt\">Nachname (*)<\/span><br \/>\n<span class=\"wpcf7-form-control-wrap\" data-name=\"cognome\"><input size=\"40\" maxlength=\"400\" class=\"wpcf7-form-control wpcf7-text wpcf7-validates-as-required\" aria-required=\"true\" aria-invalid=\"false\" value=\"\" type=\"text\" name=\"cognome\" \/><\/span>\n\t\t<\/p>\n\t<\/div>\n<\/div>\n<div class=\"row\">\n\t<div class=\"col-sm-6\">\n\t\t<p class=\"email\"><span class=\"placeholder-alt\">Email (*)<\/span><br \/>\n<span class=\"wpcf7-form-control-wrap\" data-name=\"email\"><input size=\"40\" maxlength=\"400\" class=\"wpcf7-form-control wpcf7-email wpcf7-validates-as-required wpcf7-text wpcf7-validates-as-email\" aria-required=\"true\" aria-invalid=\"false\" value=\"\" type=\"email\" name=\"email\" \/><\/span>\n\t\t<\/p>\n\t<\/div>\n\t<div class=\"col-sm-6\">\n\t\t<p class=\"tel\"><span class=\"placeholder-alt\"> Telefonnummer <\/span><br \/>\n<span class=\"wpcf7-form-control-wrap\" data-name=\"tel\"><input size=\"40\" maxlength=\"400\" class=\"wpcf7-form-control wpcf7-tel wpcf7-text wpcf7-validates-as-tel\" aria-invalid=\"false\" value=\"\" type=\"tel\" name=\"tel\" \/><\/span>\n\t\t<\/p>\n\t<\/div>\n<\/div>\n<div class=\"row\">\n\t<div class=\"col-sm-6\">\n\t\t<p class=\"arrivo\"><span class=\"placeholder-alt\">Wann (*)<\/span><br \/>\n<span class=\"wpcf7-form-control-wrap\" data-name=\"data-lezione\"><input size=\"40\" maxlength=\"400\" class=\"wpcf7-form-control wpcf7-text wpcf7-validates-as-required wpcf7-date\" id=\"data-lezione\" autocomplete=\"off\" aria-required=\"true\" aria-invalid=\"false\" value=\"\" type=\"text\" name=\"data-lezione\" \/><\/span>\n\t\t<\/p>\n\t<\/div>\n\t<div class=\"col-sm-6\">\n\t\t<p class=\"persone\"><span class=\"placeholder-alt\"> Personen (*)<\/span><br \/>\n<span class=\"wpcf7-form-control-wrap\" data-name=\"persone\"><input class=\"wpcf7-form-control wpcf7-number wpcf7-validates-as-required wpcf7-validates-as-number\" min=\"0\" aria-required=\"true\" aria-invalid=\"false\" value=\"\" type=\"number\" name=\"persone\" \/><\/span>\n\t\t<\/p>\n\t<\/div>\n<\/div>\n<div class=\"row\">\n\t<div class=\"col-sm-12\">\n\t\t<p class=\"messaggio\"><span class=\"placeholder-alt\">Meldungen und hinweise<\/span>\n\t\t<\/p>\n\t\t<p><span class=\"wpcf7-form-control-wrap\" data-name=\"messaggio\"><textarea cols=\"40\" rows=\"3\" maxlength=\"2000\" class=\"wpcf7-form-control wpcf7-textarea\" aria-invalid=\"false\" name=\"messaggio\"><\/textarea><\/span>\n\t\t<\/p>\n\t\t<p>Privacy:\n\t\t<\/p>\n\t\t<div class=\"checkbox\">\n\t\t\t<p><span class=\"wpcf7-form-control-wrap\" data-name=\"privacy\"><span class=\"wpcf7-form-control wpcf7-acceptance\"><span class=\"wpcf7-list-item\"><input type=\"checkbox\" name=\"privacy\" value=\"1\" aria-invalid=\"false\" \/><\/span><\/span><\/span><label class=\"privacy-text\">Ich akzeptiere Ihre <a href=\"https:\/\/www.iubenda.com\/privacy-policy\/28012972\" class=\"iubenda-nostyle iubenda-noiframe iubenda-embed iubenda-noiframe \" title=\"Privacy Policy \">Privacy Policy<\/a><script type=\"text\/javascript\">(function (w,d) {var loader = function () {var s = d.createElement(\"script\"), tag = d.getElementsByTagName(\"script\")[0]; s.src=\"https:\/\/cdn.iubenda.com\/iubenda.js\"; tag.parentNode.insertBefore(s,tag);}; if(w.addEventListener){w.addEventListener(\"load\", loader, false);}else if(w.attachEvent){w.attachEvent(\"onload\", loader);}else{w.onload = loader;}})(window, document);<\/script><\/label>\n\t\t\t<\/p>\n\t\t<\/div>\n\t<\/div>\n<\/div>\n<div class=\"wpcf7-response-output\" aria-hidden=\"true\"><\/div>\n<div class=\"row submit-button-row\">\n\t<div class=\"col-sm-12\">\n\t\t<p><input class=\"wpcf7-form-control wpcf7-submit has-spinner\" type=\"submit\" value=\"Senden\" \/>\n\t\t<\/p>\n\t<\/div>\n<\/div>\n<\/form>\n<\/div>\n<\/div><script type=\"text\/javascript\">jQuery('.wpcf7-date').datepicker({language: 'de', dateFormat: 'dd\/mm\/yyyy'});<\/script>\n","protected":false},"excerpt":{"rendered":"<p>Stark, neugierig und sehr intelligent Pferde sind starke, neugierige und sehr intelligente Tiere, die offen ihre Emotionen zeigen.&nbsp; Sie sind friedlicher Natur und entwickeln zudem eine sehr starke Bindung zu ihren Artgenossen in ihrer Herde. Pferde sind sanftm\u00fctig und geduldig mit uns Menschen, wenn wir uns ihnen gegen\u00fcber&nbsp; entschlossen zeigen und sie zugleich mit viel&hellip;<\/p>\n","protected":false},"author":1,"featured_media":0,"parent":0,"menu_order":5,"comment_status":"closed","ping_status":"closed","template":"","meta":{"_acf_changed":false,"inline_featured_image":false,"footnotes":""},"class_list":["post-3386","page","type-page","status-publish","hentry"],"acf":[],"yoast_head":"<!-- This site is optimized with the Yoast SEO plugin v28.2 - https:\/\/yoast.com\/product\/yoast-seo-wordpress\/ -->\n<title>Naturreitschule Corti Gardesane: Reitunterricht und Ausritte auf dem Monte Baldo<\/title>\n<meta name=\"description\" content=\"In unserer Naturreitschule \u201cCorti Gardesane\u201d organisieren wir f\u00fcr Anf\u00e4nger und Fortgeschrittene Reitunterricht im Englischen Reitstil sowie Ausritte auf dem Monte Baldo.\" \/>\n<meta name=\"robots\" content=\"index, follow, max-snippet:-1, max-image-preview:large, max-video-preview:-1\" \/>\n<link rel=\"canonical\" href=\"https:\/\/www.casavivagarda.com\/de\/reitschule-corti-gardesane\/\" \/>\n<meta property=\"og:locale\" content=\"de_DE\" \/>\n<meta property=\"og:type\" content=\"article\" \/>\n<meta property=\"og:title\" content=\"Naturreitschule Corti Gardesane: Reitunterricht und Ausritte auf dem Monte Baldo\" \/>\n<meta property=\"og:description\" content=\"In unserer Naturreitschule \u201cCorti Gardesane\u201d organisieren wir f\u00fcr Anf\u00e4nger und Fortgeschrittene Reitunterricht im Englischen Reitstil sowie Ausritte auf dem Monte Baldo.\" \/>\n<meta property=\"og:url\" content=\"https:\/\/www.casavivagarda.com\/de\/reitschule-corti-gardesane\/\" \/>\n<meta property=\"og:site_name\" content=\"Casa Viva\" \/>\n<meta property=\"article:modified_time\" content=\"2022-07-21T21:07:30+00:00\" \/>\n<meta property=\"og:image\" content=\"https:\/\/www.casavivagarda.com\/wp-content\/uploads\/2022\/07\/naturreitschule-gardasee.jpeg\" \/>\n<meta name=\"twitter:card\" content=\"summary_large_image\" \/>\n<meta name=\"twitter:label1\" content=\"Gesch\u00e4tzte Lesezeit\" \/>\n\t<meta name=\"twitter:data1\" content=\"2\u00a0Minuten\" \/>\n<script type=\"application\/ld+json\" class=\"yoast-schema-graph\">{\"@context\":\"https:\\\/\\\/schema.org\",\"@graph\":[{\"@type\":\"WebPage\",\"@id\":\"https:\\\/\\\/www.casavivagarda.com\\\/de\\\/reitschule-corti-gardesane\\\/\",\"url\":\"https:\\\/\\\/www.casavivagarda.com\\\/de\\\/reitschule-corti-gardesane\\\/\",\"name\":\"Naturreitschule Corti Gardesane: Reitunterricht und Ausritte auf dem Monte Baldo\",\"isPartOf\":{\"@id\":\"https:\\\/\\\/www.casavivagarda.com\\\/de\\\/#website\"},\"primaryImageOfPage\":{\"@id\":\"https:\\\/\\\/www.casavivagarda.com\\\/de\\\/reitschule-corti-gardesane\\\/#primaryimage\"},\"image\":{\"@id\":\"https:\\\/\\\/www.casavivagarda.com\\\/de\\\/reitschule-corti-gardesane\\\/#primaryimage\"},\"thumbnailUrl\":\"https:\\\/\\\/www.casavivagarda.com\\\/wp-content\\\/uploads\\\/2022\\\/07\\\/naturreitschule-gardasee.jpeg\",\"datePublished\":\"2022-06-08T16:03:10+00:00\",\"dateModified\":\"2022-07-21T21:07:30+00:00\",\"description\":\"In unserer Naturreitschule \u201cCorti Gardesane\u201d organisieren wir f\u00fcr Anf\u00e4nger und Fortgeschrittene Reitunterricht im Englischen Reitstil sowie Ausritte auf dem Monte Baldo.\",\"breadcrumb\":{\"@id\":\"https:\\\/\\\/www.casavivagarda.com\\\/de\\\/reitschule-corti-gardesane\\\/#breadcrumb\"},\"inLanguage\":\"de\",\"potentialAction\":[{\"@type\":\"ReadAction\",\"target\":[\"https:\\\/\\\/www.casavivagarda.com\\\/de\\\/reitschule-corti-gardesane\\\/\"]}]},{\"@type\":\"ImageObject\",\"inLanguage\":\"de\",\"@id\":\"https:\\\/\\\/www.casavivagarda.com\\\/de\\\/reitschule-corti-gardesane\\\/#primaryimage\",\"url\":\"https:\\\/\\\/www.casavivagarda.com\\\/wp-content\\\/uploads\\\/2022\\\/07\\\/naturreitschule-gardasee.jpeg\",\"contentUrl\":\"https:\\\/\\\/www.casavivagarda.com\\\/wp-content\\\/uploads\\\/2022\\\/07\\\/naturreitschule-gardasee.jpeg\"},{\"@type\":\"BreadcrumbList\",\"@id\":\"https:\\\/\\\/www.casavivagarda.com\\\/de\\\/reitschule-corti-gardesane\\\/#breadcrumb\",\"itemListElement\":[{\"@type\":\"ListItem\",\"position\":1,\"name\":\"Home\",\"item\":\"https:\\\/\\\/www.casavivagarda.com\\\/de\\\/\"},{\"@type\":\"ListItem\",\"position\":2,\"name\":\"naturreitschule\"}]},{\"@type\":\"WebSite\",\"@id\":\"https:\\\/\\\/www.casavivagarda.com\\\/de\\\/#website\",\"url\":\"https:\\\/\\\/www.casavivagarda.com\\\/de\\\/\",\"name\":\"Casa Viva\",\"description\":\"eco sleep \u2022 bio pool\",\"potentialAction\":[{\"@type\":\"SearchAction\",\"target\":{\"@type\":\"EntryPoint\",\"urlTemplate\":\"https:\\\/\\\/www.casavivagarda.com\\\/de\\\/?s={search_term_string}\"},\"query-input\":{\"@type\":\"PropertyValueSpecification\",\"valueRequired\":true,\"valueName\":\"search_term_string\"}}],\"inLanguage\":\"de\"}]}<\/script>\n<!-- \/ Yoast SEO plugin. -->","yoast_head_json":{"title":"Naturreitschule Corti Gardesane: Reitunterricht und Ausritte auf dem Monte Baldo","description":"In unserer Naturreitschule \u201cCorti Gardesane\u201d organisieren wir f\u00fcr Anf\u00e4nger und Fortgeschrittene Reitunterricht im Englischen Reitstil sowie Ausritte auf dem Monte Baldo.","robots":{"index":"index","follow":"follow","max-snippet":"max-snippet:-1","max-image-preview":"max-image-preview:large","max-video-preview":"max-video-preview:-1"},"canonical":"https:\/\/www.casavivagarda.com\/de\/reitschule-corti-gardesane\/","og_locale":"de_DE","og_type":"article","og_title":"Naturreitschule Corti Gardesane: Reitunterricht und Ausritte auf dem Monte Baldo","og_description":"In unserer Naturreitschule \u201cCorti Gardesane\u201d organisieren wir f\u00fcr Anf\u00e4nger und Fortgeschrittene Reitunterricht im Englischen Reitstil sowie Ausritte auf dem Monte Baldo.","og_url":"https:\/\/www.casavivagarda.com\/de\/reitschule-corti-gardesane\/","og_site_name":"Casa Viva","article_modified_time":"2022-07-21T21:07:30+00:00","og_image":[{"url":"https:\/\/www.casavivagarda.com\/wp-content\/uploads\/2022\/07\/naturreitschule-gardasee.jpeg","type":"","width":"","height":""}],"twitter_card":"summary_large_image","twitter_misc":{"Gesch\u00e4tzte Lesezeit":"2\u00a0Minuten"},"schema":{"@context":"https:\/\/schema.org","@graph":[{"@type":"WebPage","@id":"https:\/\/www.casavivagarda.com\/de\/reitschule-corti-gardesane\/","url":"https:\/\/www.casavivagarda.com\/de\/reitschule-corti-gardesane\/","name":"Naturreitschule Corti Gardesane: Reitunterricht und Ausritte auf dem Monte Baldo","isPartOf":{"@id":"https:\/\/www.casavivagarda.com\/de\/#website"},"primaryImageOfPage":{"@id":"https:\/\/www.casavivagarda.com\/de\/reitschule-corti-gardesane\/#primaryimage"},"image":{"@id":"https:\/\/www.casavivagarda.com\/de\/reitschule-corti-gardesane\/#primaryimage"},"thumbnailUrl":"https:\/\/www.casavivagarda.com\/wp-content\/uploads\/2022\/07\/naturreitschule-gardasee.jpeg","datePublished":"2022-06-08T16:03:10+00:00","dateModified":"2022-07-21T21:07:30+00:00","description":"In unserer Naturreitschule \u201cCorti Gardesane\u201d organisieren wir f\u00fcr Anf\u00e4nger und Fortgeschrittene Reitunterricht im Englischen Reitstil sowie Ausritte auf dem Monte Baldo.","breadcrumb":{"@id":"https:\/\/www.casavivagarda.com\/de\/reitschule-corti-gardesane\/#breadcrumb"},"inLanguage":"de","potentialAction":[{"@type":"ReadAction","target":["https:\/\/www.casavivagarda.com\/de\/reitschule-corti-gardesane\/"]}]},{"@type":"ImageObject","inLanguage":"de","@id":"https:\/\/www.casavivagarda.com\/de\/reitschule-corti-gardesane\/#primaryimage","url":"https:\/\/www.casavivagarda.com\/wp-content\/uploads\/2022\/07\/naturreitschule-gardasee.jpeg","contentUrl":"https:\/\/www.casavivagarda.com\/wp-content\/uploads\/2022\/07\/naturreitschule-gardasee.jpeg"},{"@type":"BreadcrumbList","@id":"https:\/\/www.casavivagarda.com\/de\/reitschule-corti-gardesane\/#breadcrumb","itemListElement":[{"@type":"ListItem","position":1,"name":"Home","item":"https:\/\/www.casavivagarda.com\/de\/"},{"@type":"ListItem","position":2,"name":"naturreitschule"}]},{"@type":"WebSite","@id":"https:\/\/www.casavivagarda.com\/de\/#website","url":"https:\/\/www.casavivagarda.com\/de\/","name":"Casa Viva","description":"eco sleep \u2022 bio pool","potentialAction":[{"@type":"SearchAction","target":{"@type":"EntryPoint","urlTemplate":"https:\/\/www.casavivagarda.com\/de\/?s={search_term_string}"},"query-input":{"@type":"PropertyValueSpecification","valueRequired":true,"valueName":"search_term_string"}}],"inLanguage":"de"}]}},"_links":{"self":[{"href":"https:\/\/www.casavivagarda.com\/de\/wp-json\/wp\/v2\/pages\/3386","targetHints":{"allow":["GET"]}}],"collection":[{"href":"https:\/\/www.casavivagarda.com\/de\/wp-json\/wp\/v2\/pages"}],"about":[{"href":"https:\/\/www.casavivagarda.com\/de\/wp-json\/wp\/v2\/types\/page"}],"author":[{"embeddable":true,"href":"https:\/\/www.casavivagarda.com\/de\/wp-json\/wp\/v2\/users\/1"}],"replies":[{"embeddable":true,"href":"https:\/\/www.casavivagarda.com\/de\/wp-json\/wp\/v2\/comments?post=3386"}],"version-history":[{"count":0,"href":"https:\/\/www.casavivagarda.com\/de\/wp-json\/wp\/v2\/pages\/3386\/revisions"}],"wp:attachment":[{"href":"https:\/\/www.casavivagarda.com\/de\/wp-json\/wp\/v2\/media?parent=3386"}],"curies":[{"name":"wp","href":"https:\/\/api.w.org\/{rel}","templated":true}]}}